{"id":309,"date":"2023-07-01T18:21:05","date_gmt":"2023-07-01T21:21:05","guid":{"rendered":"https:\/\/centrodeconvenciones.salta.gob.ar\/?page_id=309"},"modified":"2024-07-17T09:48:18","modified_gmt":"2024-07-17T12:48:18","slug":"destino-salta","status":"publish","type":"page","link":"https:\/\/centrodeconvenciones.salta.gob.ar\/?page_id=309","title":{"rendered":"Destino Salta"},"content":{"rendered":"<p>[et_pb_section fb_built=\u00bb1&#8243; admin_label=\u00bbHero Section\u00bb _builder_version=\u00bb4.24.3&#8243; background_color=\u00bb#e4e0dd\u00bb background_color_gradient_direction=\u00bb90deg\u00bb background_image=\u00bbhttps:\/\/centrodeconvenciones.salta.gob.ar\/wp-content\/uploads\/2024\/03\/CF_2018_010_Salta-1_5D4-3963-scaled.jpg\u00bb background_size=\u00bbcustom\u00bb background_image_width=\u00bb100%\u00bb background_image_height=\u00bb98%\u00bb background_position=\u00bbbottom_right\u00bb background_vertical_offset=\u00bb-21%\u00bb height=\u00bb600px\u00bb custom_margin=\u00bb|||\u00bb custom_padding=\u00bb110px|0px|50px|0px|false|false\u00bb da_disable_devices=\u00bboff|off|off\u00bb saved_tabs=\u00bball\u00bb global_colors_info=\u00bb{}\u00bb da_is_popup=\u00bboff\u00bb da_exit_intent=\u00bboff\u00bb da_has_close=\u00bbon\u00bb da_alt_close=\u00bboff\u00bb da_dark_close=\u00bboff\u00bb da_not_modal=\u00bbon\u00bb da_is_singular=\u00bboff\u00bb da_with_loader=\u00bboff\u00bb da_has_shadow=\u00bbon\u00bb][et_pb_row custom_padding_last_edited=\u00bboff|desktop\u00bb admin_label=\u00bbHero Area\u00bb _builder_version=\u00bb4.22.2&#8243; max_width=\u00bb100%\u00bb height=\u00bb100%\u00bb max_height=\u00bb100%\u00bb custom_margin=\u00bb||||false|false\u00bb custom_padding=\u00bb||||false|false\u00bb border_radii=\u00bbon|10px|10px|10px|10px\u00bb locked=\u00bboff\u00bb global_colors_info=\u00bb{}\u00bb][et_pb_column type=\u00bb4_4&#8243; _builder_version=\u00bb4.22.2&#8243; background_enable_color=\u00bboff\u00bb custom_padding=\u00bb|||\u00bb animation_direction=\u00bbleft\u00bb global_colors_info=\u00bb{}\u00bb custom_padding__hover=\u00bb|||\u00bb][et_pb_text admin_label=\u00bbHero Title\u00bb _builder_version=\u00bb4.24.2&#8243; text_font=\u00bbModelica-Bold|700|||||||\u00bb text_text_color=\u00bb#FFFFFF\u00bb text_font_size=\u00bb70px\u00bb text_letter_spacing=\u00bb2px\u00bb text_line_height=\u00bb1.8em\u00bb header_font=\u00bbModelica-Bold||||||||\u00bb header_font_size=\u00bb80px\u00bb header_letter_spacing=\u00bb-3px\u00bb header_line_height=\u00bb1.1em\u00bb z_index=\u00bb1&#8243; text_orientation=\u00bbcenter\u00bb background_layout=\u00bbdark\u00bb custom_margin=\u00bb50px||||false|false\u00bb custom_padding=\u00bb|||\u00bb animation_style=\u00bbzoom\u00bb animation_direction=\u00bbbottom\u00bb animation_starting_opacity=\u00bb100%\u00bb text_font_size_tablet=\u00bb60px\u00bb text_font_size_phone=\u00bb40px\u00bb text_font_size_last_edited=\u00bbon|phone\u00bb header_font_size_tablet=\u00bb\u00bb header_font_size_phone=\u00bb60px\u00bb header_font_size_last_edited=\u00bbon|phone\u00bb locked=\u00bboff\u00bb global_colors_info=\u00bb{}\u00bb]<\/p>\n<p>Destino Salta<\/p>\n<p>[\/et_pb_text][et_pb_text _builder_version=\u00bb4.24.2&#8243; _module_preset=\u00bbdefault\u00bb text_font=\u00bbModelica-Bold|700|||||||\u00bb text_text_color=\u00bbrgba(134,22,26,0.55)\u00bb text_font_size=\u00bb100px\u00bb text_letter_spacing=\u00bb3px\u00bb text_line_height=\u00bb1.8em\u00bb z_index=\u00bb0&#8243; text_orientation=\u00bbcenter\u00bb custom_margin=\u00bb-150px||||false|false\u00bb custom_margin_tablet=\u00bb-120px||||false|false\u00bb custom_margin_phone=\u00bb||||false|false\u00bb custom_margin_last_edited=\u00bbon|phone\u00bb animation_style=\u00bbzoom\u00bb text_font_size_tablet=\u00bb80px\u00bb text_font_size_phone=\u00bb40px\u00bb text_font_size_last_edited=\u00bbon|tablet\u00bb global_colors_info=\u00bb{}\u00bb]<\/p>\n<p>Destino Salta<\/p>\n<p>[\/et_pb_text][\/et_pb_column][\/et_pb_row][et_pb_row _builder_version=\u00bb4.24.2&#8243; _module_preset=\u00bbdefault\u00bb width=\u00bb85%\u00bb max_width=\u00bb90%\u00bb custom_margin=\u00bb||||false|false\u00bb custom_padding=\u00bb20px||||false|false\u00bb locked=\u00bboff\u00bb global_colors_info=\u00bb{}\u00bb][et_pb_column type=\u00bb4_4&#8243; _builder_version=\u00bb4.24.2&#8243; _module_preset=\u00bbdefault\u00bb global_colors_info=\u00bb{}\u00bb][et_pb_text _builder_version=\u00bb4.26.1&#8243; text_font=\u00bbModelica-Regular||||||||\u00bb text_text_color=\u00bb#FFFFFF\u00bb text_font_size=\u00bb17px\u00bb text_line_height=\u00bb1.8em\u00bb header_font=\u00bb||||||||\u00bb header_text_align=\u00bbcenter\u00bb text_orientation=\u00bbcenter\u00bb background_layout=\u00bbdark\u00bb max_width=\u00bb100%\u00bb custom_margin=\u00bb||||false|false\u00bb custom_padding=\u00bb||||false|false\u00bb animation_style=\u00bbslide\u00bb animation_direction=\u00bbtop\u00bb animation_starting_opacity=\u00bb100%\u00bb hover_enabled=\u00bb0&#8243; box_shadow_style=\u00bbpreset6&#8243; box_shadow_horizontal=\u00bb80px\u00bb box_shadow_vertical=\u00bb80px\u00bb box_shadow_blur=\u00bb22px\u00bb box_shadow_spread=\u00bb60px\u00bb box_shadow_color=\u00bbrgba(0,0,0,0.6)\u00bb global_colors_info=\u00bb{}\u00bb custom_margin_last_edited=\u00bbon|phone\u00bb sticky_enabled=\u00bb0&#8243; custom_margin_tablet=\u00bb-30px||||false|false\u00bb custom_margin_phone=\u00bb-40px||||false|false\u00bb text_font_size_last_edited=\u00bbon|phone\u00bb text_font_size_phone=\u00bb13px\u00bb text_font_size_tablet=\u00bb17px\u00bb]<\/p>\n<p>Con una variada oferta de servicios y atractivos tur\u00edsticos, el Destino Salta es el escenario perfecto para realizar todo tipo de eventos y reuniones exitosas.<\/p>\n<p>[\/et_pb_text][\/et_pb_column][\/et_pb_row][\/et_pb_section][et_pb_section fb_built=\u00bb1&#8243; admin_label=\u00bbSection\u00bb _builder_version=\u00bb4.23&#8243; _module_preset=\u00bbdefault\u00bb background_color=\u00bbRGBA(255,255,255,0)\u00bb use_background_color_gradient=\u00bbon\u00bb background_color_gradient_stops=\u00bb#afafae 20%|#eaebe6 30%\u00bb background_image=\u00bbhttps:\/\/centrodeconvenciones.salta.gob.ar\/wp-content\/uploads\/2023\/07\/america-latina-salta.png\u00bb background_size=\u00bbcustom\u00bb background_image_width=\u00bb0%\u00bb background_image_height=\u00bb100%\u00bb background_position=\u00bbbottom_right\u00bb background_horizontal_offset=\u00bb3%\u00bb background_vertical_offset=\u00bb100%\u00bb da_disable_devices=\u00bboff|off|off\u00bb global_colors_info=\u00bb{}\u00bb da_is_popup=\u00bboff\u00bb da_exit_intent=\u00bboff\u00bb da_has_close=\u00bbon\u00bb da_alt_close=\u00bboff\u00bb da_dark_close=\u00bboff\u00bb da_not_modal=\u00bbon\u00bb da_is_singular=\u00bboff\u00bb da_with_loader=\u00bboff\u00bb da_has_shadow=\u00bbon\u00bb][et_pb_row column_structure=\u00bb2_3,1_3&#8243; module_id=\u00bbSalta\u00bb _builder_version=\u00bb4.23&#8243; _module_preset=\u00bbdefault\u00bb custom_margin_tablet=\u00bb150px||||false|false\u00bb custom_margin_phone=\u00bb230px||||false|false\u00bb custom_margin_last_edited=\u00bbon|phone\u00bb global_colors_info=\u00bb{}\u00bb][et_pb_column type=\u00bb2_3&#8243; _builder_version=\u00bb4.21.0&#8243; _module_preset=\u00bbdefault\u00bb global_colors_info=\u00bb{}\u00bb][et_pb_blurb title=\u00bb\u00bfPor qu\u00e9 Salta?\u00bb _builder_version=\u00bb4.24.2&#8243; _module_preset=\u00bbdefault\u00bb header_level=\u00bbh2&#8243; header_font=\u00bbModelica-Regular|600|||||||\u00bb header_text_color=\u00bb#000000&#8243; body_text_color=\u00bb#000000&#8243; body_font_size=\u00bb15px\u00bb custom_margin=\u00bb100px||||false|false\u00bb animation_style=\u00bbslide\u00bb global_colors_info=\u00bb{}\u00bb]<\/p>\n<p class=\"text-justify\" style=\"text-align: justify;\"><span class=\"font-weight-bold\">Salta<\/span> es atractiva como <span class=\"font-weight-bold\">Destino Sede de Eventos Internacionales y para el desarrollo del Turismo de Reuniones<\/span>, se encuentra estrat\u00e9gicamente ubicada en el coraz\u00f3n de Am\u00e9rica Latina, con excelentes oportunidades de conectividad, una comunidad hospitalaria y cordial, y una variada oferta de servicios profesional y en permanente actualizaci\u00f3n.<\/p>\n<p class=\"text-justify\" style=\"text-align: justify;\">La <span class=\"font-weight-bold\">diversidad paisaj\u00edstica y cultural as\u00ed como la tradici\u00f3n y gastronom\u00eda salte\u00f1a<\/span>, posibilitan que cada visitante pueda vivir experiencias \u00fanicas y memorables.<\/p>\n<p style=\"text-align: justify;\">Conozca m\u00e1s en:<\/p>\n<p style=\"text-align: justify;\"><a href=\"https:\/\/www.turismosalta.gov.ar\" target=\"_blank\" title=\"Ir al sitio web del Turismo en Salta, Argentina\" rel=\"noopener\">www.turismosalta.gov.ar<\/a><\/p>\n<p>[\/et_pb_blurb][\/et_pb_column][et_pb_column type=\u00bb1_3&#8243; _builder_version=\u00bb4.21.0&#8243; _module_preset=\u00bbdefault\u00bb global_colors_info=\u00bb{}\u00bb][\/et_pb_column][\/et_pb_row][\/et_pb_section][et_pb_section fb_built=\u00bb1&#8243; admin_label=\u00bbSection\u00bb _builder_version=\u00bb4.23&#8243; _module_preset=\u00bbdefault\u00bb background_color=\u00bb#eaebe6&#8243; background_image=\u00bbhttps:\/\/centrodeconvenciones.salta.gob.ar\/wp-content\/uploads\/2023\/10\/misc-7.png\u00bb background_size=\u00bbcontain\u00bb background_repeat=\u00bbrepeat\u00bb da_disable_devices=\u00bboff|off|off\u00bb global_colors_info=\u00bb{}\u00bb da_is_popup=\u00bboff\u00bb da_exit_intent=\u00bboff\u00bb da_has_close=\u00bbon\u00bb da_alt_close=\u00bboff\u00bb da_dark_close=\u00bboff\u00bb da_not_modal=\u00bbon\u00bb da_is_singular=\u00bboff\u00bb da_with_loader=\u00bboff\u00bb da_has_shadow=\u00bbon\u00bb][et_pb_row column_structure=\u00bb1_3,1_3,1_3&#8243; use_custom_gutter=\u00bbon\u00bb gutter_width=\u00bb2&#8243; make_equal=\u00bbon\u00bb _builder_version=\u00bb4.24.2&#8243; _module_preset=\u00bbdefault\u00bb width=\u00bb90%\u00bb max_width=\u00bb100%\u00bb custom_margin=\u00bb-100px||||false|false\u00bb global_colors_info=\u00bb{}\u00bb][et_pb_column type=\u00bb1_3&#8243; _builder_version=\u00bb4.21.0&#8243; _module_preset=\u00bbdefault\u00bb global_colors_info=\u00bb{}\u00bb][et_pb_blurb title=\u00bbUbicaci\u00f3n Geogr\u00e1fica\u00bb image=\u00bbhttps:\/\/centrodeconvenciones.salta.gob.ar\/wp-content\/uploads\/2024\/03\/RoU-42-scaled.jpg\u00bb _builder_version=\u00bb4.24.2&#8243; _module_preset=\u00bbdefault\u00bb header_font=\u00bbmonserrat-variablefont_wght|800|||||||\u00bb header_font_size=\u00bb20px\u00bb body_font=\u00bbModelica-Regular|600|||||||\u00bb body_text_align=\u00bbjustify\u00bb background_color=\u00bb#666666&#8243; text_orientation=\u00bbcenter\u00bb background_layout=\u00bbdark\u00bb height=\u00bb600px\u00bb custom_padding=\u00bb25px|30px|30px|30px|false|false\u00bb hover_transition_duration=\u00bb500ms\u00bb border_radii=\u00bbon|10px|10px|10px|10px\u00bb global_colors_info=\u00bb{}\u00bb border_radii__hover_enabled=\u00bbon|hover\u00bb border_radii__hover=\u00bbon|20px|20px|20px|20px\u00bb border_color_all__hover_enabled=\u00bbon|hover\u00bb border_color_all__hover=\u00bb#000000&#8243; background_color__hover=\u00bb#000000&#8243; background_enable_color__hover=\u00bbon\u00bb transform_styles__hover_enabled=\u00bbon|hover\u00bb background__hover_enabled=\u00bbon|hover\u00bb transform_scale__hover=\u00bb107%|107%\u00bb transform_scale__hover_enabled=\u00bbon|hover\u00bb transform_translate__hover_enabled=\u00bbon|hover\u00bb transform_rotate__hover_enabled=\u00bbon|hover\u00bb transform_skew__hover_enabled=\u00bbon|hover\u00bb transform_origin__hover_enabled=\u00bbon|hover\u00bb]<\/p>\n<p>La Provincia de Salta se encuentra en el centro de Sudam\u00e9rica, limitando con 3 pa\u00edses y 6 provincias. Dicha ubicaci\u00f3n le permite tener conectividad a\u00e9rea y terrestre con m\u00faltiples destinos.<br \/>El Aeropuerto Internacional Mart\u00edn Miguel de G\u00fcemes es la puerta de entrada m\u00e1s importante del noroeste del pa\u00eds que opera vuelos diarios a Buenos Aires y vuelos semanales a destinos nacionales e internacionales posibilitando la accesibilidad para visitantes de diversos pa\u00edses.<\/p>\n<p>[\/et_pb_blurb][\/et_pb_column][et_pb_column type=\u00bb1_3&#8243; _builder_version=\u00bb4.21.0&#8243; _module_preset=\u00bbdefault\u00bb global_colors_info=\u00bb{}\u00bb][et_pb_blurb title=\u00bbInfraestructura\u00bb image=\u00bbhttps:\/\/centrodeconvenciones.salta.gob.ar\/wp-content\/uploads\/2023\/11\/VERSATILIDAD-2.jpg\u00bb image_icon_width=\u00bb100%\u00bb _builder_version=\u00bb4.24.3&#8243; _module_preset=\u00bbdefault\u00bb header_font=\u00bbmonserrat-variablefont_wght|800|||||||\u00bb header_font_size=\u00bb20px\u00bb body_font=\u00bbModelica-Regular|600|||||||\u00bb body_text_align=\u00bbjustify\u00bb background_color=\u00bb#666666&#8243; text_orientation=\u00bbcenter\u00bb background_layout=\u00bbdark\u00bb height=\u00bb600px\u00bb custom_padding=\u00bb25px|30px|30px|30px|false|false\u00bb hover_transition_duration=\u00bb500ms\u00bb border_radii=\u00bbon|10px|10px|10px|10px\u00bb global_colors_info=\u00bb{}\u00bb border_radii__hover_enabled=\u00bbon|hover\u00bb border_radii__hover=\u00bbon|20px|20px|20px|20px\u00bb border_color_all__hover_enabled=\u00bbon|hover\u00bb border_color_all__hover=\u00bb#000000&#8243; background_color__hover=\u00bb#000000&#8243; background_enable_color__hover=\u00bbon\u00bb transform_styles__hover_enabled=\u00bbon|hover\u00bb background__hover_enabled=\u00bbon|hover\u00bb transform_scale__hover=\u00bb107%|107%\u00bb transform_scale__hover_enabled=\u00bbon|hover\u00bb transform_translate__hover_enabled=\u00bbon|hover\u00bb transform_rotate__hover_enabled=\u00bbon|hover\u00bb transform_skew__hover_enabled=\u00bbon|hover\u00bb transform_origin__hover_enabled=\u00bbon|hover\u00bb]<\/p>\n<p style=\"text-align: justify;\">Salta posee un amplio abanico de espacios para eventos de toda \u00edndole, contando con m\u00e1s de 20.000 m2 cubiertos, distribuidos entre salones, teatros y hoteles, as\u00ed como predios para albergar exposiciones de gran envergadura, festivales y eventos deportivos.<\/p>\n<p style=\"text-align: justify;\">[\/et_pb_blurb][\/et_pb_column][et_pb_column type=\u00bb1_3&#8243; _builder_version=\u00bb4.21.0&#8243; _module_preset=\u00bbdefault\u00bb global_colors_info=\u00bb{}\u00bb][et_pb_blurb title=\u00bbHospitalidad\u00bb image=\u00bbhttps:\/\/centrodeconvenciones.salta.gob.ar\/wp-content\/uploads\/2023\/07\/destino-salta-hospitalidad.jpg\u00bb image_icon_width=\u00bb88%\u00bb _builder_version=\u00bb4.24.3&#8243; _module_preset=\u00bbdefault\u00bb header_font=\u00bbmonserrat-variablefont_wght|800|||||||\u00bb header_font_size=\u00bb20px\u00bb body_font=\u00bbModelica-Regular|600|||||||\u00bb body_text_align=\u00bbjustify\u00bb background_color=\u00bb#666666&#8243; text_orientation=\u00bbcenter\u00bb background_layout=\u00bbdark\u00bb height=\u00bb600px\u00bb custom_padding=\u00bb25px|30px|30px|30px|false|false\u00bb hover_transition_duration=\u00bb500ms\u00bb border_radii=\u00bbon|10px|10px|10px|10px\u00bb global_colors_info=\u00bb{}\u00bb background_color__hover=\u00bb#000000&#8243; background_enable_color__hover=\u00bbon\u00bb border_radii__hover_enabled=\u00bbon|hover\u00bb border_radii__hover=\u00bbon|20px|20px|20px|20px\u00bb border_color_all__hover_enabled=\u00bbon|hover\u00bb border_color_all__hover=\u00bb#000000&#8243; transform_styles__hover_enabled=\u00bbon|hover\u00bb background__hover_enabled=\u00bbon|hover\u00bb transform_scale__hover=\u00bb107%|107%\u00bb transform_scale__hover_enabled=\u00bbon|hover\u00bb transform_translate__hover_enabled=\u00bbon|hover\u00bb transform_rotate__hover_enabled=\u00bbon|hover\u00bb transform_skew__hover_enabled=\u00bbon|hover\u00bb transform_origin__hover_enabled=\u00bbon|hover\u00bb]<\/p>\n<p style=\"text-align: justify;\">Cuenta con una gran infraestructura hotelera ofreciendo a los visitantes una amplia gama con m\u00e1s de 20.000 plazas en toda la provincia y m\u00e1s de 14.000 en Salta Capital, incluyendo 2.245 plazas en Hoteles 5* y 4* de cadenas de renombre internacional, para hospedar a los asistentes de congresos y convenciones.<\/p>\n<p style=\"text-align: justify;\">[\/et_pb_blurb][\/et_pb_column][\/et_pb_row][et_pb_row column_structure=\u00bb1_3,1_3,1_3&#8243; use_custom_gutter=\u00bbon\u00bb gutter_width=\u00bb2&#8243; make_equal=\u00bbon\u00bb _builder_version=\u00bb4.24.2&#8243; _module_preset=\u00bbdefault\u00bb width=\u00bb90%\u00bb max_width=\u00bb100%\u00bb global_colors_info=\u00bb{}\u00bb][et_pb_column type=\u00bb1_3&#8243; _builder_version=\u00bb4.23&#8243; _module_preset=\u00bbdefault\u00bb global_colors_info=\u00bb{}\u00bb][et_pb_blurb title=\u00bbProfesionalismo\u00bb image=\u00bbhttps:\/\/centrodeconvenciones.salta.gob.ar\/wp-content\/uploads\/2023\/12\/servicios.jpeg\u00bb _builder_version=\u00bb4.24.3&#8243; _module_preset=\u00bbdefault\u00bb header_font=\u00bbmonserrat-variablefont_wght|800|||||||\u00bb header_font_size=\u00bb20px\u00bb body_font=\u00bbModelica-Regular|600|||||||\u00bb body_text_align=\u00bbjustify\u00bb background_color=\u00bb#666666&#8243; text_orientation=\u00bbcenter\u00bb background_layout=\u00bbdark\u00bb height=\u00bb600px\u00bb custom_padding=\u00bb25px|30px|30px|30px|false|false\u00bb hover_transition_duration=\u00bb500ms\u00bb border_radii=\u00bbon|10px|10px|10px|10px\u00bb global_colors_info=\u00bb{}\u00bb border_radii__hover_enabled=\u00bbon|hover\u00bb border_radii__hover=\u00bbon|20px|20px|20px|20px\u00bb border_color_all__hover_enabled=\u00bbon|hover\u00bb border_color_all__hover=\u00bb#000000&#8243; background_color__hover=\u00bb#000000&#8243; background_enable_color__hover=\u00bbon\u00bb transform_styles__hover_enabled=\u00bbon|hover\u00bb background__hover_enabled=\u00bbon|hover\u00bb transform_scale__hover=\u00bb107%|107%\u00bb transform_scale__hover_enabled=\u00bbon|hover\u00bb transform_translate__hover_enabled=\u00bbon|hover\u00bb transform_rotate__hover_enabled=\u00bbon|hover\u00bb transform_skew__hover_enabled=\u00bbon|hover\u00bb transform_origin__hover_enabled=\u00bbon|hover\u00bb]<\/p>\n<p style=\"text-align: justify;\">Posee una gran oferta de servicios de alta calidad para la realizaci\u00f3n de todo tipo de eventos y reuniones. Cuenta con recursos humanos capacitados e instalaciones y empresas de todos los rubros asociados como catering, medios gr\u00e1ficos, multimedia y equipamiento t\u00e9cnico de \u00faltima generaci\u00f3n para garantizar el \u00e9xito en su desarrollo y realizaci\u00f3n.<\/p>\n<p>[\/et_pb_blurb][\/et_pb_column][et_pb_column type=\u00bb1_3&#8243; _builder_version=\u00bb4.23&#8243; _module_preset=\u00bbdefault\u00bb global_colors_info=\u00bb{}\u00bb][et_pb_blurb title=\u00bbPaisaje y Entretenimiento\u00bb image=\u00bbhttps:\/\/centrodeconvenciones.salta.gob.ar\/wp-content\/uploads\/2023\/12\/CF_2019_SaltaMarzo_5D4-4240-Edit-scaled.jpg\u00bb image_icon_width=\u00bb92%\u00bb _builder_version=\u00bb4.24.3&#8243; _module_preset=\u00bbdefault\u00bb header_font=\u00bbmonserrat-variablefont_wght|800|||||||\u00bb header_font_size=\u00bb20px\u00bb body_font=\u00bbModelica-Regular|600|||||||\u00bb body_text_align=\u00bbjustify\u00bb background_color=\u00bb#666666&#8243; text_orientation=\u00bbcenter\u00bb background_layout=\u00bbdark\u00bb height=\u00bb600px\u00bb custom_padding=\u00bb25px|30px|30px|30px|false|false\u00bb hover_transition_duration=\u00bb500ms\u00bb border_radii=\u00bbon|10px|10px|10px|10px\u00bb global_colors_info=\u00bb{}\u00bb border_radii__hover_enabled=\u00bbon|hover\u00bb border_radii__hover=\u00bbon|20px|20px|20px|20px\u00bb border_color_all__hover_enabled=\u00bbon|hover\u00bb border_color_all__hover=\u00bb#000000&#8243; background_color__hover=\u00bb#000000&#8243; background_enable_color__hover=\u00bbon\u00bb transform_styles__hover_enabled=\u00bbon|hover\u00bb background__hover_enabled=\u00bbon|hover\u00bb transform_scale__hover=\u00bb107%|107%\u00bb transform_scale__hover_enabled=\u00bbon|hover\u00bb transform_translate__hover_enabled=\u00bbon|hover\u00bb transform_rotate__hover_enabled=\u00bbon|hover\u00bb transform_skew__hover_enabled=\u00bbon|hover\u00bb transform_origin__hover_enabled=\u00bbon|hover\u00bb]<\/p>\n<p style=\"text-align: justify;\">Con una diversidad \u00fanica, su territorio abarca todo tipo de paisajes, desde el rojo intenso de los Valles Calchaqu\u00edes y el verde exuberante de las Yungas, a la aridez de la inmensa Puna. Fusion\u00e1ndose con lo moderno, las posibilidades de <span class=\"font-weight-bold\">entretenimiento y diversi\u00f3n<\/span> son m\u00faltiples: pe\u00f1as folkl\u00f3ricas, restaurantes, bares, pubs, discos y casinos son algunos de los lugares en donde transcurre la vida cultural y social salte\u00f1a.<\/p>\n<p>[\/et_pb_blurb][\/et_pb_column][et_pb_column type=\u00bb1_3&#8243; _builder_version=\u00bb4.21.0&#8243; _module_preset=\u00bbdefault\u00bb global_colors_info=\u00bb{}\u00bb][et_pb_blurb title=\u00bbGastronom\u00eda\u00bb image=\u00bbhttps:\/\/centrodeconvenciones.salta.gob.ar\/wp-content\/uploads\/2024\/03\/Vino-y-empanada-cafayate-scaled.jpg\u00bb image_icon_width=\u00bb92%\u00bb _builder_version=\u00bb4.24.3&#8243; _module_preset=\u00bbdefault\u00bb header_font=\u00bbmonserrat-variablefont_wght|800|||||||\u00bb header_font_size=\u00bb20px\u00bb body_font=\u00bbModelica-Regular|600|||||||\u00bb body_text_align=\u00bbjustify\u00bb background_color=\u00bb#666666&#8243; text_orientation=\u00bbcenter\u00bb background_layout=\u00bbdark\u00bb height=\u00bb600px\u00bb custom_padding=\u00bb25px|30px|30px|30px|false|false\u00bb hover_transition_duration=\u00bb500ms\u00bb border_radii=\u00bbon|10px|10px|10px|10px\u00bb global_colors_info=\u00bb{}\u00bb border_radii__hover_enabled=\u00bbon|hover\u00bb border_radii__hover=\u00bbon|20px|20px|20px|20px\u00bb border_color_all__hover_enabled=\u00bbon|hover\u00bb border_color_all__hover=\u00bb#000000&#8243; background_color__hover=\u00bb#000000&#8243; background_enable_color__hover=\u00bbon\u00bb transform_styles__hover_enabled=\u00bbon|hover\u00bb background__hover_enabled=\u00bbon|hover\u00bb transform_scale__hover=\u00bb107%|107%\u00bb transform_scale__hover_enabled=\u00bbon|hover\u00bb transform_translate__hover_enabled=\u00bbon|hover\u00bb transform_rotate__hover_enabled=\u00bbon|hover\u00bb transform_skew__hover_enabled=\u00bbon|hover\u00bb transform_origin__hover_enabled=\u00bbon|hover\u00bb]<\/p>\n<p style=\"text-align: justify;\">Salta ofrece al mundo los platos m\u00e1s ricos y sabrosos de la cocina popular del Norte Argentino, acompa\u00f1ados siempre de inigualables vinos de altura, reconocidos en todo el mundo. Las empanadas, los tamales y las humitas son las comidas m\u00e1s tradicionales y destacadas en Salta, las cuales pueden encontrarse en cada rinc\u00f3n de la provincia.<\/p>\n<p>[\/et_pb_blurb][\/et_pb_column][\/et_pb_row][\/et_pb_section][et_pb_section fb_built=\u00bb1&#8243; next_background_color=\u00bb#FFFFFF\u00bb admin_label=\u00bbHero Section\u00bb module_id=\u00bbBureau\u00bb _builder_version=\u00bb4.23&#8243; background_color=\u00bb#e4e0dd\u00bb background_color_gradient_direction=\u00bb90deg\u00bb background_image=\u00bbhttps:\/\/centrodeconvenciones.salta.gob.ar\/wp-content\/uploads\/2023\/10\/salta-bureau.jpg\u00bb custom_margin=\u00bb|||\u00bb custom_padding=\u00bb110px|0px|50px|0px|false|false\u00bb bottom_divider_style=\u00bbcurve\u00bb bottom_divider_height=\u00bb52px\u00bb da_popup_slug=\u00bbBureau\u00bb da_disable_devices=\u00bboff|off|off\u00bb saved_tabs=\u00bball\u00bb locked=\u00bboff\u00bb global_colors_info=\u00bb{}\u00bb da_is_popup=\u00bboff\u00bb da_exit_intent=\u00bboff\u00bb da_has_close=\u00bbon\u00bb da_alt_close=\u00bboff\u00bb da_dark_close=\u00bboff\u00bb da_not_modal=\u00bbon\u00bb da_is_singular=\u00bboff\u00bb da_with_loader=\u00bboff\u00bb da_has_shadow=\u00bbon\u00bb][et_pb_row custom_padding_last_edited=\u00bboff|desktop\u00bb admin_label=\u00bbHero Area\u00bb _builder_version=\u00bb4.23&#8243; width=\u00bb100%\u00bb max_width=\u00bb100%\u00bb height=\u00bb100%\u00bb max_height=\u00bb100%\u00bb custom_margin=\u00bb||||false|false\u00bb custom_padding=\u00bb||||false|false\u00bb border_radii=\u00bbon|10px|10px|10px|10px\u00bb locked=\u00bboff\u00bb global_colors_info=\u00bb{}\u00bb][et_pb_column type=\u00bb4_4&#8243; _builder_version=\u00bb4.22.2&#8243; background_enable_color=\u00bboff\u00bb custom_padding=\u00bb|||\u00bb animation_direction=\u00bbleft\u00bb global_colors_info=\u00bb{}\u00bb custom_padding__hover=\u00bb|||\u00bb][et_pb_text admin_label=\u00bbHero Title\u00bb _builder_version=\u00bb4.24.2&#8243; text_font=\u00bbModelica-Bold|700|||||||\u00bb text_text_color=\u00bb#FFFFFF\u00bb text_font_size=\u00bb70px\u00bb text_letter_spacing=\u00bb2px\u00bb text_line_height=\u00bb1.8em\u00bb header_font=\u00bbModelica-Bold||||||||\u00bb header_font_size=\u00bb80px\u00bb header_letter_spacing=\u00bb-3px\u00bb header_line_height=\u00bb1.1em\u00bb text_orientation=\u00bbcenter\u00bb background_layout=\u00bbdark\u00bb custom_margin=\u00bb50px||||false|false\u00bb custom_padding=\u00bb|||\u00bb animation_style=\u00bbzoom\u00bb animation_direction=\u00bbbottom\u00bb animation_starting_opacity=\u00bb100%\u00bb text_font_size_tablet=\u00bb50px\u00bb text_font_size_phone=\u00bb22px\u00bb text_font_size_last_edited=\u00bbon|phone\u00bb header_font_size_tablet=\u00bb\u00bb header_font_size_phone=\u00bb60px\u00bb header_font_size_last_edited=\u00bbon|phone\u00bb locked=\u00bboff\u00bb global_colors_info=\u00bb{}\u00bb]<\/p>\n<p>Salta Convention Bureau<\/p>\n<p>[\/et_pb_text][et_pb_text _builder_version=\u00bb4.24.2&#8243; _module_preset=\u00bbdefault\u00bb text_font=\u00bbModelica-Bold|700|||||||\u00bb text_text_color=\u00bbrgba(134,22,26,0.55)\u00bb text_font_size=\u00bb85px\u00bb text_letter_spacing=\u00bb3px\u00bb text_line_height=\u00bb1.8em\u00bb z_index=\u00bb-100&#8243; text_orientation=\u00bbcenter\u00bb custom_margin=\u00bb-150px||||false|false\u00bb custom_margin_tablet=\u00bb-100px||||false|false\u00bb custom_margin_phone=\u00bb-60px||||false|false\u00bb custom_margin_last_edited=\u00bbon|tablet\u00bb animation_style=\u00bbzoom\u00bb text_font_size_tablet=\u00bb52px\u00bb text_font_size_phone=\u00bb24px\u00bb text_font_size_last_edited=\u00bbon|phone\u00bb global_colors_info=\u00bb{}\u00bb]<\/p>\n<p>Salta Convention Bureau<\/p>\n<p>[\/et_pb_text][\/et_pb_column][\/et_pb_row][et_pb_row _builder_version=\u00bb4.22.2&#8243; _module_preset=\u00bbdefault\u00bb custom_margin=\u00bb||||false|false\u00bb locked=\u00bboff\u00bb global_colors_info=\u00bb{}\u00bb][et_pb_column type=\u00bb4_4&#8243; _builder_version=\u00bb4.22.2&#8243; _module_preset=\u00bbdefault\u00bb global_colors_info=\u00bb{}\u00bb][et_pb_text _builder_version=\u00bb4.24.2&#8243; text_font=\u00bbModelica-Regular||||||||\u00bb text_text_color=\u00bb#FFFFFF\u00bb text_font_size=\u00bb17px\u00bb text_line_height=\u00bb1.8em\u00bb header_font=\u00bb||||||||\u00bb header_text_align=\u00bbcenter\u00bb text_orientation=\u00bbcenter\u00bb background_layout=\u00bbdark\u00bb max_width=\u00bb100%\u00bb custom_margin=\u00bb||||false|false\u00bb custom_padding=\u00bb||||false|false\u00bb animation_style=\u00bbslide\u00bb animation_direction=\u00bbtop\u00bb animation_starting_opacity=\u00bb100%\u00bb box_shadow_style=\u00bbpreset6&#8243; box_shadow_horizontal=\u00bb80px\u00bb box_shadow_vertical=\u00bb80px\u00bb box_shadow_blur=\u00bb80px\u00bb box_shadow_spread=\u00bb80px\u00bb box_shadow_color=\u00bbrgba(0,0,0,0.6)\u00bb global_colors_info=\u00bb{}\u00bb]<\/p>\n<p>El Salta Convention Bureau es una ONG sin fines de lucro, creada por diferentes empresas relacionadas con la industria tur\u00edstica. Su principal objetivo es promover Salta como destino ideal para la organizaci\u00f3n de congresos, convenciones, viajes de incentivos, ferias y exposiciones a nivel regional, nacional e internacional, procurando la sustentabilidad de Salta como Destino de Reuniones.<\/p>\n<p>Conozca m\u00e1s en:<\/p>\n<p>www.saltaconventions.com.ar<\/p>\n<p>[\/et_pb_text][\/et_pb_column][\/et_pb_row][\/et_pb_section]<\/p>\n","protected":false},"excerpt":{"rendered":"<p>Destino SaltaDestino SaltaCon una variada oferta de servicios y atractivos tur\u00edsticos, el Destino Salta es el escenario perfecto para realizar todo tipo de eventos y reuniones exitosas.Salta es atractiva como Destino Sede de Eventos Internacionales y para el desarrollo del Turismo de Reuniones, se encuentra estrat\u00e9gicamente ubicada en el coraz\u00f3n de Am\u00e9rica Latina, con excelentes [&hellip;]<\/p>\n","protected":false},"author":1,"featured_media":0,"parent":0,"menu_order":0,"comment_status":"closed","ping_status":"closed","template":"","meta":{"_et_pb_use_builder":"on","_et_pb_old_content":"<!-- wp:divi\/placeholder \/-->","_et_gb_content_width":"","footnotes":""},"class_list":["post-309","page","type-page","status-publish","hentry"],"_links":{"self":[{"href":"https:\/\/centrodeconvenciones.salta.gob.ar\/index.php?rest_route=\/wp\/v2\/pages\/309","targetHints":{"allow":["GET"]}}],"collection":[{"href":"https:\/\/centrodeconvenciones.salta.gob.ar\/index.php?rest_route=\/wp\/v2\/pages"}],"about":[{"href":"https:\/\/centrodeconvenciones.salta.gob.ar\/index.php?rest_route=\/wp\/v2\/types\/page"}],"author":[{"embeddable":true,"href":"https:\/\/centrodeconvenciones.salta.gob.ar\/index.php?rest_route=\/wp\/v2\/users\/1"}],"replies":[{"embeddable":true,"href":"https:\/\/centrodeconvenciones.salta.gob.ar\/index.php?rest_route=%2Fwp%2Fv2%2Fcomments&post=309"}],"version-history":[{"count":71,"href":"https:\/\/centrodeconvenciones.salta.gob.ar\/index.php?rest_route=\/wp\/v2\/pages\/309\/revisions"}],"predecessor-version":[{"id":2571,"href":"https:\/\/centrodeconvenciones.salta.gob.ar\/index.php?rest_route=\/wp\/v2\/pages\/309\/revisions\/2571"}],"wp:attachment":[{"href":"https:\/\/centrodeconvenciones.salta.gob.ar\/index.php?rest_route=%2Fwp%2Fv2%2Fmedia&parent=309"}],"curies":[{"name":"wp","href":"https:\/\/api.w.org\/{rel}","templated":true}]}}