{"id":319,"date":"2023-07-01T18:27:52","date_gmt":"2023-07-01T21:27:52","guid":{"rendered":"https:\/\/centrodeconvenciones.salta.gob.ar\/?page_id=319"},"modified":"2024-07-19T12:10:01","modified_gmt":"2024-07-19T15:10:01","slug":"predio","status":"publish","type":"page","link":"https:\/\/centrodeconvenciones.salta.gob.ar\/?page_id=319","title":{"rendered":"Espacio y Capacidades"},"content":{"rendered":"<p>[et_pb_section fb_built=\u00bb1&#8243; admin_label=\u00bbSeccionPortada_Esp-y-Capacid\u00bb _builder_version=\u00bb4.25.0&#8243; background_color=\u00bb#e4e0dd\u00bb background_color_gradient_direction=\u00bb90deg\u00bb background_image=\u00bbhttps:\/\/centrodeconvenciones.salta.gob.ar\/wp-content\/uploads\/2023\/09\/Fachada-CCS-grande-scaled.jpg\u00bb height=\u00bb600px\u00bb custom_margin=\u00bb|||\u00bb custom_padding=\u00bb110px|0px|50px|0px|false|false\u00bb da_disable_devices=\u00bboff|off|off\u00bb saved_tabs=\u00bball\u00bb global_colors_info=\u00bb{}\u00bb da_is_popup=\u00bboff\u00bb da_exit_intent=\u00bboff\u00bb da_has_close=\u00bbon\u00bb da_alt_close=\u00bboff\u00bb da_dark_close=\u00bboff\u00bb da_not_modal=\u00bbon\u00bb da_is_singular=\u00bboff\u00bb da_with_loader=\u00bboff\u00bb da_has_shadow=\u00bbon\u00bb][et_pb_row custom_padding_last_edited=\u00bboff|desktop\u00bb admin_label=\u00bbHero Area\u00bb _builder_version=\u00bb4.22.2&#8243; max_width=\u00bb100%\u00bb height=\u00bb100%\u00bb max_height=\u00bb100%\u00bb custom_margin=\u00bb||||false|false\u00bb custom_padding=\u00bb||||false|false\u00bb border_radii=\u00bbon|10px|10px|10px|10px\u00bb locked=\u00bboff\u00bb global_colors_info=\u00bb{}\u00bb][et_pb_column type=\u00bb4_4&#8243; _builder_version=\u00bb4.22.2&#8243; background_enable_color=\u00bboff\u00bb custom_padding=\u00bb|||\u00bb animation_direction=\u00bbleft\u00bb global_colors_info=\u00bb{}\u00bb custom_padding__hover=\u00bb|||\u00bb][et_pb_text admin_label=\u00bbHero Title\u00bb _builder_version=\u00bb4.24.2&#8243; text_font=\u00bbModelica-Bold|700|||||||\u00bb text_text_color=\u00bb#FFFFFF\u00bb text_font_size=\u00bb70px\u00bb text_letter_spacing=\u00bb2px\u00bb text_line_height=\u00bb1.8em\u00bb header_font=\u00bbModelica-Bold||||||||\u00bb header_font_size=\u00bb80px\u00bb header_letter_spacing=\u00bb-3px\u00bb header_line_height=\u00bb1.1em\u00bb z_index=\u00bb1&#8243; text_orientation=\u00bbcenter\u00bb background_layout=\u00bbdark\u00bb custom_margin=\u00bb50px||||false|false\u00bb custom_padding=\u00bb|||\u00bb animation_style=\u00bbzoom\u00bb animation_direction=\u00bbbottom\u00bb animation_starting_opacity=\u00bb100%\u00bb text_font_size_tablet=\u00bb60px\u00bb text_font_size_phone=\u00bb40px\u00bb text_font_size_last_edited=\u00bbon|phone\u00bb header_font_size_tablet=\u00bb\u00bb header_font_size_phone=\u00bb60px\u00bb header_font_size_last_edited=\u00bbon|phone\u00bb locked=\u00bboff\u00bb global_colors_info=\u00bb{}\u00bb]<\/p>\n<p>Venue<\/p>\n<p>[\/et_pb_text][et_pb_text _builder_version=\u00bb4.24.2&#8243; _module_preset=\u00bbdefault\u00bb text_font=\u00bbModelica-Bold|700|||||||\u00bb text_text_color=\u00bbrgba(134,22,26,0.55)\u00bb text_font_size=\u00bb100px\u00bb text_letter_spacing=\u00bb3px\u00bb text_line_height=\u00bb1.8em\u00bb header_font=\u00bbModelica-Bold||||||||\u00bb z_index=\u00bb0&#8243; text_orientation=\u00bbcenter\u00bb custom_margin=\u00bb-150px||||false|false\u00bb custom_margin_tablet=\u00bb-120px||||false|false\u00bb custom_margin_phone=\u00bb-80px||||false|false\u00bb custom_margin_last_edited=\u00bbon|tablet\u00bb animation_style=\u00bbzoom\u00bb text_font_size_tablet=\u00bb80px\u00bb text_font_size_phone=\u00bb40px\u00bb text_font_size_last_edited=\u00bbon|desktop\u00bb global_colors_info=\u00bb{}\u00bb]<\/p>\n<p>Venue<\/p>\n<p>[\/et_pb_text][\/et_pb_column][\/et_pb_row][et_pb_row _builder_version=\u00bb4.24.2&#8243; _module_preset=\u00bbdefault\u00bb custom_margin=\u00bb||||false|false\u00bb custom_padding=\u00bb20px||||false|false\u00bb locked=\u00bboff\u00bb global_colors_info=\u00bb{}\u00bb][et_pb_column type=\u00bb4_4&#8243; _builder_version=\u00bb4.23.1&#8243; _module_preset=\u00bbdefault\u00bb global_colors_info=\u00bb{}\u00bb][et_pb_text _builder_version=\u00bb4.26.1&#8243; text_font=\u00bbModelica-Regular||||||||\u00bb text_text_color=\u00bb#FFFFFF\u00bb text_font_size=\u00bb17px\u00bb text_line_height=\u00bb1.8em\u00bb header_font=\u00bb||||||||\u00bb header_text_align=\u00bbcenter\u00bb text_orientation=\u00bbcenter\u00bb background_layout=\u00bbdark\u00bb max_width=\u00bb100%\u00bb custom_margin=\u00bb||||false|false\u00bb custom_margin_tablet=\u00bb-30px||||false|false\u00bb custom_margin_phone=\u00bb-40px||||false|false\u00bb custom_margin_last_edited=\u00bbon|phone\u00bb custom_padding=\u00bb||||false|false\u00bb animation_style=\u00bbslide\u00bb animation_direction=\u00bbtop\u00bb animation_starting_opacity=\u00bb100%\u00bb text_font_size_tablet=\u00bb17px\u00bb text_font_size_phone=\u00bb13px\u00bb text_font_size_last_edited=\u00bbon|phone\u00bb box_shadow_style=\u00bbpreset6&#8243; box_shadow_horizontal=\u00bb80px\u00bb box_shadow_vertical=\u00bb80px\u00bb box_shadow_blur=\u00bb22px\u00bb box_shadow_spread=\u00bb60px\u00bb box_shadow_color=\u00bbrgba(0,0,0,0.6)\u00bb global_colors_info=\u00bb{}\u00bb]<\/p>\n<p style=\"text-align: center;\">Una arquitectura moderna con espacios amplios, c\u00e1lidos y vers\u00e1tiles que se adaptan a todo tipo de actividades.<\/p>\n<p>[\/et_pb_text][\/et_pb_column][\/et_pb_row][\/et_pb_section][et_pb_section fb_built=\u00bb1&#8243; admin_label=\u00bbPredioInterior\u00bb _builder_version=\u00bb4.26.1&#8243; _module_preset=\u00bbdefault\u00bb background_color=\u00bbgcid-67960745-cc0c-4d73-b86b-ef2d6023be78&#8243; background_image=\u00bbhttps:\/\/centrodeconvenciones.salta.gob.ar\/wp-content\/uploads\/2023\/10\/misc-7.png\u00bb background_size=\u00bbcontain\u00bb background_repeat=\u00bbrepeat\u00bb custom_margin=\u00bb||||false|false\u00bb custom_padding=\u00bb||0px||false|false\u00bb da_disable_devices=\u00bboff|off|off\u00bb locked=\u00bboff\u00bb collapsed=\u00bboff\u00bb global_colors_info=\u00bb{%22gcid-67960745-cc0c-4d73-b86b-ef2d6023be78%22:%91%22background_color%22%93}\u00bb da_is_popup=\u00bboff\u00bb da_exit_intent=\u00bboff\u00bb da_has_close=\u00bbon\u00bb da_alt_close=\u00bboff\u00bb da_dark_close=\u00bboff\u00bb da_not_modal=\u00bbon\u00bb da_is_singular=\u00bboff\u00bb da_with_loader=\u00bboff\u00bb da_has_shadow=\u00bbon\u00bb][et_pb_row module_id=\u00bbPrediointerior\u00bb _builder_version=\u00bb4.22.1&#8243; background_color=\u00bb#973132&#8243; background_size=\u00bbinitial\u00bb background_position=\u00bbtop_left\u00bb background_repeat=\u00bbrepeat\u00bb max_width=\u00bb960px\u00bb custom_margin=\u00bb-10px||40px|0px|false|false\u00bb custom_padding=\u00bb27px|40px||10%\u00bb animation_style=\u00bbslide\u00bb animation_direction=\u00bbleft\u00bb animation_intensity_slide=\u00bb2%\u00bb border_radii=\u00bb||6px|6px|\u00bb border_width_right=\u00bb30px\u00bb border_color_right=\u00bb#bdada0&#8243; box_shadow_style=\u00bbpreset3&#8243; box_shadow_vertical=\u00bb35px\u00bb box_shadow_blur=\u00bb70px\u00bb box_shadow_spread=\u00bb-35px\u00bb box_shadow_color=\u00bbrgba(0,0,0,0.6)\u00bb use_custom_width=\u00bbon\u00bb custom_width_px=\u00bb960px\u00bb locked=\u00bboff\u00bb global_colors_info=\u00bb{}\u00bb][et_pb_column type=\u00bb4_4&#8243; _builder_version=\u00bb4.16&#8243; custom_padding=\u00bb|||\u00bb custom_padding_tablet=\u00bb|||10%\u00bb custom_padding_last_edited=\u00bboff|desktop\u00bb global_colors_info=\u00bb{}\u00bb padding_tablet=\u00bb|||10%\u00bb padding_last_edited=\u00bboff|desktop\u00bb custom_padding__hover=\u00bb|||\u00bb][et_pb_text admin_label=\u00bbTitle\u00bb _builder_version=\u00bb4.24.2&#8243; text_font=\u00bb||||||||\u00bb header_font=\u00bbModelica-Bold|700|||||||\u00bb header_line_height=\u00bb0.5em\u00bb header_4_font=\u00bb||||||||\u00bb background_layout=\u00bbdark\u00bb custom_margin=\u00bb|||\u00bb custom_padding=\u00bb|||\u00bb header_font_size_tablet=\u00bb25px\u00bb header_font_size_phone=\u00bb18px\u00bb header_font_size_last_edited=\u00bbon|phone\u00bb header_line_height_tablet=\u00bb1em\u00bb header_line_height_phone=\u00bb1em\u00bb header_line_height_last_edited=\u00bbon|tablet\u00bb global_colors_info=\u00bb{}\u00bb]<\/p>\n<h1>Predio Interior<\/h1>\n<p>[\/et_pb_text][\/et_pb_column][\/et_pb_row][et_pb_row _builder_version=\u00bb4.22.1&#8243; _module_preset=\u00bbdefault\u00bb animation_style=\u00bbslide\u00bb global_colors_info=\u00bb{}\u00bb][et_pb_column type=\u00bb4_4&#8243; _builder_version=\u00bb4.20.0&#8243; _module_preset=\u00bbdefault\u00bb global_colors_info=\u00bb{}\u00bb][et_pb_text _builder_version=\u00bb4.24.2&#8243; _module_preset=\u00bbdefault\u00bb header_3_font=\u00bbmonserrat-variablefont_wght|600|||||||\u00bb global_colors_info=\u00bb{}\u00bb]<\/p>\n<h3 class=\"text-center letra-mediana mb-4\">Espacios adaptables con m\u00faltiples fines<\/h3>\n<p>[\/et_pb_text][et_pb_text _builder_version=\u00bb4.24.2&#8243; _module_preset=\u00bb78a78e60-8b1a-439e-983c-462f0d6342c2&#8243; global_colors_info=\u00bb{}\u00bb]<\/p>\n<p class=\"text-justify mb-3\" style=\"text-align: justify;\">Con una superficie de 10.685 m2 , las opciones de espacios contrastan, y a la vez se complementan para lograr la mayor<span>\u00a0<\/span><span class=\"font-weight-bold\">versatilidad<\/span><span>\u00a0<\/span>en los salones que se adaptan arm\u00f3nicamente al desarrollo de distintos tipo de actividades, y zonas verdes en exteriores pensando en reuniones originales y distendidas.<\/p>\n<p class=\"text-justify mb-3\" style=\"text-align: justify;\"><span class=\"font-weight-bold\">Luz y transparencia<\/span><span>\u00a0<\/span>fue la consiga para el dise\u00f1o de los foyers, proyectados como espacios de recepci\u00f3n, exposici\u00f3n, distribuci\u00f3n y encuentro.<\/p>\n<p class=\"text-justify mb-3\" style=\"text-align: justify;\">Adem\u00e1s cuenta con tres<span>\u00a0<\/span><span class=\"font-weight-bold\">salas complementarias<\/span><span>\u00a0<\/span>para conferencias, talleres y comisiones, una Sala Vip para reuniones corporativas o conferencias de prensa, otra sala de negocios, dep\u00f3sitos y guardarropas.<\/p>\n<p class=\"text-justify mb-3\" style=\"text-align: justify;\">El<span>\u00a0<\/span><span class=\"font-weight-bold\">Sal\u00f3n de Usos M\u00faltiples (SUM)<span>\u00a0<\/span><\/span>cuenta con servicios e instalaciones de funcionamiento independiente, y un amplio Foyer como galer\u00eda de distribuci\u00f3n.<\/p>\n<p class=\"text-justify\" style=\"text-align: justify;\">Nuestras salas est\u00e1n nombradas con especies de \u00e1rboles aut\u00f3ctonos de la provincia de Salta, acorde al dise\u00f1o formulado con el fin de mostrar la fusi\u00f3n de materiales locales, como la madera y la piedra, combinados con las exigencias de la arquitectura moderna.<\/p>\n<p>[\/et_pb_text][\/et_pb_column][\/et_pb_row][et_pb_row _builder_version=\u00bb4.21.0&#8243; _module_preset=\u00bbdefault\u00bb global_colors_info=\u00bb{}\u00bb][et_pb_column type=\u00bb4_4&#8243; _builder_version=\u00bb4.21.0&#8243; _module_preset=\u00bbdefault\u00bb global_colors_info=\u00bb{}\u00bb][et_pb_gallery gallery_ids=\u00bb511,2618,2619,2620,2621,2622,2623,2624,2625,2626,2627,2628,1887&#8243; orientation=\u00bbportrait\u00bb show_title_and_caption=\u00bboff\u00bb zoom_icon_color=\u00bb#86161a\u00bb hover_overlay_color=\u00bbrgba(255,255,255,0.55)\u00bb _builder_version=\u00bb4.26.1&#8243; _module_preset=\u00bbdefault\u00bb hover_enabled=\u00bb0&#8243; global_colors_info=\u00bb{}\u00bb sticky_enabled=\u00bb0&#8243;][\/et_pb_gallery][\/et_pb_column][\/et_pb_row][et_pb_row module_id=\u00bbPlanimetria\u00bb _builder_version=\u00bb4.23.1&#8243; _module_preset=\u00bbdefault\u00bb width=\u00bb90%\u00bb max_width=\u00bbnone\u00bb min_height=\u00bb30px\u00bb height=\u00bb30px\u00bb max_height=\u00bb30px\u00bb custom_padding=\u00bb||50px||false|false\u00bb animation_style=\u00bbslide\u00bb global_colors_info=\u00bb{}\u00bb][et_pb_column type=\u00bb4_4&#8243; _builder_version=\u00bb4.20.0&#8243; _module_preset=\u00bbdefault\u00bb global_colors_info=\u00bb{}\u00bb][et_pb_text _builder_version=\u00bb4.24.2&#8243; _module_preset=\u00bb849ba141-265e-4019-a575-b3bade91f830&#8243; header_font=\u00bbModelica-Bold|700|||||||\u00bb header_text_color=\u00bb#86161a\u00bb header_font_size=\u00bb32px\u00bb global_colors_info=\u00bb{}\u00bb]<\/p>\n<h1>Planimetr\u00eda<\/h1>\n<p>[\/et_pb_text][\/et_pb_column][\/et_pb_row][et_pb_row _builder_version=\u00bb4.26.1&#8243; _module_preset=\u00bbdefault\u00bb width=\u00bb100%\u00bb max_width=\u00bb100%\u00bb global_colors_info=\u00bb{}\u00bb][et_pb_column type=\u00bb4_4&#8243; _builder_version=\u00bb4.26.1&#8243; _module_preset=\u00bbdefault\u00bb global_colors_info=\u00bb{}\u00bb][et_pb_code _builder_version=\u00bb4.26.1&#8243; _module_preset=\u00bbdefault\u00bb global_colors_info=\u00bb{}\u00bb]\n<style>\n\t#hotspot-2501 .hotspots-image-container,\n\t#hotspot-2501 .leaflet-container {\n\t\tbackground: #efefef\t}\n\n\t#hotspot-2501 .hotspots-placeholder {\n\t\tbackground: #2E2D29;\n\t\tborder: 0 #2E2D29 solid;\n\t\tcolor: #DFEBE5;\n\t}\n\n\t#hotspot-2501 .hotspot-title {\n\t\tcolor: #93C7A4;\n\t}\n\n\t\t\t#hotspot-2501 .hotspot-default {\n\t\t\tstroke-width: 2;\n\t\t\tfill: #ffffff;\n\t\t\tfill-opacity: 0;\n\t\t\tstroke: #ffffff;\n\t\t\tstroke-opacity: 0;\n\t\t}\n\t\t#hotspot-2501 .hotspot-default:hover,\n\t\t#hotspot-2501 .hotspot-default:focus-visible,\n\t\t#hotspot-2501 .hotspot-default.hotspot-active {\n\t\t\tfill: #86161a;\n\t\t\tfill-opacity: 0.71;\n\t\t\tstroke: #870408;\n\t\t\tstroke-opacity: 1.01;\n\t\t}\n\t\t#hotspot-2501 .leaflet-tooltip,\n\t#hotspot-2501 .leaflet-rrose-content-wrapper {\n\t\tbackground: #2E2D29;\n\t\tborder-color: #2E2D29;\n\t\tcolor: #DFEBE5;\n\t}\n\n\t#hotspot-2501 a.leaflet-rrose-close-button {\n\t\tcolor: #93C7A4;\n\t}\n\n\t#hotspot-2501 .leaflet-rrose-tip {\n\t\tbackground: #2E2D29;\n\t}\n\n\t#hotspot-2501 .leaflet-popup-scrolled {\n\t\tborder-bottom-color: #DFEBE5;\n\t\tborder-top-color: #DFEBE5;\n\t}\n\n\t#hotspot-2501 .leaflet-tooltip-top:before {\n\t\tborder-top-color: #2E2D29;\n\t}\n\n\t#hotspot-2501 .leaflet-tooltip-bottom:before {\n\t\tborder-bottom-color: #2E2D29;\n\t}\n\t#hotspot-2501 .leaflet-tooltip-left:before {\n\t\tborder-left-color: #2E2D29;\n\t}\n\t#hotspot-2501 .leaflet-tooltip-right:before {\n\t\tborder-right-color: #2E2D29;\n\t}\n<\/style>\n\n\t\n\t<div class=\"hotspots-container links-only layout-left event-click\" id=\"hotspot-2501\" data-layout=\"left\" data-trigger=\"click\">\n\t\t<div class=\"hotspots-interaction\">\n\t\t\t<div class=\"hotspots-image-container\">\n\t<img\n\t\twidth=\"2001\"\n\t\theight=\"1801\"\n\t\tsrc=\"https:\/\/centrodeconvenciones.salta.gob.ar\/wp-content\/uploads\/2024\/03\/Planimetria-5.png\"\n\t\talt=\"Salones\"\n\t\tclass=\"hotspots-image skip-lazy\"\n\t\tusemap=\"#hotspots-image-2501\"\n\t\tdata-image-title=\"Salones\"\n\t\tdata-image-description=\"\"\n\t\tdata-event-trigger=\"click\"\n\t\tdata-always-visible=\"false\"\n\t\tdata-id=\"2501\"\n\t\tdata-no-lazy=\"1\"\n\t\tdata-lazy-src=\"\"\n\t\tdata-lazy=\"false\"\n\t\tloading=\"eager\"\n\t\tdata-skip-lazy=\"1\"\n\t\t>\n<\/div>\t\t<\/div>\n\t\t<map name=\"hotspots-image-2501\" class=\"hotspots-map\">\n\t\t\t\t\t\t\t\t\t\t\t<area\n\t\t\t\t\tshape=\"polygon\"\n\t\t\t\t\tcoords=\"1357,980,1357,500,1545,500,1545,980\"\n\t\t\t\t\thref=\"#LosNogales\"\n\t\t\t\t\trel=\"\"\n\t\t\t\t\ttitle=\"Sal\u00f3n Los Nogales\"\n\t\t\t\t\talt=\"Sal\u00f3n Los Nogales\"\n\t\t\t\t\tdata-action=\"url\"\n\t\t\t\t\tdata-color-scheme=\"\"\n\t\t\t\t\ttarget=\"\"\n\t\t\t\t\tclass=\"url-area\"\n\t\t\t\t\t>\n\t\t\t\t\t\t\t\t\t\t\t<area\n\t\t\t\t\tshape=\"polygon\"\n\t\t\t\t\tcoords=\"1166,976,1166,501,1326,501,1326,976\"\n\t\t\t\t\thref=\"#Algarrobo\"\n\t\t\t\t\trel=\"\"\n\t\t\t\t\ttitle=\"Sal\u00f3n Algarrobo\"\n\t\t\t\t\talt=\"Sal\u00f3n Algarrobo\"\n\t\t\t\t\tdata-action=\"url\"\n\t\t\t\t\tdata-color-scheme=\"\"\n\t\t\t\t\ttarget=\"\"\n\t\t\t\t\tclass=\"url-area\"\n\t\t\t\t\t>\n\t\t\t\t\t\t\t\t\t\t\t<area\n\t\t\t\t\tshape=\"polygon\"\n\t\t\t\t\tcoords=\"966,979,966,498,1136,498,1136,979\"\n\t\t\t\t\thref=\"#LosCardones\"\n\t\t\t\t\trel=\"\"\n\t\t\t\t\ttitle=\"Sal\u00f3n Los Cardones\"\n\t\t\t\t\talt=\"Sal\u00f3n Los Cardones\"\n\t\t\t\t\tdata-action=\"url\"\n\t\t\t\t\tdata-color-scheme=\"\"\n\t\t\t\t\ttarget=\"\"\n\t\t\t\t\tclass=\"url-area\"\n\t\t\t\t\t>\n\t\t\t\t\t\t\t\t\t\t\t<area\n\t\t\t\t\tshape=\"polygon\"\n\t\t\t\t\tcoords=\"752,979,752,496,934,496,934,979\"\n\t\t\t\t\thref=\"#Lapacho\"\n\t\t\t\t\trel=\"\"\n\t\t\t\t\ttitle=\"Sal\u00f3n Lapacho\"\n\t\t\t\t\talt=\"Sal\u00f3n Lapacho\"\n\t\t\t\t\tdata-action=\"url\"\n\t\t\t\t\tdata-color-scheme=\"\"\n\t\t\t\t\ttarget=\"\"\n\t\t\t\t\tclass=\"url-area\"\n\t\t\t\t\t>\n\t\t\t\t\t\t\t\t\t\t\t<area\n\t\t\t\t\tshape=\"polygon\"\n\t\t\t\t\tcoords=\"462,665,462,497,661,497,661,665\"\n\t\t\t\t\thref=\"#ElTipal\"\n\t\t\t\t\trel=\"\"\n\t\t\t\t\ttitle=\"Sal\u00f3n El Tipal\"\n\t\t\t\t\talt=\"Sal\u00f3n El Tipal\"\n\t\t\t\t\tdata-action=\"url\"\n\t\t\t\t\tdata-color-scheme=\"\"\n\t\t\t\t\ttarget=\"\"\n\t\t\t\t\tclass=\"url-area\"\n\t\t\t\t\t>\n\t\t\t\t\t\t\t\t\t\t\t<area\n\t\t\t\t\tshape=\"polygon\"\n\t\t\t\t\tcoords=\"459,823,459,674,662,674,662,823\"\n\t\t\t\t\thref=\"#Jacaranda\"\n\t\t\t\t\trel=\"\"\n\t\t\t\t\ttitle=\"Sal\u00f3n Jacaranda\"\n\t\t\t\t\talt=\"Sal\u00f3n Jacaranda\"\n\t\t\t\t\tdata-action=\"url\"\n\t\t\t\t\tdata-color-scheme=\"\"\n\t\t\t\t\ttarget=\"\"\n\t\t\t\t\tclass=\"url-area\"\n\t\t\t\t\t>\n\t\t\t\t\t\t\t\t\t\t\t<area\n\t\t\t\t\tshape=\"polygon\"\n\t\t\t\t\tcoords=\"459,979,459,835,659,835,659,979\"\n\t\t\t\t\thref=\"#LosCeibos\"\n\t\t\t\t\trel=\"\"\n\t\t\t\t\ttitle=\"Sal\u00f3n Los Ceibos\"\n\t\t\t\t\talt=\"Sal\u00f3n Los Ceibos\"\n\t\t\t\t\tdata-action=\"url\"\n\t\t\t\t\tdata-color-scheme=\"\"\n\t\t\t\t\ttarget=\"\"\n\t\t\t\t\tclass=\"url-area\"\n\t\t\t\t\t>\n\t\t\t\t\t\t\t\t\t\t\t<area\n\t\t\t\t\tshape=\"polygon\"\n\t\t\t\t\tcoords=\"202,1483,202,1144,542,1144,542,1483\"\n\t\t\t\t\thref=\"#LosAlamosSUM\"\n\t\t\t\t\trel=\"\"\n\t\t\t\t\ttitle=\"SUM Los Alamos\"\n\t\t\t\t\talt=\"SUM Los Alamos\"\n\t\t\t\t\tdata-action=\"url\"\n\t\t\t\t\tdata-color-scheme=\"\"\n\t\t\t\t\ttarget=\"\"\n\t\t\t\t\tclass=\"url-area\"\n\t\t\t\t\t>\n\t\t\t\t\t\t\t\t\t\t\t<area\n\t\t\t\t\tshape=\"polygon\"\n\t\t\t\t\tcoords=\"952,1244,952,991,1347,991,1347,1244\"\n\t\t\t\t\thref=\"#FoyerPrincipal\"\n\t\t\t\t\trel=\"\"\n\t\t\t\t\ttitle=\"Foyer Principal\"\n\t\t\t\t\talt=\"Foyer Principal\"\n\t\t\t\t\tdata-action=\"url\"\n\t\t\t\t\tdata-color-scheme=\"\"\n\t\t\t\t\ttarget=\"\"\n\t\t\t\t\tclass=\"url-area\"\n\t\t\t\t\t>\n\t\t\t\t\t\t\t\t\t\t\t<area\n\t\t\t\t\tshape=\"polygon\"\n\t\t\t\t\tcoords=\"200,1064,200,986,664,986,664,1064\"\n\t\t\t\t\thref=\"#FoyerSUM\"\n\t\t\t\t\trel=\"\"\n\t\t\t\t\ttitle=\"Foyer SUM\"\n\t\t\t\t\talt=\"Foyer SUM\"\n\t\t\t\t\tdata-action=\"url\"\n\t\t\t\t\tdata-color-scheme=\"\"\n\t\t\t\t\ttarget=\"\"\n\t\t\t\t\tclass=\"url-area\"\n\t\t\t\t\t>\n\t\t\t\t\t\t\t\t\t\t\t<area\n\t\t\t\t\tshape=\"polygon\"\n\t\t\t\t\tcoords=\"669,981,669,499,742,499,742,981\"\n\t\t\t\t\thref=\"#FoyerCapacitacion\"\n\t\t\t\t\trel=\"\"\n\t\t\t\t\ttitle=\"Foyer Capacitaci\u00f3n\"\n\t\t\t\t\talt=\"Foyer Capacitaci\u00f3n\"\n\t\t\t\t\tdata-action=\"url\"\n\t\t\t\t\tdata-color-scheme=\"\"\n\t\t\t\t\ttarget=\"\"\n\t\t\t\t\tclass=\"url-area\"\n\t\t\t\t\t>\n\t\t\t\t\t\t\t\t\t\t\t<area\n\t\t\t\t\tshape=\"polygon\"\n\t\t\t\t\tcoords=\"1554,1115,1554,374,1848,374,1848,1115\"\n\t\t\t\t\thref=\"#Terraza\"\n\t\t\t\t\trel=\"\"\n\t\t\t\t\ttitle=\"Terraza\"\n\t\t\t\t\talt=\"Terraza\"\n\t\t\t\t\tdata-action=\"url\"\n\t\t\t\t\tdata-color-scheme=\"\"\n\t\t\t\t\ttarget=\"\"\n\t\t\t\t\tclass=\"url-area\"\n\t\t\t\t\t>\n\t\t\t\t\t\t\t\t\t\t\t<area\n\t\t\t\t\tshape=\"polygon\"\n\t\t\t\t\tcoords=\"1016,603,1016,551,1275,551,1275,603\"\n\t\t\t\t\thref=\"#SalonPrincipal\"\n\t\t\t\t\trel=\"\"\n\t\t\t\t\ttitle=\"Sal\u00f3n Principal\"\n\t\t\t\t\talt=\"Sal\u00f3n Principal\"\n\t\t\t\t\tdata-action=\"url\"\n\t\t\t\t\tdata-color-scheme=\"\"\n\t\t\t\t\ttarget=\"\"\n\t\t\t\t\tclass=\"url-area\"\n\t\t\t\t\t>\n\t\t\t\t\t<\/map>\n\n\t\t\n\t\t\t\t\t\t\t\t\t\t\t\t\t\t\t\t\t\t\t\t\t\t\t\t\t\t\t\t\t\t\t\t\t\t\t\t\t\t\t\t\t\t<\/div>\n\n[\/et_pb_code][\/et_pb_column][\/et_pb_row][\/et_pb_section][et_pb_section fb_built=\u00bb1&#8243; admin_label=\u00bbSection\u00bb _builder_version=\u00bb4.26.1&#8243; _module_preset=\u00bbdefault\u00bb background_color=\u00bb#eaebe6&#8243; background_image=\u00bbhttps:\/\/centrodeconvenciones.salta.gob.ar\/wp-content\/uploads\/2023\/10\/misc-7.png\u00bb background_size=\u00bbcontain\u00bb background_repeat=\u00bbrepeat\u00bb custom_margin=\u00bb0px||||false|false\u00bb custom_padding=\u00bb0px||0px||false|false\u00bb da_disable_devices=\u00bboff|off|off\u00bb locked=\u00bboff\u00bb global_colors_info=\u00bb{}\u00bb da_is_popup=\u00bboff\u00bb da_exit_intent=\u00bboff\u00bb da_has_close=\u00bbon\u00bb da_alt_close=\u00bboff\u00bb da_dark_close=\u00bboff\u00bb da_not_modal=\u00bbon\u00bb da_is_singular=\u00bboff\u00bb da_with_loader=\u00bboff\u00bb da_has_shadow=\u00bbon\u00bb][et_pb_row module_id=\u00bbCapacidad\u00bb _builder_version=\u00bb4.26.1&#8243; _module_preset=\u00bbdefault\u00bb width=\u00bb90%\u00bb max_width=\u00bbnone\u00bb custom_padding=\u00bb||40px||false|false\u00bb animation_style=\u00bbslide\u00bb global_colors_info=\u00bb{}\u00bb][et_pb_column type=\u00bb4_4&#8243; _builder_version=\u00bb4.20.0&#8243; _module_preset=\u00bbdefault\u00bb global_colors_info=\u00bb{}\u00bb][et_pb_text _builder_version=\u00bb4.24.2&#8243; _module_preset=\u00bb849ba141-265e-4019-a575-b3bade91f830&#8243; header_font=\u00bbModelica-Bold|700|||||||\u00bb header_text_color=\u00bb#86161a\u00bb header_font_size=\u00bb32px\u00bb global_colors_info=\u00bb{}\u00bb]<\/p>\n<h1>Capacidad de los Salones<\/h1>\n<p>[\/et_pb_text][\/et_pb_column][\/et_pb_row][et_pb_row column_structure=\u00bb1_2,1_2&#8243; module_id=\u00bbLosNogales\u00bb _builder_version=\u00bb4.26.1&#8243; _module_preset=\u00bbdefault\u00bb global_colors_info=\u00bb{}\u00bb][et_pb_column type=\u00bb1_2&#8243; _builder_version=\u00bb4.26.1&#8243; _module_preset=\u00bbdefault\u00bb custom_padding=\u00bb1%||||false|false\u00bb animation_style=\u00bbslide\u00bb animation_direction=\u00bbleft\u00bb global_colors_info=\u00bb{}\u00bb][et_pb_text _builder_version=\u00bb4.26.1&#8243; _module_preset=\u00bbdefault\u00bb text_font=\u00bbmonserrat-variablefont_wght|700|||||||\u00bb text_text_color=\u00bb#000000&#8243; text_font_size=\u00bb12px\u00bb header_5_font=\u00bbmonserrat-variablefont_wght|800|||||||\u00bb header_5_text_color=\u00bb#000000&#8243; header_5_font_size=\u00bb20px\u00bb header_5_line_height=\u00bb2.4em\u00bb background_color=\u00bbrgba(255,255,255,0.72)\u00bb position_origin_a=\u00bbbottom_center\u00bb vertical_offset=\u00bb335px\u00bb horizontal_offset=\u00bb0px\u00bb text_orientation=\u00bbjustified\u00bb width=\u00bb100%\u00bb height=\u00bb250px\u00bb custom_margin=\u00bb0px|0px|0px|0px|false|false\u00bb custom_padding=\u00bb20px|20px|20px|20px|false|false\u00bb border_radii=\u00bbon|10px|10px|10px|10px\u00bb box_shadow_style=\u00bbpreset1&#8243; global_colors_info=\u00bb{}\u00bb]<\/p>\n<h5 class=\"modal-title\" id=\"salonLosNogalesLabel\" style=\"text-align: justify;\">Sal\u00f3n Los Nogales<\/h5>\n<p style=\"text-align: justify;\"><span>Es uno de los salones integrados al sal\u00f3n principal, gracias al desplazamiento de uno de sus paneles m\u00f3viles ac\u00fasticos, convierte a este sal\u00f3n en otro totalmente independiente. El preferidos para realizar cenas y cocktails, integrado a la Terraza tiene vista a la laguna y predio exterior, tambi\u00e9n cuenta con cortinas blackout desplegables.<\/span><\/p>\n<p>[\/et_pb_text][\/et_pb_column][et_pb_column type=\u00bb1_2&#8243; _builder_version=\u00bb4.26.1&#8243; _module_preset=\u00bbdefault\u00bb animation_style=\u00bbslide\u00bb animation_direction=\u00bbright\u00bb global_colors_info=\u00bb{}\u00bb][et_pb_gallery gallery_ids=\u00bb2303,2329&#8243; fullwidth=\u00bbon\u00bb _builder_version=\u00bb4.26.1&#8243; _module_preset=\u00bbdefault\u00bb max_width=\u00bb80%\u00bb module_alignment=\u00bbcenter\u00bb global_colors_info=\u00bb{}\u00bb][\/et_pb_gallery][\/et_pb_column][\/et_pb_row][et_pb_row column_structure=\u00bb1_6,1_6,1_6,1_6,1_6,1_6&#8243; _builder_version=\u00bb4.26.1&#8243; _module_preset=\u00bbdefault\u00bb width=\u00bb95%\u00bb animation_style=\u00bbzoom\u00bb locked=\u00bboff\u00bb global_colors_info=\u00bb{}\u00bb][et_pb_column type=\u00bb1_6&#8243; _builder_version=\u00bb4.24.3&#8243; _module_preset=\u00bbdefault\u00bb global_colors_info=\u00bb{}\u00bb][et_pb_blurb title=\u00bb576 m\u00b2\u00bb image=\u00bbhttps:\/\/centrodeconvenciones.salta.gob.ar\/wp-content\/uploads\/2024\/04\/area-color.png\u00bb image_icon_width=\u00bb50%\u00bb _builder_version=\u00bb4.26.1&#8243; _module_preset=\u00bbdefault\u00bb header_level=\u00bbh5&#8243; header_font=\u00bbmonserrat-regular|800|||||||\u00bb header_text_align=\u00bbcenter\u00bb header_font_size=\u00bb15px\u00bb body_font=\u00bbmonserrat-variablefont_wght|900|||||||\u00bb body_text_align=\u00bbcenter\u00bb body_font_size=\u00bb22px\u00bb image_icon_custom_margin=\u00bb5px||-18px||false|false\u00bb text_orientation=\u00bbcenter\u00bb global_colors_info=\u00bb{}\u00bb]<\/p>\n<p>16 x 36<\/p>\n<p>[\/et_pb_blurb][\/et_pb_column][et_pb_column type=\u00bb1_6&#8243; _builder_version=\u00bb4.24.3&#8243; _module_preset=\u00bbdefault\u00bb global_colors_info=\u00bb{}\u00bb][et_pb_blurb title=\u00bbALTURA\u00bb image=\u00bbhttps:\/\/centrodeconvenciones.salta.gob.ar\/wp-content\/uploads\/2024\/04\/altura-color.png\u00bb image_icon_width=\u00bb50%\u00bb _builder_version=\u00bb4.26.1&#8243; _module_preset=\u00bbdefault\u00bb header_level=\u00bbh5&#8243; header_font=\u00bbmonserrat-regular|800|||||||\u00bb header_text_align=\u00bbcenter\u00bb header_font_size=\u00bb15px\u00bb body_font=\u00bbmonserrat-variablefont_wght|900|||||||\u00bb body_text_align=\u00bbcenter\u00bb body_font_size=\u00bb22px\u00bb image_icon_custom_margin=\u00bb5px||-18px||false|false\u00bb text_orientation=\u00bbcenter\u00bb locked=\u00bboff\u00bb global_colors_info=\u00bb{}\u00bb]<\/p>\n<p>7m<\/p>\n<p>[\/et_pb_blurb][\/et_pb_column][et_pb_column type=\u00bb1_6&#8243; _builder_version=\u00bb4.24.3&#8243; _module_preset=\u00bbdefault\u00bb global_colors_info=\u00bb{}\u00bb][et_pb_blurb title=\u00bbAUDITORIO\u00bb image=\u00bbhttps:\/\/centrodeconvenciones.salta.gob.ar\/wp-content\/uploads\/2024\/04\/escuela-color.png\u00bb image_icon_width=\u00bb50%\u00bb _builder_version=\u00bb4.26.1&#8243; _module_preset=\u00bbdefault\u00bb header_level=\u00bbh5&#8243; header_font=\u00bbmonserrat-regular|800|||||||\u00bb header_text_align=\u00bbcenter\u00bb header_font_size=\u00bb15px\u00bb body_font=\u00bbmonserrat-variablefont_wght|900|||||||\u00bb body_text_align=\u00bbcenter\u00bb body_font_size=\u00bb22px\u00bb image_icon_custom_margin=\u00bb5px||-18px||false|false\u00bb text_orientation=\u00bbcenter\u00bb global_colors_info=\u00bb{}\u00bb]<\/p>\n<p>600<\/p>\n<p>[\/et_pb_blurb][\/et_pb_column][et_pb_column type=\u00bb1_6&#8243; _builder_version=\u00bb4.24.3&#8243; _module_preset=\u00bbdefault\u00bb global_colors_info=\u00bb{}\u00bb][et_pb_blurb title=\u00bbESCUELA\u00bb image=\u00bbhttps:\/\/centrodeconvenciones.salta.gob.ar\/wp-content\/uploads\/2024\/04\/auditorio-color.png\u00bb image_icon_width=\u00bb50%\u00bb _builder_version=\u00bb4.26.1&#8243; _module_preset=\u00bbdefault\u00bb header_level=\u00bbh5&#8243; header_font=\u00bbmonserrat-regular|800|||||||\u00bb header_text_align=\u00bbcenter\u00bb header_font_size=\u00bb15px\u00bb body_font=\u00bbmonserrat-variablefont_wght|900|||||||\u00bb body_text_align=\u00bbcenter\u00bb body_font_size=\u00bb22px\u00bb image_icon_custom_margin=\u00bb5px||-18px||false|false\u00bb text_orientation=\u00bbcenter\u00bb global_colors_info=\u00bb{}\u00bb]<\/p>\n<p>330<\/p>\n<p>[\/et_pb_blurb][\/et_pb_column][et_pb_column type=\u00bb1_6&#8243; _builder_version=\u00bb4.24.3&#8243; _module_preset=\u00bbdefault\u00bb global_colors_info=\u00bb{}\u00bb][et_pb_blurb title=\u00bbRECEPCI\u00d3N\u00bb image=\u00bbhttps:\/\/centrodeconvenciones.salta.gob.ar\/wp-content\/uploads\/2024\/04\/recepcion-color.png\u00bb image_icon_width=\u00bb50%\u00bb _builder_version=\u00bb4.26.1&#8243; _module_preset=\u00bbdefault\u00bb header_level=\u00bbh5&#8243; header_font=\u00bbmonserrat-regular|800|||||||\u00bb header_text_align=\u00bbcenter\u00bb header_font_size=\u00bb15px\u00bb body_font=\u00bbmonserrat-variablefont_wght|900|||||||\u00bb body_text_align=\u00bbcenter\u00bb body_font_size=\u00bb22px\u00bb image_icon_custom_margin=\u00bb5px||-18px||false|false\u00bb text_orientation=\u00bbcenter\u00bb locked=\u00bboff\u00bb global_colors_info=\u00bb{}\u00bb]<\/p>\n<p>600<\/p>\n<p>[\/et_pb_blurb][\/et_pb_column][et_pb_column type=\u00bb1_6&#8243; _builder_version=\u00bb4.24.3&#8243; _module_preset=\u00bbdefault\u00bb global_colors_info=\u00bb{}\u00bb][et_pb_blurb title=\u00bbBANQUETES\u00bb image=\u00bbhttps:\/\/centrodeconvenciones.salta.gob.ar\/wp-content\/uploads\/2024\/04\/banquete-color.png\u00bb image_icon_width=\u00bb50%\u00bb _builder_version=\u00bb4.26.1&#8243; _module_preset=\u00bbdefault\u00bb header_level=\u00bbh5&#8243; header_font=\u00bbmonserrat-regular|800|||||||\u00bb header_text_align=\u00bbcenter\u00bb header_font_size=\u00bb15px\u00bb body_font=\u00bbmonserrat-variablefont_wght|900|||||||\u00bb body_text_align=\u00bbcenter\u00bb body_font_size=\u00bb22px\u00bb image_icon_custom_margin=\u00bb5px||-18px||false|false\u00bb text_orientation=\u00bbcenter\u00bb global_colors_info=\u00bb{}\u00bb]<\/p>\n<p>380<\/p>\n<p>[\/et_pb_blurb][\/et_pb_column][\/et_pb_row][et_pb_row _builder_version=\u00bb4.26.1&#8243; _module_preset=\u00bbdefault\u00bb global_colors_info=\u00bb{}\u00bb][et_pb_column type=\u00bb4_4&#8243; _builder_version=\u00bb4.26.1&#8243; _module_preset=\u00bbdefault\u00bb global_colors_info=\u00bb{}\u00bb][et_pb_divider color=\u00bb#86161a\u00bb divider_position=\u00bbcenter\u00bb _builder_version=\u00bb4.26.1&#8243; _module_preset=\u00bbdefault\u00bb global_colors_info=\u00bb{}\u00bb][\/et_pb_divider][\/et_pb_column][\/et_pb_row][et_pb_row column_structure=\u00bb1_2,1_2&#8243; module_id=\u00bbAlgarrobo\u00bb _builder_version=\u00bb4.26.1&#8243; _module_preset=\u00bbdefault\u00bb global_colors_info=\u00bb{}\u00bb][et_pb_column type=\u00bb1_2&#8243; _builder_version=\u00bb4.26.1&#8243; _module_preset=\u00bbdefault\u00bb animation_style=\u00bbslide\u00bb animation_direction=\u00bbleft\u00bb global_colors_info=\u00bb{}\u00bb][et_pb_gallery gallery_ids=\u00bb2411,2324&#8243; fullwidth=\u00bbon\u00bb _builder_version=\u00bb4.26.1&#8243; _module_preset=\u00bbdefault\u00bb max_width=\u00bb80%\u00bb module_alignment=\u00bbcenter\u00bb global_colors_info=\u00bb{}\u00bb][\/et_pb_gallery][\/et_pb_column][et_pb_column type=\u00bb1_2&#8243; _builder_version=\u00bb4.26.1&#8243; _module_preset=\u00bbdefault\u00bb custom_padding=\u00bb1%||||false|false\u00bb animation_style=\u00bbslide\u00bb animation_direction=\u00bbright\u00bb global_colors_info=\u00bb{}\u00bb][et_pb_text _builder_version=\u00bb4.26.1&#8243; _module_preset=\u00bbdefault\u00bb text_font=\u00bbmonserrat-variablefont_wght|700|||||||\u00bb text_text_color=\u00bb#000000&#8243; text_font_size=\u00bb12px\u00bb header_5_font=\u00bbmonserrat-variablefont_wght|800|||||||\u00bb header_5_text_color=\u00bb#000000&#8243; header_5_font_size=\u00bb20px\u00bb header_5_line_height=\u00bb2.4em\u00bb background_color=\u00bbrgba(255,255,255,0.72)\u00bb position_origin_a=\u00bbbottom_center\u00bb vertical_offset=\u00bb335px\u00bb horizontal_offset=\u00bb0px\u00bb text_orientation=\u00bbjustified\u00bb width=\u00bb100%\u00bb height=\u00bb250px\u00bb custom_margin=\u00bb0px|0px|0px|0px|false|false\u00bb custom_padding=\u00bb20px|20px|20px|20px|false|false\u00bb border_radii=\u00bbon|10px|10px|10px|10px\u00bb box_shadow_style=\u00bbpreset1&#8243; global_colors_info=\u00bb{}\u00bb]<\/p>\n<h5 class=\"modal-title\" id=\"salonLosNogalesLabel\">Sal\u00f3n Algarrobo<\/h5>\n<p style=\"text-align: justify;\">Tambi\u00e9n utiliza el m\u00e9todo de los paneles m\u00f3viles al igual que Los Nogales, Cardones y Lapacho, para ampliar o disminuir su superficie. De esta manera y de forma independiente se puede realizar una Conferencia en \u00e9l, mientras se lleva a cabo un cocktail en el sal\u00f3n contiguo.<\/p>\n<p>[\/et_pb_text][\/et_pb_column][\/et_pb_row][et_pb_row column_structure=\u00bb1_6,1_6,1_6,1_6,1_6,1_6&#8243; _builder_version=\u00bb4.26.1&#8243; _module_preset=\u00bbdefault\u00bb width=\u00bb95%\u00bb animation_style=\u00bbzoom\u00bb locked=\u00bboff\u00bb global_colors_info=\u00bb{}\u00bb][et_pb_column type=\u00bb1_6&#8243; _builder_version=\u00bb4.24.3&#8243; _module_preset=\u00bbdefault\u00bb global_colors_info=\u00bb{}\u00bb][et_pb_blurb title=\u00bb576 m\u00b2\u00bb image=\u00bbhttps:\/\/centrodeconvenciones.salta.gob.ar\/wp-content\/uploads\/2024\/04\/area-color.png\u00bb image_icon_width=\u00bb50%\u00bb _builder_version=\u00bb4.26.1&#8243; _module_preset=\u00bbdefault\u00bb header_level=\u00bbh5&#8243; header_font=\u00bbmonserrat-regular|800|||||||\u00bb header_text_align=\u00bbcenter\u00bb header_font_size=\u00bb15px\u00bb body_font=\u00bbmonserrat-variablefont_wght|900|||||||\u00bb body_text_align=\u00bbcenter\u00bb body_font_size=\u00bb22px\u00bb image_icon_custom_margin=\u00bb5px||-18px||false|false\u00bb text_orientation=\u00bbcenter\u00bb global_colors_info=\u00bb{}\u00bb]<\/p>\n<p>16 x 36<\/p>\n<p>[\/et_pb_blurb][\/et_pb_column][et_pb_column type=\u00bb1_6&#8243; _builder_version=\u00bb4.24.3&#8243; _module_preset=\u00bbdefault\u00bb global_colors_info=\u00bb{}\u00bb][et_pb_blurb title=\u00bbALTURA\u00bb image=\u00bbhttps:\/\/centrodeconvenciones.salta.gob.ar\/wp-content\/uploads\/2024\/04\/altura-color.png\u00bb image_icon_width=\u00bb50%\u00bb _builder_version=\u00bb4.26.1&#8243; _module_preset=\u00bbdefault\u00bb header_level=\u00bbh5&#8243; header_font=\u00bbmonserrat-regular|800|||||||\u00bb header_text_align=\u00bbcenter\u00bb header_font_size=\u00bb15px\u00bb body_font=\u00bbmonserrat-variablefont_wght|900|||||||\u00bb body_text_align=\u00bbcenter\u00bb body_font_size=\u00bb22px\u00bb image_icon_custom_margin=\u00bb5px||-18px||false|false\u00bb text_orientation=\u00bbcenter\u00bb locked=\u00bboff\u00bb global_colors_info=\u00bb{}\u00bb]<\/p>\n<p>7m<\/p>\n<p>[\/et_pb_blurb][\/et_pb_column][et_pb_column type=\u00bb1_6&#8243; _builder_version=\u00bb4.24.3&#8243; _module_preset=\u00bbdefault\u00bb global_colors_info=\u00bb{}\u00bb][et_pb_blurb title=\u00bbAUDITORIO\u00bb image=\u00bbhttps:\/\/centrodeconvenciones.salta.gob.ar\/wp-content\/uploads\/2024\/04\/escuela-color.png\u00bb image_icon_width=\u00bb50%\u00bb _builder_version=\u00bb4.26.1&#8243; _module_preset=\u00bbdefault\u00bb header_level=\u00bbh5&#8243; header_font=\u00bbmonserrat-regular|800|||||||\u00bb header_text_align=\u00bbcenter\u00bb header_font_size=\u00bb15px\u00bb body_font=\u00bbmonserrat-variablefont_wght|900|||||||\u00bb body_text_align=\u00bbcenter\u00bb body_font_size=\u00bb22px\u00bb image_icon_custom_margin=\u00bb5px||-18px||false|false\u00bb text_orientation=\u00bbcenter\u00bb global_colors_info=\u00bb{}\u00bb]<\/p>\n<p>600<\/p>\n<p>[\/et_pb_blurb][\/et_pb_column][et_pb_column type=\u00bb1_6&#8243; _builder_version=\u00bb4.24.3&#8243; _module_preset=\u00bbdefault\u00bb global_colors_info=\u00bb{}\u00bb][et_pb_blurb title=\u00bbESCUELA\u00bb image=\u00bbhttps:\/\/centrodeconvenciones.salta.gob.ar\/wp-content\/uploads\/2024\/04\/auditorio-color.png\u00bb image_icon_width=\u00bb50%\u00bb _builder_version=\u00bb4.26.1&#8243; _module_preset=\u00bbdefault\u00bb header_level=\u00bbh5&#8243; header_font=\u00bbmonserrat-regular|800|||||||\u00bb header_text_align=\u00bbcenter\u00bb header_font_size=\u00bb15px\u00bb body_font=\u00bbmonserrat-variablefont_wght|900|||||||\u00bb body_text_align=\u00bbcenter\u00bb body_font_size=\u00bb22px\u00bb image_icon_custom_margin=\u00bb5px||-18px||false|false\u00bb text_orientation=\u00bbcenter\u00bb global_colors_info=\u00bb{}\u00bb]<\/p>\n<p>330<\/p>\n<p>[\/et_pb_blurb][\/et_pb_column][et_pb_column type=\u00bb1_6&#8243; _builder_version=\u00bb4.24.3&#8243; _module_preset=\u00bbdefault\u00bb global_colors_info=\u00bb{}\u00bb][et_pb_blurb title=\u00bbRECEPCI\u00d3N\u00bb image=\u00bbhttps:\/\/centrodeconvenciones.salta.gob.ar\/wp-content\/uploads\/2024\/04\/recepcion-color.png\u00bb image_icon_width=\u00bb50%\u00bb _builder_version=\u00bb4.26.1&#8243; _module_preset=\u00bbdefault\u00bb header_level=\u00bbh5&#8243; header_font=\u00bbmonserrat-regular|800|||||||\u00bb header_text_align=\u00bbcenter\u00bb header_font_size=\u00bb15px\u00bb body_font=\u00bbmonserrat-variablefont_wght|900|||||||\u00bb body_text_align=\u00bbcenter\u00bb body_font_size=\u00bb22px\u00bb image_icon_custom_margin=\u00bb5px||-18px||false|false\u00bb text_orientation=\u00bbcenter\u00bb locked=\u00bboff\u00bb global_colors_info=\u00bb{}\u00bb]<\/p>\n<p>600<\/p>\n<p>[\/et_pb_blurb][\/et_pb_column][et_pb_column type=\u00bb1_6&#8243; _builder_version=\u00bb4.24.3&#8243; _module_preset=\u00bbdefault\u00bb global_colors_info=\u00bb{}\u00bb][et_pb_blurb title=\u00bbBANQUETES\u00bb image=\u00bbhttps:\/\/centrodeconvenciones.salta.gob.ar\/wp-content\/uploads\/2024\/04\/banquete-color.png\u00bb image_icon_width=\u00bb50%\u00bb _builder_version=\u00bb4.26.1&#8243; _module_preset=\u00bbdefault\u00bb header_level=\u00bbh5&#8243; header_font=\u00bbmonserrat-regular|800|||||||\u00bb header_text_align=\u00bbcenter\u00bb header_font_size=\u00bb15px\u00bb body_font=\u00bbmonserrat-variablefont_wght|900|||||||\u00bb body_text_align=\u00bbcenter\u00bb body_font_size=\u00bb22px\u00bb image_icon_custom_margin=\u00bb5px||-18px||false|false\u00bb text_orientation=\u00bbcenter\u00bb global_colors_info=\u00bb{}\u00bb]<\/p>\n<p>380<\/p>\n<p>[\/et_pb_blurb][\/et_pb_column][\/et_pb_row][et_pb_row _builder_version=\u00bb4.26.1&#8243; _module_preset=\u00bbdefault\u00bb global_colors_info=\u00bb{}\u00bb][et_pb_column type=\u00bb4_4&#8243; _builder_version=\u00bb4.26.1&#8243; _module_preset=\u00bbdefault\u00bb global_colors_info=\u00bb{}\u00bb][et_pb_divider color=\u00bb#86161a\u00bb divider_position=\u00bbcenter\u00bb _builder_version=\u00bb4.26.1&#8243; _module_preset=\u00bbdefault\u00bb global_colors_info=\u00bb{}\u00bb][\/et_pb_divider][\/et_pb_column][\/et_pb_row][et_pb_row column_structure=\u00bb1_2,1_2&#8243; module_id=\u00bbLosCardones\u00bb _builder_version=\u00bb4.26.1&#8243; _module_preset=\u00bbdefault\u00bb global_colors_info=\u00bb{}\u00bb][et_pb_column type=\u00bb1_2&#8243; _builder_version=\u00bb4.26.1&#8243; _module_preset=\u00bbdefault\u00bb custom_padding=\u00bb1%||||false|false\u00bb animation_style=\u00bbslide\u00bb animation_direction=\u00bbleft\u00bb global_colors_info=\u00bb{}\u00bb][et_pb_text _builder_version=\u00bb4.26.1&#8243; _module_preset=\u00bbdefault\u00bb text_font=\u00bbmonserrat-variablefont_wght|700|||||||\u00bb text_text_color=\u00bb#000000&#8243; text_font_size=\u00bb12px\u00bb header_5_font=\u00bbmonserrat-variablefont_wght|800|||||||\u00bb header_5_text_color=\u00bb#000000&#8243; header_5_font_size=\u00bb20px\u00bb header_5_line_height=\u00bb2.4em\u00bb background_color=\u00bbrgba(255,255,255,0.72)\u00bb position_origin_a=\u00bbbottom_center\u00bb vertical_offset=\u00bb335px\u00bb horizontal_offset=\u00bb0px\u00bb text_orientation=\u00bbjustified\u00bb width=\u00bb100%\u00bb height=\u00bb250px\u00bb custom_margin=\u00bb0px|0px|0px|0px|false|false\u00bb custom_padding=\u00bb20px|20px|20px|20px|false|false\u00bb border_radii=\u00bbon|10px|10px|10px|10px\u00bb box_shadow_style=\u00bbpreset1&#8243; global_colors_info=\u00bb{}\u00bb]<\/p>\n<h5 class=\"modal-title\" id=\"salonLosNogalesLabel\" style=\"text-align: justify;\">Sal\u00f3n Los Cardones<\/h5>\n<p style=\"text-align: justify;\">Forma parte del Sal\u00f3n principal junto a Los Nogales, Algarrobo y Lapacho, que pueden unirse o dividirse mediante paneles m\u00f3viles propiciando la realizaci\u00f3n de eventos en simultaneo y el desarrollo de actividades paralelas en grandes congresos.<\/p>\n<p>[\/et_pb_text][\/et_pb_column][et_pb_column type=\u00bb1_2&#8243; _builder_version=\u00bb4.26.1&#8243; _module_preset=\u00bbdefault\u00bb animation_style=\u00bbslide\u00bb animation_direction=\u00bbright\u00bb global_colors_info=\u00bb{}\u00bb][et_pb_gallery gallery_ids=\u00bb2329&#8243; fullwidth=\u00bbon\u00bb _builder_version=\u00bb4.26.1&#8243; _module_preset=\u00bbdefault\u00bb max_width=\u00bb80%\u00bb module_alignment=\u00bbcenter\u00bb global_colors_info=\u00bb{}\u00bb][\/et_pb_gallery][\/et_pb_column][\/et_pb_row][et_pb_row column_structure=\u00bb1_6,1_6,1_6,1_6,1_6,1_6&#8243; _builder_version=\u00bb4.26.1&#8243; _module_preset=\u00bbdefault\u00bb width=\u00bb95%\u00bb animation_style=\u00bbzoom\u00bb locked=\u00bboff\u00bb global_colors_info=\u00bb{}\u00bb][et_pb_column type=\u00bb1_6&#8243; _builder_version=\u00bb4.24.3&#8243; _module_preset=\u00bbdefault\u00bb global_colors_info=\u00bb{}\u00bb][et_pb_blurb title=\u00bb576 m\u00b2\u00bb image=\u00bbhttps:\/\/centrodeconvenciones.salta.gob.ar\/wp-content\/uploads\/2024\/04\/area-color.png\u00bb image_icon_width=\u00bb50%\u00bb _builder_version=\u00bb4.26.1&#8243; _module_preset=\u00bbdefault\u00bb header_level=\u00bbh5&#8243; header_font=\u00bbmonserrat-regular|800|||||||\u00bb header_text_align=\u00bbcenter\u00bb header_font_size=\u00bb15px\u00bb body_font=\u00bbmonserrat-variablefont_wght|900|||||||\u00bb body_text_align=\u00bbcenter\u00bb body_font_size=\u00bb22px\u00bb image_icon_custom_margin=\u00bb5px||-18px||false|false\u00bb text_orientation=\u00bbcenter\u00bb global_colors_info=\u00bb{}\u00bb]<\/p>\n<p>16 x 36<\/p>\n<p>[\/et_pb_blurb][\/et_pb_column][et_pb_column type=\u00bb1_6&#8243; _builder_version=\u00bb4.24.3&#8243; _module_preset=\u00bbdefault\u00bb global_colors_info=\u00bb{}\u00bb][et_pb_blurb title=\u00bbALTURA\u00bb image=\u00bbhttps:\/\/centrodeconvenciones.salta.gob.ar\/wp-content\/uploads\/2024\/04\/altura-color.png\u00bb image_icon_width=\u00bb50%\u00bb _builder_version=\u00bb4.26.1&#8243; _module_preset=\u00bbdefault\u00bb header_level=\u00bbh5&#8243; header_font=\u00bbmonserrat-regular|800|||||||\u00bb header_text_align=\u00bbcenter\u00bb header_font_size=\u00bb15px\u00bb body_font=\u00bbmonserrat-variablefont_wght|900|||||||\u00bb body_text_align=\u00bbcenter\u00bb body_font_size=\u00bb22px\u00bb image_icon_custom_margin=\u00bb5px||-18px||false|false\u00bb text_orientation=\u00bbcenter\u00bb locked=\u00bboff\u00bb global_colors_info=\u00bb{}\u00bb]<\/p>\n<p>7m<\/p>\n<p>[\/et_pb_blurb][\/et_pb_column][et_pb_column type=\u00bb1_6&#8243; _builder_version=\u00bb4.24.3&#8243; _module_preset=\u00bbdefault\u00bb global_colors_info=\u00bb{}\u00bb][et_pb_blurb title=\u00bbAUDITORIO\u00bb image=\u00bbhttps:\/\/centrodeconvenciones.salta.gob.ar\/wp-content\/uploads\/2024\/04\/escuela-color.png\u00bb image_icon_width=\u00bb50%\u00bb _builder_version=\u00bb4.26.1&#8243; _module_preset=\u00bbdefault\u00bb header_level=\u00bbh5&#8243; header_font=\u00bbmonserrat-regular|800|||||||\u00bb header_text_align=\u00bbcenter\u00bb header_font_size=\u00bb15px\u00bb body_font=\u00bbmonserrat-variablefont_wght|900|||||||\u00bb body_text_align=\u00bbcenter\u00bb body_font_size=\u00bb22px\u00bb image_icon_custom_margin=\u00bb5px||-18px||false|false\u00bb text_orientation=\u00bbcenter\u00bb global_colors_info=\u00bb{}\u00bb]<\/p>\n<p>600<\/p>\n<p>[\/et_pb_blurb][\/et_pb_column][et_pb_column type=\u00bb1_6&#8243; _builder_version=\u00bb4.24.3&#8243; _module_preset=\u00bbdefault\u00bb global_colors_info=\u00bb{}\u00bb][et_pb_blurb title=\u00bbESCUELA\u00bb image=\u00bbhttps:\/\/centrodeconvenciones.salta.gob.ar\/wp-content\/uploads\/2024\/04\/auditorio-color.png\u00bb image_icon_width=\u00bb50%\u00bb _builder_version=\u00bb4.26.1&#8243; _module_preset=\u00bbdefault\u00bb header_level=\u00bbh5&#8243; header_font=\u00bbmonserrat-regular|800|||||||\u00bb header_text_align=\u00bbcenter\u00bb header_font_size=\u00bb15px\u00bb body_font=\u00bbmonserrat-variablefont_wght|900|||||||\u00bb body_text_align=\u00bbcenter\u00bb body_font_size=\u00bb22px\u00bb image_icon_custom_margin=\u00bb5px||-18px||false|false\u00bb text_orientation=\u00bbcenter\u00bb global_colors_info=\u00bb{}\u00bb]<\/p>\n<p>330<\/p>\n<p>[\/et_pb_blurb][\/et_pb_column][et_pb_column type=\u00bb1_6&#8243; _builder_version=\u00bb4.24.3&#8243; _module_preset=\u00bbdefault\u00bb global_colors_info=\u00bb{}\u00bb][et_pb_blurb title=\u00bbRECEPCI\u00d3N\u00bb image=\u00bbhttps:\/\/centrodeconvenciones.salta.gob.ar\/wp-content\/uploads\/2024\/04\/recepcion-color.png\u00bb image_icon_width=\u00bb50%\u00bb _builder_version=\u00bb4.26.1&#8243; _module_preset=\u00bbdefault\u00bb header_level=\u00bbh5&#8243; header_font=\u00bbmonserrat-regular|800|||||||\u00bb header_text_align=\u00bbcenter\u00bb header_font_size=\u00bb15px\u00bb body_font=\u00bbmonserrat-variablefont_wght|900|||||||\u00bb body_text_align=\u00bbcenter\u00bb body_font_size=\u00bb22px\u00bb image_icon_custom_margin=\u00bb5px||-18px||false|false\u00bb text_orientation=\u00bbcenter\u00bb locked=\u00bboff\u00bb global_colors_info=\u00bb{}\u00bb]<\/p>\n<p>600<\/p>\n<p>[\/et_pb_blurb][\/et_pb_column][et_pb_column type=\u00bb1_6&#8243; _builder_version=\u00bb4.24.3&#8243; _module_preset=\u00bbdefault\u00bb global_colors_info=\u00bb{}\u00bb][et_pb_blurb title=\u00bbBANQUETES\u00bb image=\u00bbhttps:\/\/centrodeconvenciones.salta.gob.ar\/wp-content\/uploads\/2024\/04\/banquete-color.png\u00bb image_icon_width=\u00bb50%\u00bb _builder_version=\u00bb4.26.1&#8243; _module_preset=\u00bbdefault\u00bb header_level=\u00bbh5&#8243; header_font=\u00bbmonserrat-regular|800|||||||\u00bb header_text_align=\u00bbcenter\u00bb header_font_size=\u00bb15px\u00bb body_font=\u00bbmonserrat-variablefont_wght|900|||||||\u00bb body_text_align=\u00bbcenter\u00bb body_font_size=\u00bb22px\u00bb image_icon_custom_margin=\u00bb5px||-18px||false|false\u00bb text_orientation=\u00bbcenter\u00bb global_colors_info=\u00bb{}\u00bb]<\/p>\n<p>380<\/p>\n<p>[\/et_pb_blurb][\/et_pb_column][\/et_pb_row][et_pb_row _builder_version=\u00bb4.26.1&#8243; _module_preset=\u00bbdefault\u00bb global_colors_info=\u00bb{}\u00bb][et_pb_column type=\u00bb4_4&#8243; _builder_version=\u00bb4.26.1&#8243; _module_preset=\u00bbdefault\u00bb global_colors_info=\u00bb{}\u00bb][et_pb_divider color=\u00bb#86161a\u00bb divider_position=\u00bbcenter\u00bb _builder_version=\u00bb4.26.1&#8243; _module_preset=\u00bbdefault\u00bb global_colors_info=\u00bb{}\u00bb][\/et_pb_divider][\/et_pb_column][\/et_pb_row][et_pb_row column_structure=\u00bb1_2,1_2&#8243; module_id=\u00bbLapacho\u00bb _builder_version=\u00bb4.26.1&#8243; _module_preset=\u00bbdefault\u00bb global_colors_info=\u00bb{}\u00bb][et_pb_column type=\u00bb1_2&#8243; _builder_version=\u00bb4.26.1&#8243; _module_preset=\u00bbdefault\u00bb animation_style=\u00bbslide\u00bb animation_direction=\u00bbleft\u00bb global_colors_info=\u00bb{}\u00bb][et_pb_gallery gallery_ids=\u00bb2594&#8243; fullwidth=\u00bbon\u00bb _builder_version=\u00bb4.26.1&#8243; _module_preset=\u00bbdefault\u00bb max_width=\u00bb80%\u00bb module_alignment=\u00bbcenter\u00bb hover_enabled=\u00bb0&#8243; global_colors_info=\u00bb{}\u00bb sticky_enabled=\u00bb0&#8243;][\/et_pb_gallery][\/et_pb_column][et_pb_column type=\u00bb1_2&#8243; _builder_version=\u00bb4.26.1&#8243; _module_preset=\u00bbdefault\u00bb custom_padding=\u00bb1%||||false|false\u00bb animation_style=\u00bbslide\u00bb animation_direction=\u00bbright\u00bb global_colors_info=\u00bb{}\u00bb][et_pb_text _builder_version=\u00bb4.26.1&#8243; _module_preset=\u00bbdefault\u00bb text_font=\u00bbmonserrat-variablefont_wght|700|||||||\u00bb text_text_color=\u00bb#000000&#8243; text_font_size=\u00bb12px\u00bb header_5_font=\u00bbmonserrat-variablefont_wght|800|||||||\u00bb header_5_text_color=\u00bb#000000&#8243; header_5_font_size=\u00bb20px\u00bb header_5_line_height=\u00bb2.4em\u00bb background_color=\u00bbrgba(255,255,255,0.72)\u00bb position_origin_a=\u00bbbottom_center\u00bb vertical_offset=\u00bb335px\u00bb horizontal_offset=\u00bb0px\u00bb text_orientation=\u00bbjustified\u00bb width=\u00bb100%\u00bb height=\u00bb250px\u00bb custom_margin=\u00bb0px|0px|0px|0px|false|false\u00bb custom_padding=\u00bb20px|20px|20px|20px|false|false\u00bb border_radii=\u00bbon|10px|10px|10px|10px\u00bb box_shadow_style=\u00bbpreset1&#8243; global_colors_info=\u00bb{}\u00bb]<\/p>\n<h5 class=\"modal-title\" id=\"salonLosNogalesLabel\">Sal\u00f3n Lapacho<\/h5>\n<p style=\"text-align: justify;\">Es uno de los m\u00e1s elegidos por su ubicaci\u00f3n dentro del gran sal\u00f3n principal. Puede ser el marco para grandes presentaciones utilizando su par Los Cardones, ser usado de forma independiente para Conferencias, Jornadas, Exposiciones y Seminarios.<\/p>\n<p>[\/et_pb_text][\/et_pb_column][\/et_pb_row][et_pb_row column_structure=\u00bb1_6,1_6,1_6,1_6,1_6,1_6&#8243; _builder_version=\u00bb4.26.1&#8243; _module_preset=\u00bbdefault\u00bb width=\u00bb95%\u00bb animation_style=\u00bbzoom\u00bb locked=\u00bboff\u00bb global_colors_info=\u00bb{}\u00bb][et_pb_column type=\u00bb1_6&#8243; _builder_version=\u00bb4.24.3&#8243; _module_preset=\u00bbdefault\u00bb global_colors_info=\u00bb{}\u00bb][et_pb_blurb title=\u00bb576 m\u00b2\u00bb image=\u00bbhttps:\/\/centrodeconvenciones.salta.gob.ar\/wp-content\/uploads\/2024\/04\/area-color.png\u00bb image_icon_width=\u00bb50%\u00bb _builder_version=\u00bb4.26.1&#8243; _module_preset=\u00bbdefault\u00bb header_level=\u00bbh5&#8243; header_font=\u00bbmonserrat-regular|800|||||||\u00bb header_text_align=\u00bbcenter\u00bb header_font_size=\u00bb15px\u00bb body_font=\u00bbmonserrat-variablefont_wght|900|||||||\u00bb body_text_align=\u00bbcenter\u00bb body_font_size=\u00bb22px\u00bb image_icon_custom_margin=\u00bb5px||-18px||false|false\u00bb text_orientation=\u00bbcenter\u00bb global_colors_info=\u00bb{}\u00bb]<\/p>\n<p>16 x 36<\/p>\n<p>[\/et_pb_blurb][\/et_pb_column][et_pb_column type=\u00bb1_6&#8243; _builder_version=\u00bb4.24.3&#8243; _module_preset=\u00bbdefault\u00bb global_colors_info=\u00bb{}\u00bb][et_pb_blurb title=\u00bbALTURA\u00bb image=\u00bbhttps:\/\/centrodeconvenciones.salta.gob.ar\/wp-content\/uploads\/2024\/04\/altura-color.png\u00bb image_icon_width=\u00bb50%\u00bb _builder_version=\u00bb4.26.1&#8243; _module_preset=\u00bbdefault\u00bb header_level=\u00bbh5&#8243; header_font=\u00bbmonserrat-regular|800|||||||\u00bb header_text_align=\u00bbcenter\u00bb header_font_size=\u00bb15px\u00bb body_font=\u00bbmonserrat-variablefont_wght|900|||||||\u00bb body_text_align=\u00bbcenter\u00bb body_font_size=\u00bb22px\u00bb image_icon_custom_margin=\u00bb5px||-18px||false|false\u00bb text_orientation=\u00bbcenter\u00bb locked=\u00bboff\u00bb global_colors_info=\u00bb{}\u00bb]<\/p>\n<p>7m<\/p>\n<p>[\/et_pb_blurb][\/et_pb_column][et_pb_column type=\u00bb1_6&#8243; _builder_version=\u00bb4.24.3&#8243; _module_preset=\u00bbdefault\u00bb global_colors_info=\u00bb{}\u00bb][et_pb_blurb title=\u00bbAUDITORIO\u00bb image=\u00bbhttps:\/\/centrodeconvenciones.salta.gob.ar\/wp-content\/uploads\/2024\/04\/escuela-color.png\u00bb image_icon_width=\u00bb50%\u00bb _builder_version=\u00bb4.26.1&#8243; _module_preset=\u00bbdefault\u00bb header_level=\u00bbh5&#8243; header_font=\u00bbmonserrat-regular|800|||||||\u00bb header_text_align=\u00bbcenter\u00bb header_font_size=\u00bb15px\u00bb body_font=\u00bbmonserrat-variablefont_wght|900|||||||\u00bb body_text_align=\u00bbcenter\u00bb body_font_size=\u00bb22px\u00bb image_icon_custom_margin=\u00bb5px||-18px||false|false\u00bb text_orientation=\u00bbcenter\u00bb global_colors_info=\u00bb{}\u00bb]<\/p>\n<p>600<\/p>\n<p>[\/et_pb_blurb][\/et_pb_column][et_pb_column type=\u00bb1_6&#8243; _builder_version=\u00bb4.24.3&#8243; _module_preset=\u00bbdefault\u00bb global_colors_info=\u00bb{}\u00bb][et_pb_blurb title=\u00bbESCUELA\u00bb image=\u00bbhttps:\/\/centrodeconvenciones.salta.gob.ar\/wp-content\/uploads\/2024\/04\/auditorio-color.png\u00bb image_icon_width=\u00bb50%\u00bb _builder_version=\u00bb4.26.1&#8243; _module_preset=\u00bbdefault\u00bb header_level=\u00bbh5&#8243; header_font=\u00bbmonserrat-regular|800|||||||\u00bb header_text_align=\u00bbcenter\u00bb header_font_size=\u00bb15px\u00bb body_font=\u00bbmonserrat-variablefont_wght|900|||||||\u00bb body_text_align=\u00bbcenter\u00bb body_font_size=\u00bb22px\u00bb image_icon_custom_margin=\u00bb5px||-18px||false|false\u00bb text_orientation=\u00bbcenter\u00bb global_colors_info=\u00bb{}\u00bb]<\/p>\n<p>330<\/p>\n<p>[\/et_pb_blurb][\/et_pb_column][et_pb_column type=\u00bb1_6&#8243; _builder_version=\u00bb4.24.3&#8243; _module_preset=\u00bbdefault\u00bb global_colors_info=\u00bb{}\u00bb][et_pb_blurb title=\u00bbRECEPCI\u00d3N\u00bb image=\u00bbhttps:\/\/centrodeconvenciones.salta.gob.ar\/wp-content\/uploads\/2024\/04\/recepcion-color.png\u00bb image_icon_width=\u00bb50%\u00bb _builder_version=\u00bb4.26.1&#8243; _module_preset=\u00bbdefault\u00bb header_level=\u00bbh5&#8243; header_font=\u00bbmonserrat-regular|800|||||||\u00bb header_text_align=\u00bbcenter\u00bb header_font_size=\u00bb15px\u00bb body_font=\u00bbmonserrat-variablefont_wght|900|||||||\u00bb body_text_align=\u00bbcenter\u00bb body_font_size=\u00bb22px\u00bb image_icon_custom_margin=\u00bb5px||-18px||false|false\u00bb text_orientation=\u00bbcenter\u00bb locked=\u00bboff\u00bb global_colors_info=\u00bb{}\u00bb]<\/p>\n<p>600<\/p>\n<p>[\/et_pb_blurb][\/et_pb_column][et_pb_column type=\u00bb1_6&#8243; _builder_version=\u00bb4.24.3&#8243; _module_preset=\u00bbdefault\u00bb global_colors_info=\u00bb{}\u00bb][et_pb_blurb title=\u00bbBANQUETES\u00bb image=\u00bbhttps:\/\/centrodeconvenciones.salta.gob.ar\/wp-content\/uploads\/2024\/04\/banquete-color.png\u00bb image_icon_width=\u00bb50%\u00bb _builder_version=\u00bb4.26.1&#8243; _module_preset=\u00bbdefault\u00bb header_level=\u00bbh5&#8243; header_font=\u00bbmonserrat-regular|800|||||||\u00bb header_text_align=\u00bbcenter\u00bb header_font_size=\u00bb15px\u00bb body_font=\u00bbmonserrat-variablefont_wght|900|||||||\u00bb body_text_align=\u00bbcenter\u00bb body_font_size=\u00bb22px\u00bb image_icon_custom_margin=\u00bb5px||-18px||false|false\u00bb text_orientation=\u00bbcenter\u00bb global_colors_info=\u00bb{}\u00bb]<\/p>\n<p>380<\/p>\n<p>[\/et_pb_blurb][\/et_pb_column][\/et_pb_row][et_pb_row _builder_version=\u00bb4.26.1&#8243; _module_preset=\u00bbdefault\u00bb global_colors_info=\u00bb{}\u00bb][et_pb_column type=\u00bb4_4&#8243; _builder_version=\u00bb4.26.1&#8243; _module_preset=\u00bbdefault\u00bb global_colors_info=\u00bb{}\u00bb][et_pb_divider color=\u00bb#86161a\u00bb divider_position=\u00bbcenter\u00bb _builder_version=\u00bb4.26.1&#8243; _module_preset=\u00bbdefault\u00bb global_colors_info=\u00bb{}\u00bb][\/et_pb_divider][\/et_pb_column][\/et_pb_row][et_pb_row column_structure=\u00bb1_2,1_2&#8243; module_id=\u00bbLosCeibos\u00bb _builder_version=\u00bb4.26.1&#8243; _module_preset=\u00bbdefault\u00bb global_colors_info=\u00bb{}\u00bb][et_pb_column type=\u00bb1_2&#8243; _builder_version=\u00bb4.26.1&#8243; _module_preset=\u00bbdefault\u00bb custom_padding=\u00bb1%||||false|false\u00bb animation_style=\u00bbslide\u00bb animation_direction=\u00bbleft\u00bb global_colors_info=\u00bb{}\u00bb][et_pb_text _builder_version=\u00bb4.26.1&#8243; _module_preset=\u00bbdefault\u00bb text_font=\u00bbmonserrat-variablefont_wght|700|||||||\u00bb text_text_color=\u00bb#000000&#8243; text_font_size=\u00bb12px\u00bb header_5_font=\u00bbmonserrat-variablefont_wght|800|||||||\u00bb header_5_text_color=\u00bb#000000&#8243; header_5_font_size=\u00bb20px\u00bb header_5_line_height=\u00bb2.4em\u00bb background_color=\u00bbrgba(255,255,255,0.72)\u00bb position_origin_a=\u00bbbottom_center\u00bb vertical_offset=\u00bb335px\u00bb horizontal_offset=\u00bb0px\u00bb text_orientation=\u00bbjustified\u00bb width=\u00bb100%\u00bb height=\u00bb250px\u00bb custom_margin=\u00bb0px|0px|0px|0px|false|false\u00bb custom_padding=\u00bb20px|20px|20px|20px|false|false\u00bb border_radii=\u00bbon|10px|10px|10px|10px\u00bb box_shadow_style=\u00bbpreset1&#8243; global_colors_info=\u00bb{}\u00bb]<\/p>\n<h5 class=\"modal-title\" id=\"salonLosNogalesLabel\">Sala Los Ceibos<\/h5>\n<p style=\"text-align: justify;\">Es una de las salas del sector de capacitaciones. Los Ceibos, as\u00ed como el sal\u00f3n principal, tambi\u00e9n posee un panel m\u00f3vil ac\u00fastico que la separa o une con el sal\u00f3n contiguo. Es ideal para capacitaciones, desayunos de trabajo, conferencias individuales o como complemento de un gran congreso.<\/p>\n<p>[\/et_pb_text][\/et_pb_column][et_pb_column type=\u00bb1_2&#8243; _builder_version=\u00bb4.26.1&#8243; _module_preset=\u00bbdefault\u00bb animation_style=\u00bbslide\u00bb animation_direction=\u00bbright\u00bb global_colors_info=\u00bb{}\u00bb][et_pb_gallery gallery_ids=\u00bb2413,2350&#8243; fullwidth=\u00bbon\u00bb _builder_version=\u00bb4.26.1&#8243; _module_preset=\u00bbdefault\u00bb max_width=\u00bb80%\u00bb module_alignment=\u00bbcenter\u00bb global_colors_info=\u00bb{}\u00bb][\/et_pb_gallery][\/et_pb_column][\/et_pb_row][et_pb_row column_structure=\u00bb1_6,1_6,1_6,1_6,1_6,1_6&#8243; _builder_version=\u00bb4.26.1&#8243; _module_preset=\u00bbdefault\u00bb width=\u00bb95%\u00bb animation_style=\u00bbzoom\u00bb locked=\u00bboff\u00bb global_colors_info=\u00bb{}\u00bb][et_pb_column type=\u00bb1_6&#8243; _builder_version=\u00bb4.24.3&#8243; _module_preset=\u00bbdefault\u00bb global_colors_info=\u00bb{}\u00bb][et_pb_blurb title=\u00bb204 m\u00b2\u00bb image=\u00bbhttps:\/\/centrodeconvenciones.salta.gob.ar\/wp-content\/uploads\/2024\/04\/area-color.png\u00bb image_icon_width=\u00bb50%\u00bb _builder_version=\u00bb4.26.1&#8243; _module_preset=\u00bbdefault\u00bb header_level=\u00bbh5&#8243; header_font=\u00bbmonserrat-regular|800|||||||\u00bb header_text_align=\u00bbcenter\u00bb header_font_size=\u00bb15px\u00bb body_font=\u00bbmonserrat-variablefont_wght|900|||||||\u00bb body_text_align=\u00bbcenter\u00bb body_font_size=\u00bb22px\u00bb image_icon_custom_margin=\u00bb5px||-18px||false|false\u00bb text_orientation=\u00bbcenter\u00bb global_colors_info=\u00bb{}\u00bb]<\/p>\n<p>17 x 12<\/p>\n<p>[\/et_pb_blurb][\/et_pb_column][et_pb_column type=\u00bb1_6&#8243; _builder_version=\u00bb4.24.3&#8243; _module_preset=\u00bbdefault\u00bb global_colors_info=\u00bb{}\u00bb][et_pb_blurb title=\u00bbALTURA\u00bb image=\u00bbhttps:\/\/centrodeconvenciones.salta.gob.ar\/wp-content\/uploads\/2024\/04\/altura-color.png\u00bb image_icon_width=\u00bb50%\u00bb _builder_version=\u00bb4.26.1&#8243; _module_preset=\u00bbdefault\u00bb header_level=\u00bbh5&#8243; header_font=\u00bbmonserrat-regular|800|||||||\u00bb header_text_align=\u00bbcenter\u00bb header_font_size=\u00bb15px\u00bb body_font=\u00bbmonserrat-variablefont_wght|900|||||||\u00bb body_text_align=\u00bbcenter\u00bb body_font_size=\u00bb22px\u00bb image_icon_custom_margin=\u00bb5px||-18px||false|false\u00bb text_orientation=\u00bbcenter\u00bb locked=\u00bboff\u00bb global_colors_info=\u00bb{}\u00bb]<\/p>\n<p>5,3m<\/p>\n<p>[\/et_pb_blurb][\/et_pb_column][et_pb_column type=\u00bb1_6&#8243; _builder_version=\u00bb4.24.3&#8243; _module_preset=\u00bbdefault\u00bb global_colors_info=\u00bb{}\u00bb][et_pb_blurb title=\u00bbAUDITORIO\u00bb image=\u00bbhttps:\/\/centrodeconvenciones.salta.gob.ar\/wp-content\/uploads\/2024\/04\/escuela-color.png\u00bb image_icon_width=\u00bb50%\u00bb _builder_version=\u00bb4.26.1&#8243; _module_preset=\u00bbdefault\u00bb header_level=\u00bbh5&#8243; header_font=\u00bbmonserrat-regular|800|||||||\u00bb header_text_align=\u00bbcenter\u00bb header_font_size=\u00bb15px\u00bb body_font=\u00bbmonserrat-variablefont_wght|900|||||||\u00bb body_text_align=\u00bbcenter\u00bb body_font_size=\u00bb22px\u00bb image_icon_custom_margin=\u00bb5px||-18px||false|false\u00bb text_orientation=\u00bbcenter\u00bb global_colors_info=\u00bb{}\u00bb]<\/p>\n<p>180<\/p>\n<p>[\/et_pb_blurb][\/et_pb_column][et_pb_column type=\u00bb1_6&#8243; _builder_version=\u00bb4.24.3&#8243; _module_preset=\u00bbdefault\u00bb global_colors_info=\u00bb{}\u00bb][et_pb_blurb title=\u00bbESCUELA\u00bb image=\u00bbhttps:\/\/centrodeconvenciones.salta.gob.ar\/wp-content\/uploads\/2024\/04\/auditorio-color.png\u00bb image_icon_width=\u00bb50%\u00bb _builder_version=\u00bb4.26.1&#8243; _module_preset=\u00bbdefault\u00bb header_level=\u00bbh5&#8243; header_font=\u00bbmonserrat-regular|800|||||||\u00bb header_text_align=\u00bbcenter\u00bb header_font_size=\u00bb15px\u00bb body_font=\u00bbmonserrat-variablefont_wght|900|||||||\u00bb body_text_align=\u00bbcenter\u00bb body_font_size=\u00bb22px\u00bb image_icon_custom_margin=\u00bb5px||-18px||false|false\u00bb text_orientation=\u00bbcenter\u00bb global_colors_info=\u00bb{}\u00bb]<\/p>\n<p>150<\/p>\n<p>[\/et_pb_blurb][\/et_pb_column][et_pb_column type=\u00bb1_6&#8243; _builder_version=\u00bb4.24.3&#8243; _module_preset=\u00bbdefault\u00bb global_colors_info=\u00bb{}\u00bb][et_pb_blurb title=\u00bbRECEPCI\u00d3N\u00bb image=\u00bbhttps:\/\/centrodeconvenciones.salta.gob.ar\/wp-content\/uploads\/2024\/04\/recepcion-color.png\u00bb image_icon_width=\u00bb50%\u00bb _builder_version=\u00bb4.26.1&#8243; _module_preset=\u00bbdefault\u00bb header_level=\u00bbh5&#8243; header_font=\u00bbmonserrat-regular|800|||||||\u00bb header_text_align=\u00bbcenter\u00bb header_font_size=\u00bb15px\u00bb body_font=\u00bbmonserrat-variablefont_wght|900|||||||\u00bb body_text_align=\u00bbcenter\u00bb body_font_size=\u00bb22px\u00bb image_icon_custom_margin=\u00bb5px||-18px||false|false\u00bb text_orientation=\u00bbcenter\u00bb locked=\u00bboff\u00bb global_colors_info=\u00bb{}\u00bb]<\/p>\n<p>200<\/p>\n<p>[\/et_pb_blurb][\/et_pb_column][et_pb_column type=\u00bb1_6&#8243; _builder_version=\u00bb4.24.3&#8243; _module_preset=\u00bbdefault\u00bb global_colors_info=\u00bb{}\u00bb][et_pb_blurb title=\u00bbBANQUETES\u00bb image=\u00bbhttps:\/\/centrodeconvenciones.salta.gob.ar\/wp-content\/uploads\/2024\/04\/banquete-color.png\u00bb image_icon_width=\u00bb50%\u00bb _builder_version=\u00bb4.26.1&#8243; _module_preset=\u00bbdefault\u00bb header_level=\u00bbh5&#8243; header_font=\u00bbmonserrat-regular|800|||||||\u00bb header_text_align=\u00bbcenter\u00bb header_font_size=\u00bb15px\u00bb body_font=\u00bbmonserrat-variablefont_wght|900|||||||\u00bb body_text_align=\u00bbcenter\u00bb body_font_size=\u00bb22px\u00bb image_icon_custom_margin=\u00bb5px||-18px||false|false\u00bb text_orientation=\u00bbcenter\u00bb global_colors_info=\u00bb{}\u00bb]<\/p>\n<p>160<\/p>\n<p>[\/et_pb_blurb][\/et_pb_column][\/et_pb_row][et_pb_row _builder_version=\u00bb4.26.1&#8243; _module_preset=\u00bbdefault\u00bb global_colors_info=\u00bb{}\u00bb][et_pb_column type=\u00bb4_4&#8243; _builder_version=\u00bb4.26.1&#8243; _module_preset=\u00bbdefault\u00bb global_colors_info=\u00bb{}\u00bb][et_pb_divider color=\u00bb#86161a\u00bb divider_position=\u00bbcenter\u00bb _builder_version=\u00bb4.26.1&#8243; _module_preset=\u00bbdefault\u00bb global_colors_info=\u00bb{}\u00bb][\/et_pb_divider][\/et_pb_column][\/et_pb_row][et_pb_row column_structure=\u00bb1_2,1_2&#8243; module_id=\u00bbJacaranda\u00bb _builder_version=\u00bb4.26.1&#8243; _module_preset=\u00bbdefault\u00bb global_colors_info=\u00bb{}\u00bb][et_pb_column type=\u00bb1_2&#8243; _builder_version=\u00bb4.26.1&#8243; _module_preset=\u00bbdefault\u00bb animation_style=\u00bbslide\u00bb animation_direction=\u00bbleft\u00bb global_colors_info=\u00bb{}\u00bb][et_pb_gallery gallery_ids=\u00bb2355,2413&#8243; fullwidth=\u00bbon\u00bb _builder_version=\u00bb4.26.1&#8243; _module_preset=\u00bbdefault\u00bb max_width=\u00bb80%\u00bb module_alignment=\u00bbcenter\u00bb global_colors_info=\u00bb{}\u00bb][\/et_pb_gallery][\/et_pb_column][et_pb_column type=\u00bb1_2&#8243; _builder_version=\u00bb4.26.1&#8243; _module_preset=\u00bbdefault\u00bb custom_padding=\u00bb1%||||false|false\u00bb animation_style=\u00bbslide\u00bb animation_direction=\u00bbright\u00bb global_colors_info=\u00bb{}\u00bb][et_pb_text _builder_version=\u00bb4.26.1&#8243; _module_preset=\u00bbdefault\u00bb text_font=\u00bbmonserrat-variablefont_wght|700|||||||\u00bb text_text_color=\u00bb#000000&#8243; text_font_size=\u00bb12px\u00bb header_5_font=\u00bbmonserrat-variablefont_wght|800|||||||\u00bb header_5_text_color=\u00bb#000000&#8243; header_5_font_size=\u00bb20px\u00bb header_5_line_height=\u00bb2.4em\u00bb background_color=\u00bbrgba(255,255,255,0.72)\u00bb position_origin_a=\u00bbbottom_center\u00bb vertical_offset=\u00bb335px\u00bb horizontal_offset=\u00bb0px\u00bb text_orientation=\u00bbjustified\u00bb width=\u00bb100%\u00bb height=\u00bb250px\u00bb custom_margin=\u00bb0px|0px|0px|0px|false|false\u00bb custom_padding=\u00bb20px|20px|20px|20px|false|false\u00bb border_radii=\u00bbon|10px|10px|10px|10px\u00bb box_shadow_style=\u00bbpreset1&#8243; global_colors_info=\u00bb{}\u00bb]<\/p>\n<h5 class=\"modal-title\" id=\"salonLosNogalesLabel\">Sala Jacarand\u00e1<\/h5>\n<p style=\"text-align: justify;\">Tiene las mismas caracter\u00edsticas que Los Ceibos. Pudiendo funcionar de forma independiente, separado por un el m\u00f3vil de la sala Los Ceibos, o formar junto a \u00e9l un sal\u00f3n de 408 m2 aproximadamente.<\/p>\n<p>[\/et_pb_text][\/et_pb_column][\/et_pb_row][et_pb_row column_structure=\u00bb1_6,1_6,1_6,1_6,1_6,1_6&#8243; _builder_version=\u00bb4.26.1&#8243; _module_preset=\u00bbdefault\u00bb width=\u00bb95%\u00bb animation_style=\u00bbzoom\u00bb locked=\u00bboff\u00bb global_colors_info=\u00bb{}\u00bb][et_pb_column type=\u00bb1_6&#8243; _builder_version=\u00bb4.24.3&#8243; _module_preset=\u00bbdefault\u00bb global_colors_info=\u00bb{}\u00bb][et_pb_blurb title=\u00bb204 m\u00b2\u00bb image=\u00bbhttps:\/\/centrodeconvenciones.salta.gob.ar\/wp-content\/uploads\/2024\/04\/area-color.png\u00bb image_icon_width=\u00bb50%\u00bb _builder_version=\u00bb4.26.1&#8243; _module_preset=\u00bbdefault\u00bb header_level=\u00bbh5&#8243; header_font=\u00bbmonserrat-regular|800|||||||\u00bb header_text_align=\u00bbcenter\u00bb header_font_size=\u00bb15px\u00bb body_font=\u00bbmonserrat-variablefont_wght|900|||||||\u00bb body_text_align=\u00bbcenter\u00bb body_font_size=\u00bb22px\u00bb image_icon_custom_margin=\u00bb5px||-18px||false|false\u00bb text_orientation=\u00bbcenter\u00bb global_colors_info=\u00bb{}\u00bb]<\/p>\n<p>17 x 12<\/p>\n<p>[\/et_pb_blurb][\/et_pb_column][et_pb_column type=\u00bb1_6&#8243; _builder_version=\u00bb4.24.3&#8243; _module_preset=\u00bbdefault\u00bb global_colors_info=\u00bb{}\u00bb][et_pb_blurb title=\u00bbALTURA\u00bb image=\u00bbhttps:\/\/centrodeconvenciones.salta.gob.ar\/wp-content\/uploads\/2024\/04\/altura-color.png\u00bb image_icon_width=\u00bb50%\u00bb _builder_version=\u00bb4.26.1&#8243; _module_preset=\u00bbdefault\u00bb header_level=\u00bbh5&#8243; header_font=\u00bbmonserrat-regular|800|||||||\u00bb header_text_align=\u00bbcenter\u00bb header_font_size=\u00bb15px\u00bb body_font=\u00bbmonserrat-variablefont_wght|900|||||||\u00bb body_text_align=\u00bbcenter\u00bb body_font_size=\u00bb22px\u00bb image_icon_custom_margin=\u00bb5px||-18px||false|false\u00bb text_orientation=\u00bbcenter\u00bb locked=\u00bboff\u00bb global_colors_info=\u00bb{}\u00bb]<\/p>\n<p>5,3m<\/p>\n<p>[\/et_pb_blurb][\/et_pb_column][et_pb_column type=\u00bb1_6&#8243; _builder_version=\u00bb4.24.3&#8243; _module_preset=\u00bbdefault\u00bb global_colors_info=\u00bb{}\u00bb][et_pb_blurb title=\u00bbAUDITORIO\u00bb image=\u00bbhttps:\/\/centrodeconvenciones.salta.gob.ar\/wp-content\/uploads\/2024\/04\/escuela-color.png\u00bb image_icon_width=\u00bb50%\u00bb _builder_version=\u00bb4.26.1&#8243; _module_preset=\u00bbdefault\u00bb header_level=\u00bbh5&#8243; header_font=\u00bbmonserrat-regular|800|||||||\u00bb header_text_align=\u00bbcenter\u00bb header_font_size=\u00bb15px\u00bb body_font=\u00bbmonserrat-variablefont_wght|900|||||||\u00bb body_text_align=\u00bbcenter\u00bb body_font_size=\u00bb22px\u00bb image_icon_custom_margin=\u00bb5px||-18px||false|false\u00bb text_orientation=\u00bbcenter\u00bb global_colors_info=\u00bb{}\u00bb]<\/p>\n<p>180<\/p>\n<p>[\/et_pb_blurb][\/et_pb_column][et_pb_column type=\u00bb1_6&#8243; _builder_version=\u00bb4.24.3&#8243; _module_preset=\u00bbdefault\u00bb global_colors_info=\u00bb{}\u00bb][et_pb_blurb title=\u00bbESCUELA\u00bb image=\u00bbhttps:\/\/centrodeconvenciones.salta.gob.ar\/wp-content\/uploads\/2024\/04\/auditorio-color.png\u00bb image_icon_width=\u00bb50%\u00bb _builder_version=\u00bb4.26.1&#8243; _module_preset=\u00bbdefault\u00bb header_level=\u00bbh5&#8243; header_font=\u00bbmonserrat-regular|800|||||||\u00bb header_text_align=\u00bbcenter\u00bb header_font_size=\u00bb15px\u00bb body_font=\u00bbmonserrat-variablefont_wght|900|||||||\u00bb body_text_align=\u00bbcenter\u00bb body_font_size=\u00bb22px\u00bb image_icon_custom_margin=\u00bb5px||-18px||false|false\u00bb text_orientation=\u00bbcenter\u00bb global_colors_info=\u00bb{}\u00bb]<\/p>\n<p>150<\/p>\n<p>[\/et_pb_blurb][\/et_pb_column][et_pb_column type=\u00bb1_6&#8243; _builder_version=\u00bb4.24.3&#8243; _module_preset=\u00bbdefault\u00bb global_colors_info=\u00bb{}\u00bb][et_pb_blurb title=\u00bbRECEPCI\u00d3N\u00bb image=\u00bbhttps:\/\/centrodeconvenciones.salta.gob.ar\/wp-content\/uploads\/2024\/04\/recepcion-color.png\u00bb image_icon_width=\u00bb50%\u00bb _builder_version=\u00bb4.26.1&#8243; _module_preset=\u00bbdefault\u00bb header_level=\u00bbh5&#8243; header_font=\u00bbmonserrat-regular|800|||||||\u00bb header_text_align=\u00bbcenter\u00bb header_font_size=\u00bb15px\u00bb body_font=\u00bbmonserrat-variablefont_wght|900|||||||\u00bb body_text_align=\u00bbcenter\u00bb body_font_size=\u00bb22px\u00bb image_icon_custom_margin=\u00bb5px||-18px||false|false\u00bb text_orientation=\u00bbcenter\u00bb locked=\u00bboff\u00bb global_colors_info=\u00bb{}\u00bb]<\/p>\n<p>200<\/p>\n<p>[\/et_pb_blurb][\/et_pb_column][et_pb_column type=\u00bb1_6&#8243; _builder_version=\u00bb4.24.3&#8243; _module_preset=\u00bbdefault\u00bb global_colors_info=\u00bb{}\u00bb][et_pb_blurb title=\u00bbBANQUETES\u00bb image=\u00bbhttps:\/\/centrodeconvenciones.salta.gob.ar\/wp-content\/uploads\/2024\/04\/banquete-color.png\u00bb image_icon_width=\u00bb50%\u00bb _builder_version=\u00bb4.26.1&#8243; _module_preset=\u00bbdefault\u00bb header_level=\u00bbh5&#8243; header_font=\u00bbmonserrat-regular|800|||||||\u00bb header_text_align=\u00bbcenter\u00bb header_font_size=\u00bb15px\u00bb body_font=\u00bbmonserrat-variablefont_wght|900|||||||\u00bb body_text_align=\u00bbcenter\u00bb body_font_size=\u00bb22px\u00bb image_icon_custom_margin=\u00bb5px||-18px||false|false\u00bb text_orientation=\u00bbcenter\u00bb global_colors_info=\u00bb{}\u00bb]<\/p>\n<p>160<\/p>\n<p>[\/et_pb_blurb][\/et_pb_column][\/et_pb_row][et_pb_row _builder_version=\u00bb4.26.1&#8243; _module_preset=\u00bbdefault\u00bb global_colors_info=\u00bb{}\u00bb][et_pb_column type=\u00bb4_4&#8243; _builder_version=\u00bb4.26.1&#8243; _module_preset=\u00bbdefault\u00bb global_colors_info=\u00bb{}\u00bb][et_pb_divider color=\u00bb#86161a\u00bb divider_position=\u00bbcenter\u00bb _builder_version=\u00bb4.26.1&#8243; _module_preset=\u00bbdefault\u00bb global_colors_info=\u00bb{}\u00bb][\/et_pb_divider][\/et_pb_column][\/et_pb_row][et_pb_row column_structure=\u00bb1_2,1_2&#8243; module_id=\u00bbElTipal\u00bb _builder_version=\u00bb4.26.1&#8243; _module_preset=\u00bbdefault\u00bb global_colors_info=\u00bb{}\u00bb][et_pb_column type=\u00bb1_2&#8243; _builder_version=\u00bb4.26.1&#8243; _module_preset=\u00bbdefault\u00bb custom_padding=\u00bb1%||||false|false\u00bb animation_style=\u00bbslide\u00bb animation_direction=\u00bbleft\u00bb global_colors_info=\u00bb{}\u00bb][et_pb_text _builder_version=\u00bb4.26.1&#8243; _module_preset=\u00bbdefault\u00bb text_font=\u00bbmonserrat-variablefont_wght|700|||||||\u00bb text_text_color=\u00bb#000000&#8243; text_font_size=\u00bb12px\u00bb header_5_font=\u00bbmonserrat-variablefont_wght|800|||||||\u00bb header_5_text_color=\u00bb#000000&#8243; header_5_font_size=\u00bb20px\u00bb header_5_line_height=\u00bb2.4em\u00bb background_color=\u00bbrgba(255,255,255,0.72)\u00bb position_origin_a=\u00bbbottom_center\u00bb vertical_offset=\u00bb335px\u00bb horizontal_offset=\u00bb0px\u00bb text_orientation=\u00bbjustified\u00bb width=\u00bb100%\u00bb height=\u00bb250px\u00bb custom_margin=\u00bb0px|0px|0px|0px|false|false\u00bb custom_padding=\u00bb20px|20px|20px|20px|false|false\u00bb border_radii=\u00bbon|10px|10px|10px|10px\u00bb box_shadow_style=\u00bbpreset1&#8243; global_colors_info=\u00bb{}\u00bb]<\/p>\n<h5 class=\"modal-title\" id=\"salonLosNogalesLabel\">Sala El Tipal<\/h5>\n<p style=\"text-align: justify;\">Dentro de las salas de capacitaciones funciona independientemente. Esta sala de 204 m2 es la \u00fanica del sector de capacitaciones que funciona de forma independiente, ya que no posee paneles m\u00f3viles para unificarse con las contiguas.<\/p>\n<p>[\/et_pb_text][\/et_pb_column][et_pb_column type=\u00bb1_2&#8243; _builder_version=\u00bb4.26.1&#8243; _module_preset=\u00bbdefault\u00bb animation_style=\u00bbslide\u00bb animation_direction=\u00bbright\u00bb global_colors_info=\u00bb{}\u00bb][et_pb_gallery gallery_ids=\u00bb2360&#8243; fullwidth=\u00bbon\u00bb _builder_version=\u00bb4.26.1&#8243; _module_preset=\u00bbdefault\u00bb max_width=\u00bb80%\u00bb module_alignment=\u00bbcenter\u00bb global_colors_info=\u00bb{}\u00bb][\/et_pb_gallery][\/et_pb_column][\/et_pb_row][et_pb_row column_structure=\u00bb1_6,1_6,1_6,1_6,1_6,1_6&#8243; _builder_version=\u00bb4.26.1&#8243; _module_preset=\u00bbdefault\u00bb width=\u00bb95%\u00bb animation_style=\u00bbzoom\u00bb locked=\u00bboff\u00bb global_colors_info=\u00bb{}\u00bb][et_pb_column type=\u00bb1_6&#8243; _builder_version=\u00bb4.24.3&#8243; _module_preset=\u00bbdefault\u00bb global_colors_info=\u00bb{}\u00bb][et_pb_blurb title=\u00bb204 m\u00b2\u00bb image=\u00bbhttps:\/\/centrodeconvenciones.salta.gob.ar\/wp-content\/uploads\/2024\/04\/area-color.png\u00bb image_icon_width=\u00bb50%\u00bb _builder_version=\u00bb4.26.1&#8243; _module_preset=\u00bbdefault\u00bb header_level=\u00bbh5&#8243; header_font=\u00bbmonserrat-regular|800|||||||\u00bb header_text_align=\u00bbcenter\u00bb header_font_size=\u00bb15px\u00bb body_font=\u00bbmonserrat-variablefont_wght|900|||||||\u00bb body_text_align=\u00bbcenter\u00bb body_font_size=\u00bb22px\u00bb image_icon_custom_margin=\u00bb5px||-18px||false|false\u00bb text_orientation=\u00bbcenter\u00bb global_colors_info=\u00bb{}\u00bb]<\/p>\n<p>17 x 12<\/p>\n<p>[\/et_pb_blurb][\/et_pb_column][et_pb_column type=\u00bb1_6&#8243; _builder_version=\u00bb4.24.3&#8243; _module_preset=\u00bbdefault\u00bb global_colors_info=\u00bb{}\u00bb][et_pb_blurb title=\u00bbALTURA\u00bb image=\u00bbhttps:\/\/centrodeconvenciones.salta.gob.ar\/wp-content\/uploads\/2024\/04\/altura-color.png\u00bb image_icon_width=\u00bb50%\u00bb _builder_version=\u00bb4.26.1&#8243; _module_preset=\u00bbdefault\u00bb header_level=\u00bbh5&#8243; header_font=\u00bbmonserrat-regular|800|||||||\u00bb header_text_align=\u00bbcenter\u00bb header_font_size=\u00bb15px\u00bb body_font=\u00bbmonserrat-variablefont_wght|900|||||||\u00bb body_text_align=\u00bbcenter\u00bb body_font_size=\u00bb22px\u00bb image_icon_custom_margin=\u00bb5px||-18px||false|false\u00bb text_orientation=\u00bbcenter\u00bb locked=\u00bboff\u00bb global_colors_info=\u00bb{}\u00bb]<\/p>\n<p>5,3m<\/p>\n<p>[\/et_pb_blurb][\/et_pb_column][et_pb_column type=\u00bb1_6&#8243; _builder_version=\u00bb4.24.3&#8243; _module_preset=\u00bbdefault\u00bb global_colors_info=\u00bb{}\u00bb][et_pb_blurb title=\u00bbAUDITORIO\u00bb image=\u00bbhttps:\/\/centrodeconvenciones.salta.gob.ar\/wp-content\/uploads\/2024\/04\/escuela-color.png\u00bb image_icon_width=\u00bb50%\u00bb _builder_version=\u00bb4.26.1&#8243; _module_preset=\u00bbdefault\u00bb header_level=\u00bbh5&#8243; header_font=\u00bbmonserrat-regular|800|||||||\u00bb header_text_align=\u00bbcenter\u00bb header_font_size=\u00bb15px\u00bb body_font=\u00bbmonserrat-variablefont_wght|900|||||||\u00bb body_text_align=\u00bbcenter\u00bb body_font_size=\u00bb22px\u00bb image_icon_custom_margin=\u00bb5px||-18px||false|false\u00bb text_orientation=\u00bbcenter\u00bb global_colors_info=\u00bb{}\u00bb]<\/p>\n<p>180<\/p>\n<p>[\/et_pb_blurb][\/et_pb_column][et_pb_column type=\u00bb1_6&#8243; _builder_version=\u00bb4.24.3&#8243; _module_preset=\u00bbdefault\u00bb global_colors_info=\u00bb{}\u00bb][et_pb_blurb title=\u00bbESCUELA\u00bb image=\u00bbhttps:\/\/centrodeconvenciones.salta.gob.ar\/wp-content\/uploads\/2024\/04\/auditorio-color.png\u00bb image_icon_width=\u00bb50%\u00bb _builder_version=\u00bb4.26.1&#8243; _module_preset=\u00bbdefault\u00bb header_level=\u00bbh5&#8243; header_font=\u00bbmonserrat-regular|800|||||||\u00bb header_text_align=\u00bbcenter\u00bb header_font_size=\u00bb15px\u00bb body_font=\u00bbmonserrat-variablefont_wght|900|||||||\u00bb body_text_align=\u00bbcenter\u00bb body_font_size=\u00bb22px\u00bb image_icon_custom_margin=\u00bb5px||-18px||false|false\u00bb text_orientation=\u00bbcenter\u00bb global_colors_info=\u00bb{}\u00bb]<\/p>\n<p>150<\/p>\n<p>[\/et_pb_blurb][\/et_pb_column][et_pb_column type=\u00bb1_6&#8243; _builder_version=\u00bb4.24.3&#8243; _module_preset=\u00bbdefault\u00bb global_colors_info=\u00bb{}\u00bb][et_pb_blurb title=\u00bbRECEPCI\u00d3N\u00bb image=\u00bbhttps:\/\/centrodeconvenciones.salta.gob.ar\/wp-content\/uploads\/2024\/04\/recepcion-color.png\u00bb image_icon_width=\u00bb50%\u00bb _builder_version=\u00bb4.26.1&#8243; _module_preset=\u00bbdefault\u00bb header_level=\u00bbh5&#8243; header_font=\u00bbmonserrat-regular|800|||||||\u00bb header_text_align=\u00bbcenter\u00bb header_font_size=\u00bb15px\u00bb body_font=\u00bbmonserrat-variablefont_wght|900|||||||\u00bb body_text_align=\u00bbcenter\u00bb body_font_size=\u00bb22px\u00bb image_icon_custom_margin=\u00bb5px||-18px||false|false\u00bb text_orientation=\u00bbcenter\u00bb locked=\u00bboff\u00bb global_colors_info=\u00bb{}\u00bb]<\/p>\n<p>200<\/p>\n<p>[\/et_pb_blurb][\/et_pb_column][et_pb_column type=\u00bb1_6&#8243; _builder_version=\u00bb4.24.3&#8243; _module_preset=\u00bbdefault\u00bb global_colors_info=\u00bb{}\u00bb][et_pb_blurb title=\u00bbBANQUETES\u00bb image=\u00bbhttps:\/\/centrodeconvenciones.salta.gob.ar\/wp-content\/uploads\/2024\/04\/banquete-color.png\u00bb image_icon_width=\u00bb50%\u00bb _builder_version=\u00bb4.26.1&#8243; _module_preset=\u00bbdefault\u00bb header_level=\u00bbh5&#8243; header_font=\u00bbmonserrat-regular|800|||||||\u00bb header_text_align=\u00bbcenter\u00bb header_font_size=\u00bb15px\u00bb body_font=\u00bbmonserrat-variablefont_wght|900|||||||\u00bb body_text_align=\u00bbcenter\u00bb body_font_size=\u00bb22px\u00bb image_icon_custom_margin=\u00bb5px||-18px||false|false\u00bb text_orientation=\u00bbcenter\u00bb global_colors_info=\u00bb{}\u00bb]<\/p>\n<p>160<\/p>\n<p>[\/et_pb_blurb][\/et_pb_column][\/et_pb_row][et_pb_row _builder_version=\u00bb4.26.1&#8243; _module_preset=\u00bbdefault\u00bb global_colors_info=\u00bb{}\u00bb][et_pb_column type=\u00bb4_4&#8243; _builder_version=\u00bb4.26.1&#8243; _module_preset=\u00bbdefault\u00bb global_colors_info=\u00bb{}\u00bb][et_pb_divider color=\u00bb#86161a\u00bb divider_position=\u00bbcenter\u00bb _builder_version=\u00bb4.26.1&#8243; _module_preset=\u00bbdefault\u00bb global_colors_info=\u00bb{}\u00bb][\/et_pb_divider][\/et_pb_column][\/et_pb_row][et_pb_row column_structure=\u00bb1_2,1_2&#8243; module_id=\u00bbLosAlamosSUM\u00bb _builder_version=\u00bb4.26.1&#8243; _module_preset=\u00bbdefault\u00bb global_colors_info=\u00bb{}\u00bb][et_pb_column type=\u00bb1_2&#8243; _builder_version=\u00bb4.26.1&#8243; _module_preset=\u00bbdefault\u00bb animation_style=\u00bbslide\u00bb animation_direction=\u00bbleft\u00bb global_colors_info=\u00bb{}\u00bb][et_pb_gallery gallery_ids=\u00bb2363&#8243; fullwidth=\u00bbon\u00bb _builder_version=\u00bb4.26.1&#8243; _module_preset=\u00bbdefault\u00bb max_width=\u00bb80%\u00bb module_alignment=\u00bbcenter\u00bb global_colors_info=\u00bb{}\u00bb][\/et_pb_gallery][\/et_pb_column][et_pb_column type=\u00bb1_2&#8243; _builder_version=\u00bb4.26.1&#8243; _module_preset=\u00bbdefault\u00bb custom_padding=\u00bb1%||||false|false\u00bb animation_style=\u00bbslide\u00bb animation_direction=\u00bbright\u00bb global_colors_info=\u00bb{}\u00bb][et_pb_text _builder_version=\u00bb4.26.1&#8243; _module_preset=\u00bbdefault\u00bb text_font=\u00bbmonserrat-variablefont_wght|700|||||||\u00bb text_text_color=\u00bb#000000&#8243; text_font_size=\u00bb12px\u00bb header_5_font=\u00bbmonserrat-variablefont_wght|800|||||||\u00bb header_5_text_color=\u00bb#000000&#8243; header_5_font_size=\u00bb20px\u00bb header_5_line_height=\u00bb2.4em\u00bb background_color=\u00bbrgba(255,255,255,0.72)\u00bb position_origin_a=\u00bbbottom_center\u00bb vertical_offset=\u00bb335px\u00bb horizontal_offset=\u00bb0px\u00bb text_orientation=\u00bbjustified\u00bb width=\u00bb100%\u00bb height=\u00bb250px\u00bb custom_margin=\u00bb0px|0px|0px|0px|false|false\u00bb custom_padding=\u00bb20px|20px|20px|20px|false|false\u00bb border_radii=\u00bbon|10px|10px|10px|10px\u00bb box_shadow_style=\u00bbpreset1&#8243; global_colors_info=\u00bb{}\u00bb]<\/p>\n<h5 class=\"modal-title\" id=\"salonLosNogalesLabel\">SUM Los Alamos<\/h5>\n<p>Este Sal\u00f3n de Usos M\u00faltiples ofrece servicios e instalaciones independientes para todo tipo de eventos, con accesos interior y exterior. Cuenta con una cocina equipada, ba\u00f1os y vestuarios para el personal, adem\u00e1s de \u00e1reas para guardarropas, dep\u00f3sitos, acreditaciones y ba\u00f1os para el p\u00fablico. Su arquitectura y dise\u00f1o crea un ambiente ideal para cocktails, conferencias y desayunos de trabajo, entre otros.<\/p>\n<p>[\/et_pb_text][\/et_pb_column][\/et_pb_row][et_pb_row column_structure=\u00bb1_6,1_6,1_6,1_6,1_6,1_6&#8243; _builder_version=\u00bb4.26.1&#8243; _module_preset=\u00bbdefault\u00bb width=\u00bb95%\u00bb locked=\u00bboff\u00bb global_colors_info=\u00bb{}\u00bb][et_pb_column type=\u00bb1_6&#8243; _builder_version=\u00bb4.24.3&#8243; _module_preset=\u00bbdefault\u00bb global_colors_info=\u00bb{}\u00bb][et_pb_blurb title=\u00bb440 m\u00b2\u00bb image=\u00bbhttps:\/\/centrodeconvenciones.salta.gob.ar\/wp-content\/uploads\/2024\/04\/area-color.png\u00bb image_icon_width=\u00bb50%\u00bb _builder_version=\u00bb4.26.1&#8243; _module_preset=\u00bbdefault\u00bb header_level=\u00bbh5&#8243; header_font=\u00bbmonserrat-regular|800|||||||\u00bb header_text_align=\u00bbcenter\u00bb header_font_size=\u00bb15px\u00bb body_font=\u00bbmonserrat-variablefont_wght|900|||||||\u00bb body_text_align=\u00bbcenter\u00bb body_font_size=\u00bb22px\u00bb image_icon_custom_margin=\u00bb5px||-18px||false|false\u00bb text_orientation=\u00bbcenter\u00bb global_colors_info=\u00bb{}\u00bb]<\/p>\n<p>20 x 22<\/p>\n<p>[\/et_pb_blurb][\/et_pb_column][et_pb_column type=\u00bb1_6&#8243; _builder_version=\u00bb4.24.3&#8243; _module_preset=\u00bbdefault\u00bb global_colors_info=\u00bb{}\u00bb][et_pb_blurb title=\u00bbALTURA\u00bb image=\u00bbhttps:\/\/centrodeconvenciones.salta.gob.ar\/wp-content\/uploads\/2024\/04\/altura-color.png\u00bb image_icon_width=\u00bb50%\u00bb _builder_version=\u00bb4.26.1&#8243; _module_preset=\u00bbdefault\u00bb header_level=\u00bbh5&#8243; header_font=\u00bbmonserrat-regular|800|||||||\u00bb header_text_align=\u00bbcenter\u00bb header_font_size=\u00bb15px\u00bb body_font=\u00bbmonserrat-variablefont_wght|900|||||||\u00bb body_text_align=\u00bbcenter\u00bb body_font_size=\u00bb22px\u00bb image_icon_custom_margin=\u00bb5px||-18px||false|false\u00bb text_orientation=\u00bbcenter\u00bb locked=\u00bboff\u00bb global_colors_info=\u00bb{}\u00bb]<\/p>\n<p>6m<\/p>\n<p>[\/et_pb_blurb][\/et_pb_column][et_pb_column type=\u00bb1_6&#8243; _builder_version=\u00bb4.24.3&#8243; _module_preset=\u00bbdefault\u00bb global_colors_info=\u00bb{}\u00bb][et_pb_blurb title=\u00bbAUDITORIO\u00bb image=\u00bbhttps:\/\/centrodeconvenciones.salta.gob.ar\/wp-content\/uploads\/2024\/04\/escuela-color.png\u00bb image_icon_width=\u00bb50%\u00bb _builder_version=\u00bb4.26.1&#8243; _module_preset=\u00bbdefault\u00bb header_level=\u00bbh5&#8243; header_font=\u00bbmonserrat-regular|800|||||||\u00bb header_text_align=\u00bbcenter\u00bb header_font_size=\u00bb15px\u00bb body_font=\u00bbmonserrat-variablefont_wght|900|||||||\u00bb body_text_align=\u00bbcenter\u00bb body_font_size=\u00bb22px\u00bb image_icon_custom_margin=\u00bb5px||-18px||false|false\u00bb text_orientation=\u00bbcenter\u00bb global_colors_info=\u00bb{}\u00bb]<\/p>\n<p>200<\/p>\n<p>[\/et_pb_blurb][\/et_pb_column][et_pb_column type=\u00bb1_6&#8243; _builder_version=\u00bb4.24.3&#8243; _module_preset=\u00bbdefault\u00bb global_colors_info=\u00bb{}\u00bb][et_pb_blurb title=\u00bbESCUELA\u00bb image=\u00bbhttps:\/\/centrodeconvenciones.salta.gob.ar\/wp-content\/uploads\/2024\/04\/auditorio-color.png\u00bb image_icon_width=\u00bb50%\u00bb _builder_version=\u00bb4.26.1&#8243; _module_preset=\u00bbdefault\u00bb header_level=\u00bbh5&#8243; header_font=\u00bbmonserrat-regular|800|||||||\u00bb header_text_align=\u00bbcenter\u00bb header_font_size=\u00bb15px\u00bb body_font=\u00bbmonserrat-variablefont_wght|900|||||||\u00bb body_text_align=\u00bbcenter\u00bb body_font_size=\u00bb22px\u00bb image_icon_custom_margin=\u00bb5px||-18px||false|false\u00bb text_orientation=\u00bbcenter\u00bb global_colors_info=\u00bb{}\u00bb]<\/p>\n<p>150<\/p>\n<p>[\/et_pb_blurb][\/et_pb_column][et_pb_column type=\u00bb1_6&#8243; _builder_version=\u00bb4.24.3&#8243; _module_preset=\u00bbdefault\u00bb global_colors_info=\u00bb{}\u00bb][et_pb_blurb title=\u00bbRECEPCI\u00d3N\u00bb image=\u00bbhttps:\/\/centrodeconvenciones.salta.gob.ar\/wp-content\/uploads\/2024\/04\/recepcion-color.png\u00bb image_icon_width=\u00bb50%\u00bb _builder_version=\u00bb4.26.1&#8243; _module_preset=\u00bbdefault\u00bb header_level=\u00bbh5&#8243; header_font=\u00bbmonserrat-regular|800|||||||\u00bb header_text_align=\u00bbcenter\u00bb header_font_size=\u00bb15px\u00bb body_font=\u00bbmonserrat-variablefont_wght|900|||||||\u00bb body_text_align=\u00bbcenter\u00bb body_font_size=\u00bb22px\u00bb image_icon_custom_margin=\u00bb5px||-18px||false|false\u00bb text_orientation=\u00bbcenter\u00bb locked=\u00bboff\u00bb global_colors_info=\u00bb{}\u00bb]<\/p>\n<p>350<\/p>\n<p>[\/et_pb_blurb][\/et_pb_column][et_pb_column type=\u00bb1_6&#8243; _builder_version=\u00bb4.24.3&#8243; _module_preset=\u00bbdefault\u00bb global_colors_info=\u00bb{}\u00bb][et_pb_blurb title=\u00bbBANQUETES\u00bb image=\u00bbhttps:\/\/centrodeconvenciones.salta.gob.ar\/wp-content\/uploads\/2024\/04\/banquete-color.png\u00bb image_icon_width=\u00bb50%\u00bb _builder_version=\u00bb4.26.1&#8243; _module_preset=\u00bbdefault\u00bb header_level=\u00bbh5&#8243; header_font=\u00bbmonserrat-regular|800|||||||\u00bb header_text_align=\u00bbcenter\u00bb header_font_size=\u00bb15px\u00bb body_font=\u00bbmonserrat-variablefont_wght|900|||||||\u00bb body_text_align=\u00bbcenter\u00bb body_font_size=\u00bb22px\u00bb image_icon_custom_margin=\u00bb5px||-18px||false|false\u00bb text_orientation=\u00bbcenter\u00bb global_colors_info=\u00bb{}\u00bb]<\/p>\n<p>200<\/p>\n<p>[\/et_pb_blurb][\/et_pb_column][\/et_pb_row][et_pb_row _builder_version=\u00bb4.26.1&#8243; _module_preset=\u00bbdefault\u00bb global_colors_info=\u00bb{}\u00bb][et_pb_column type=\u00bb4_4&#8243; _builder_version=\u00bb4.26.1&#8243; _module_preset=\u00bbdefault\u00bb global_colors_info=\u00bb{}\u00bb][et_pb_divider color=\u00bb#86161a\u00bb divider_position=\u00bbcenter\u00bb _builder_version=\u00bb4.26.1&#8243; _module_preset=\u00bbdefault\u00bb global_colors_info=\u00bb{}\u00bb][\/et_pb_divider][\/et_pb_column][\/et_pb_row][et_pb_row column_structure=\u00bb1_2,1_2&#8243; module_id=\u00bbFoyerPrincipal\u00bb _builder_version=\u00bb4.26.1&#8243; _module_preset=\u00bbdefault\u00bb global_colors_info=\u00bb{}\u00bb][et_pb_column type=\u00bb1_2&#8243; _builder_version=\u00bb4.26.1&#8243; _module_preset=\u00bbdefault\u00bb custom_padding=\u00bb1%||||false|false\u00bb animation_style=\u00bbslide\u00bb animation_direction=\u00bbleft\u00bb global_colors_info=\u00bb{}\u00bb][et_pb_text _builder_version=\u00bb4.26.1&#8243; _module_preset=\u00bbdefault\u00bb text_font=\u00bbmonserrat-variablefont_wght|700|||||||\u00bb text_text_color=\u00bb#000000&#8243; text_font_size=\u00bb12px\u00bb header_5_font=\u00bbmonserrat-variablefont_wght|800|||||||\u00bb header_5_text_color=\u00bb#000000&#8243; header_5_font_size=\u00bb20px\u00bb header_5_line_height=\u00bb2.4em\u00bb background_color=\u00bbrgba(255,255,255,0.72)\u00bb position_origin_a=\u00bbbottom_center\u00bb vertical_offset=\u00bb335px\u00bb horizontal_offset=\u00bb0px\u00bb text_orientation=\u00bbjustified\u00bb width=\u00bb100%\u00bb height=\u00bb250px\u00bb custom_margin=\u00bb0px|0px|0px|0px|false|false\u00bb custom_padding=\u00bb20px|20px|20px|20px|false|false\u00bb border_radii=\u00bbon|10px|10px|10px|10px\u00bb box_shadow_style=\u00bbpreset1&#8243; global_colors_info=\u00bb{}\u00bb]<\/p>\n<h5 class=\"modal-title\" id=\"salonLosNogalesLabel\">Foyer Principal<\/h5>\n<p>En este espacio se puede apreciar y destacar la amplitud, luminosidad y magnificencia distintiva de nuestro venue. Es el acceso principal al predio interior del Centro de Convenciones, tiene la caracter\u00edstica de modular ya que permite no solamente ser el distribuidor a los distintos salones, sino tambi\u00e9n un lugar apto para Acreditaciones, Recepciones, Exposiciones, entre otros.<\/p>\n<p>[\/et_pb_text][\/et_pb_column][et_pb_column type=\u00bb1_2&#8243; _builder_version=\u00bb4.26.1&#8243; _module_preset=\u00bbdefault\u00bb animation_style=\u00bbslide\u00bb animation_direction=\u00bbright\u00bb global_colors_info=\u00bb{}\u00bb][et_pb_gallery gallery_ids=\u00bb2365,2415&#8243; fullwidth=\u00bbon\u00bb _builder_version=\u00bb4.26.1&#8243; _module_preset=\u00bbdefault\u00bb max_width=\u00bb80%\u00bb module_alignment=\u00bbcenter\u00bb global_colors_info=\u00bb{}\u00bb][\/et_pb_gallery][\/et_pb_column][\/et_pb_row][et_pb_row column_structure=\u00bb1_6,1_6,1_6,1_6,1_6,1_6&#8243; _builder_version=\u00bb4.26.1&#8243; _module_preset=\u00bbdefault\u00bb width=\u00bb95%\u00bb locked=\u00bboff\u00bb global_colors_info=\u00bb{}\u00bb][et_pb_column type=\u00bb1_6&#8243; _builder_version=\u00bb4.24.3&#8243; _module_preset=\u00bbdefault\u00bb global_colors_info=\u00bb{}\u00bb][et_pb_blurb title=\u00bb900 m\u00b2\u00bb image=\u00bbhttps:\/\/centrodeconvenciones.salta.gob.ar\/wp-content\/uploads\/2024\/04\/area-color.png\u00bb image_icon_width=\u00bb50%\u00bb _builder_version=\u00bb4.26.1&#8243; _module_preset=\u00bbdefault\u00bb header_level=\u00bbh5&#8243; header_font=\u00bbmonserrat-regular|800|||||||\u00bb header_text_align=\u00bbcenter\u00bb header_font_size=\u00bb15px\u00bb body_font=\u00bbmonserrat-variablefont_wght|900|||||||\u00bb body_text_align=\u00bbcenter\u00bb body_font_size=\u00bb22px\u00bb image_icon_custom_margin=\u00bb5px||-18px||false|false\u00bb text_orientation=\u00bbcenter\u00bb global_colors_info=\u00bb{}\u00bb]<\/p>\n<p>&#8211;<\/p>\n<p>[\/et_pb_blurb][\/et_pb_column][et_pb_column type=\u00bb1_6&#8243; _builder_version=\u00bb4.24.3&#8243; _module_preset=\u00bbdefault\u00bb global_colors_info=\u00bb{}\u00bb][et_pb_blurb title=\u00bbALTURA\u00bb image=\u00bbhttps:\/\/centrodeconvenciones.salta.gob.ar\/wp-content\/uploads\/2024\/04\/altura-color.png\u00bb image_icon_width=\u00bb50%\u00bb _builder_version=\u00bb4.26.1&#8243; _module_preset=\u00bbdefault\u00bb header_level=\u00bbh5&#8243; header_font=\u00bbmonserrat-regular|800|||||||\u00bb header_text_align=\u00bbcenter\u00bb header_font_size=\u00bb15px\u00bb body_font=\u00bbmonserrat-variablefont_wght|900|||||||\u00bb body_text_align=\u00bbcenter\u00bb body_font_size=\u00bb22px\u00bb image_icon_custom_margin=\u00bb5px||-18px||false|false\u00bb text_orientation=\u00bbcenter\u00bb locked=\u00bboff\u00bb global_colors_info=\u00bb{}\u00bb]<\/p>\n<p>5,8m<\/p>\n<p>[\/et_pb_blurb][\/et_pb_column][et_pb_column type=\u00bb1_6&#8243; _builder_version=\u00bb4.24.3&#8243; _module_preset=\u00bbdefault\u00bb global_colors_info=\u00bb{}\u00bb][et_pb_blurb title=\u00bbAUDITORIO\u00bb image=\u00bbhttps:\/\/centrodeconvenciones.salta.gob.ar\/wp-content\/uploads\/2024\/04\/escuela-color.png\u00bb image_icon_width=\u00bb50%\u00bb _builder_version=\u00bb4.26.1&#8243; _module_preset=\u00bbdefault\u00bb header_level=\u00bbh5&#8243; header_font=\u00bbmonserrat-regular|800|||||||\u00bb header_text_align=\u00bbcenter\u00bb header_font_size=\u00bb15px\u00bb body_font=\u00bbmonserrat-variablefont_wght|900|||||||\u00bb body_text_align=\u00bbcenter\u00bb body_font_size=\u00bb22px\u00bb image_icon_custom_margin=\u00bb5px||-18px||false|false\u00bb text_orientation=\u00bbcenter\u00bb global_colors_info=\u00bb{}\u00bb]<\/p>\n<p>350<\/p>\n<p>[\/et_pb_blurb][\/et_pb_column][et_pb_column type=\u00bb1_6&#8243; _builder_version=\u00bb4.24.3&#8243; _module_preset=\u00bbdefault\u00bb global_colors_info=\u00bb{}\u00bb][et_pb_blurb title=\u00bbESCUELA\u00bb image=\u00bbhttps:\/\/centrodeconvenciones.salta.gob.ar\/wp-content\/uploads\/2024\/04\/auditorio-color.png\u00bb image_icon_width=\u00bb50%\u00bb _builder_version=\u00bb4.26.1&#8243; _module_preset=\u00bbdefault\u00bb header_level=\u00bbh5&#8243; header_font=\u00bbmonserrat-regular|800|||||||\u00bb header_text_align=\u00bbcenter\u00bb header_font_size=\u00bb15px\u00bb body_font=\u00bbmonserrat-variablefont_wght|900|||||||\u00bb body_text_align=\u00bbcenter\u00bb body_font_size=\u00bb22px\u00bb image_icon_custom_margin=\u00bb5px||-18px||false|false\u00bb text_orientation=\u00bbcenter\u00bb global_colors_info=\u00bb{}\u00bb]<\/p>\n<p>&#8211;<\/p>\n<p>[\/et_pb_blurb][\/et_pb_column][et_pb_column type=\u00bb1_6&#8243; _builder_version=\u00bb4.24.3&#8243; _module_preset=\u00bbdefault\u00bb global_colors_info=\u00bb{}\u00bb][et_pb_blurb title=\u00bbRECEPCI\u00d3N\u00bb image=\u00bbhttps:\/\/centrodeconvenciones.salta.gob.ar\/wp-content\/uploads\/2024\/04\/recepcion-color.png\u00bb image_icon_width=\u00bb50%\u00bb _builder_version=\u00bb4.26.1&#8243; _module_preset=\u00bbdefault\u00bb header_level=\u00bbh5&#8243; header_font=\u00bbmonserrat-regular|800|||||||\u00bb header_text_align=\u00bbcenter\u00bb header_font_size=\u00bb15px\u00bb body_font=\u00bbmonserrat-variablefont_wght|900|||||||\u00bb body_text_align=\u00bbcenter\u00bb body_font_size=\u00bb22px\u00bb image_icon_custom_margin=\u00bb5px||-18px||false|false\u00bb text_orientation=\u00bbcenter\u00bb locked=\u00bboff\u00bb global_colors_info=\u00bb{}\u00bb]<\/p>\n<p>1.000<\/p>\n<p>[\/et_pb_blurb][\/et_pb_column][et_pb_column type=\u00bb1_6&#8243; _builder_version=\u00bb4.24.3&#8243; _module_preset=\u00bbdefault\u00bb global_colors_info=\u00bb{}\u00bb][et_pb_blurb title=\u00bbBANQUETES\u00bb image=\u00bbhttps:\/\/centrodeconvenciones.salta.gob.ar\/wp-content\/uploads\/2024\/04\/banquete-color.png\u00bb image_icon_width=\u00bb50%\u00bb _builder_version=\u00bb4.26.1&#8243; _module_preset=\u00bbdefault\u00bb header_level=\u00bbh5&#8243; header_font=\u00bbmonserrat-regular|800|||||||\u00bb header_text_align=\u00bbcenter\u00bb header_font_size=\u00bb15px\u00bb body_font=\u00bbmonserrat-variablefont_wght|900|||||||\u00bb body_text_align=\u00bbcenter\u00bb body_font_size=\u00bb22px\u00bb image_icon_custom_margin=\u00bb5px||-18px||false|false\u00bb text_orientation=\u00bbcenter\u00bb global_colors_info=\u00bb{}\u00bb]<\/p>\n<p>&#8211;<\/p>\n<p>[\/et_pb_blurb][\/et_pb_column][\/et_pb_row][et_pb_row _builder_version=\u00bb4.26.1&#8243; _module_preset=\u00bbdefault\u00bb global_colors_info=\u00bb{}\u00bb][et_pb_column type=\u00bb4_4&#8243; _builder_version=\u00bb4.26.1&#8243; _module_preset=\u00bbdefault\u00bb global_colors_info=\u00bb{}\u00bb][et_pb_divider color=\u00bb#86161a\u00bb divider_position=\u00bbcenter\u00bb _builder_version=\u00bb4.26.1&#8243; _module_preset=\u00bbdefault\u00bb global_colors_info=\u00bb{}\u00bb][\/et_pb_divider][\/et_pb_column][\/et_pb_row][et_pb_row column_structure=\u00bb1_2,1_2&#8243; module_id=\u00bbSalonPrincipal\u00bb _builder_version=\u00bb4.26.1&#8243; _module_preset=\u00bbdefault\u00bb global_colors_info=\u00bb{}\u00bb][et_pb_column type=\u00bb1_2&#8243; _builder_version=\u00bb4.26.1&#8243; _module_preset=\u00bbdefault\u00bb animation_style=\u00bbslide\u00bb animation_direction=\u00bbleft\u00bb global_colors_info=\u00bb{}\u00bb][et_pb_gallery gallery_ids=\u00bb2595&#8243; fullwidth=\u00bbon\u00bb _builder_version=\u00bb4.26.1&#8243; _module_preset=\u00bbdefault\u00bb max_width=\u00bb80%\u00bb module_alignment=\u00bbcenter\u00bb hover_enabled=\u00bb0&#8243; global_colors_info=\u00bb{}\u00bb sticky_enabled=\u00bb0&#8243;][\/et_pb_gallery][\/et_pb_column][et_pb_column type=\u00bb1_2&#8243; _builder_version=\u00bb4.26.1&#8243; _module_preset=\u00bbdefault\u00bb custom_padding=\u00bb1%||||false|false\u00bb animation_style=\u00bbslide\u00bb animation_direction=\u00bbright\u00bb global_colors_info=\u00bb{}\u00bb][et_pb_text _builder_version=\u00bb4.26.1&#8243; _module_preset=\u00bbdefault\u00bb text_font=\u00bbmonserrat-variablefont_wght|700|||||||\u00bb text_text_color=\u00bb#000000&#8243; text_font_size=\u00bb12px\u00bb header_5_font=\u00bbmonserrat-variablefont_wght|800|||||||\u00bb header_5_text_color=\u00bb#000000&#8243; header_5_font_size=\u00bb20px\u00bb header_5_line_height=\u00bb2.4em\u00bb background_color=\u00bbrgba(255,255,255,0.72)\u00bb position_origin_a=\u00bbbottom_center\u00bb vertical_offset=\u00bb335px\u00bb horizontal_offset=\u00bb0px\u00bb text_orientation=\u00bbjustified\u00bb width=\u00bb100%\u00bb height=\u00bb250px\u00bb custom_margin=\u00bb0px|0px|0px|0px|false|false\u00bb custom_padding=\u00bb20px|20px|20px|20px|false|false\u00bb border_radii=\u00bbon|10px|10px|10px|10px\u00bb box_shadow_style=\u00bbpreset1&#8243; global_colors_info=\u00bb{}\u00bb]<\/p>\n<h5 class=\"modal-title\" id=\"salonLosNogalesLabel\">Sal\u00f3n Principal<\/h5>\n<p style=\"text-align: justify;\"><span>Tiene una superficie de 2.360 m2 y puede ser divisible en dos, tres o cuatro salones de menor tama\u00f1o mediante paneles m\u00f3viles totalmente ac\u00fasticos, es el ideal para realizar cenas, exposiciones y ferias de grandes magnitudes.<\/span><\/p>\n<p>[\/et_pb_text][\/et_pb_column][\/et_pb_row][et_pb_row column_structure=\u00bb1_6,1_6,1_6,1_6,1_6,1_6&#8243; _builder_version=\u00bb4.26.1&#8243; _module_preset=\u00bbdefault\u00bb width=\u00bb95%\u00bb global_colors_info=\u00bb{}\u00bb][et_pb_column type=\u00bb1_6&#8243; _builder_version=\u00bb4.24.3&#8243; _module_preset=\u00bbdefault\u00bb global_colors_info=\u00bb{}\u00bb][et_pb_blurb title=\u00bb2.300 m\u00b2\u00bb image=\u00bbhttps:\/\/centrodeconvenciones.salta.gob.ar\/wp-content\/uploads\/2024\/04\/area-color.png\u00bb image_icon_width=\u00bb50%\u00bb _builder_version=\u00bb4.26.1&#8243; _module_preset=\u00bbdefault\u00bb header_level=\u00bbh5&#8243; header_font=\u00bbmonserrat-regular|800|||||||\u00bb header_text_align=\u00bbcenter\u00bb header_font_size=\u00bb15px\u00bb body_font=\u00bbmonserrat-variablefont_wght|900|||||||\u00bb body_text_align=\u00bbcenter\u00bb body_font_size=\u00bb22px\u00bb image_icon_custom_margin=\u00bb5px||-18px||false|false\u00bb text_orientation=\u00bbcenter\u00bb global_colors_info=\u00bb{}\u00bb]<\/p>\n<p>64 x 36<\/p>\n<p>[\/et_pb_blurb][\/et_pb_column][et_pb_column type=\u00bb1_6&#8243; _builder_version=\u00bb4.24.3&#8243; _module_preset=\u00bbdefault\u00bb global_colors_info=\u00bb{}\u00bb][et_pb_blurb title=\u00bbALTURA\u00bb image=\u00bbhttps:\/\/centrodeconvenciones.salta.gob.ar\/wp-content\/uploads\/2024\/04\/altura-color.png\u00bb image_icon_width=\u00bb50%\u00bb _builder_version=\u00bb4.26.1&#8243; _module_preset=\u00bbdefault\u00bb header_level=\u00bbh5&#8243; header_font=\u00bbmonserrat-regular|800|||||||\u00bb header_text_align=\u00bbcenter\u00bb header_font_size=\u00bb15px\u00bb body_font=\u00bbmonserrat-variablefont_wght|900|||||||\u00bb body_text_align=\u00bbcenter\u00bb body_font_size=\u00bb22px\u00bb image_icon_custom_margin=\u00bb5px||-18px||false|false\u00bb text_orientation=\u00bbcenter\u00bb locked=\u00bboff\u00bb global_colors_info=\u00bb{}\u00bb]<\/p>\n<p>7m<\/p>\n<p>[\/et_pb_blurb][\/et_pb_column][et_pb_column type=\u00bb1_6&#8243; _builder_version=\u00bb4.24.3&#8243; _module_preset=\u00bbdefault\u00bb global_colors_info=\u00bb{}\u00bb][et_pb_blurb title=\u00bbAUDITORIO\u00bb image=\u00bbhttps:\/\/centrodeconvenciones.salta.gob.ar\/wp-content\/uploads\/2024\/04\/escuela-color.png\u00bb image_icon_width=\u00bb50%\u00bb _builder_version=\u00bb4.26.1&#8243; _module_preset=\u00bbdefault\u00bb header_level=\u00bbh5&#8243; header_font=\u00bbmonserrat-regular|800|||||||\u00bb header_text_align=\u00bbcenter\u00bb header_font_size=\u00bb15px\u00bb body_font=\u00bbmonserrat-variablefont_wght|900|||||||\u00bb body_text_align=\u00bbcenter\u00bb body_font_size=\u00bb22px\u00bb image_icon_custom_margin=\u00bb5px||-18px||false|false\u00bb text_orientation=\u00bbcenter\u00bb global_colors_info=\u00bb{}\u00bb]<\/p>\n<p>2.400<\/p>\n<p>[\/et_pb_blurb][\/et_pb_column][et_pb_column type=\u00bb1_6&#8243; _builder_version=\u00bb4.24.3&#8243; _module_preset=\u00bbdefault\u00bb global_colors_info=\u00bb{}\u00bb][et_pb_blurb title=\u00bbESCUELA\u00bb image=\u00bbhttps:\/\/centrodeconvenciones.salta.gob.ar\/wp-content\/uploads\/2024\/04\/auditorio-color.png\u00bb image_icon_width=\u00bb50%\u00bb _builder_version=\u00bb4.26.1&#8243; _module_preset=\u00bbdefault\u00bb header_level=\u00bbh5&#8243; header_font=\u00bbmonserrat-regular|800|||||||\u00bb header_text_align=\u00bbcenter\u00bb header_font_size=\u00bb15px\u00bb body_font=\u00bbmonserrat-variablefont_wght|900|||||||\u00bb body_text_align=\u00bbcenter\u00bb body_font_size=\u00bb22px\u00bb image_icon_custom_margin=\u00bb5px||-18px||false|false\u00bb text_orientation=\u00bbcenter\u00bb global_colors_info=\u00bb{}\u00bb]<\/p>\n<p>1.320<\/p>\n<p>[\/et_pb_blurb][\/et_pb_column][et_pb_column type=\u00bb1_6&#8243; _builder_version=\u00bb4.24.3&#8243; _module_preset=\u00bbdefault\u00bb global_colors_info=\u00bb{}\u00bb][et_pb_blurb title=\u00bbRECEPCI\u00d3N\u00bb image=\u00bbhttps:\/\/centrodeconvenciones.salta.gob.ar\/wp-content\/uploads\/2024\/04\/recepcion-color.png\u00bb image_icon_width=\u00bb50%\u00bb _builder_version=\u00bb4.26.1&#8243; _module_preset=\u00bbdefault\u00bb header_level=\u00bbh5&#8243; header_font=\u00bbmonserrat-regular|800|||||||\u00bb header_text_align=\u00bbcenter\u00bb header_font_size=\u00bb15px\u00bb body_font=\u00bbmonserrat-variablefont_wght|900|||||||\u00bb body_text_align=\u00bbcenter\u00bb body_font_size=\u00bb22px\u00bb image_icon_custom_margin=\u00bb5px||-18px||false|false\u00bb text_orientation=\u00bbcenter\u00bb locked=\u00bboff\u00bb global_colors_info=\u00bb{}\u00bb]<\/p>\n<p>2.400<\/p>\n<p>[\/et_pb_blurb][\/et_pb_column][et_pb_column type=\u00bb1_6&#8243; _builder_version=\u00bb4.24.3&#8243; _module_preset=\u00bbdefault\u00bb global_colors_info=\u00bb{}\u00bb][et_pb_blurb title=\u00bbBANQUETES\u00bb image=\u00bbhttps:\/\/centrodeconvenciones.salta.gob.ar\/wp-content\/uploads\/2024\/04\/banquete-color.png\u00bb image_icon_width=\u00bb50%\u00bb _builder_version=\u00bb4.26.1&#8243; _module_preset=\u00bbdefault\u00bb header_level=\u00bbh5&#8243; header_font=\u00bbmonserrat-regular|800|||||||\u00bb header_text_align=\u00bbcenter\u00bb header_font_size=\u00bb15px\u00bb body_font=\u00bbmonserrat-variablefont_wght|900|||||||\u00bb body_text_align=\u00bbcenter\u00bb body_font_size=\u00bb22px\u00bb image_icon_custom_margin=\u00bb5px||-18px||false|false\u00bb text_orientation=\u00bbcenter\u00bb global_colors_info=\u00bb{}\u00bb]<\/p>\n<p>1.520<\/p>\n<p>[\/et_pb_blurb][\/et_pb_column][\/et_pb_row][et_pb_row _builder_version=\u00bb4.26.1&#8243; _module_preset=\u00bbdefault\u00bb global_colors_info=\u00bb{}\u00bb][et_pb_column type=\u00bb4_4&#8243; _builder_version=\u00bb4.26.1&#8243; _module_preset=\u00bbdefault\u00bb global_colors_info=\u00bb{}\u00bb][et_pb_divider color=\u00bb#86161a\u00bb divider_position=\u00bbcenter\u00bb _builder_version=\u00bb4.26.1&#8243; _module_preset=\u00bbdefault\u00bb global_colors_info=\u00bb{}\u00bb][\/et_pb_divider][\/et_pb_column][\/et_pb_row][et_pb_row column_structure=\u00bb1_2,1_2&#8243; module_id=\u00bbFoyerSUM\u00bb _builder_version=\u00bb4.26.1&#8243; _module_preset=\u00bbdefault\u00bb global_colors_info=\u00bb{}\u00bb][et_pb_column type=\u00bb1_2&#8243; _builder_version=\u00bb4.26.1&#8243; _module_preset=\u00bbdefault\u00bb custom_padding=\u00bb1%||||false|false\u00bb animation_style=\u00bbslide\u00bb animation_direction=\u00bbleft\u00bb global_colors_info=\u00bb{}\u00bb][et_pb_text _builder_version=\u00bb4.26.1&#8243; _module_preset=\u00bbdefault\u00bb text_font=\u00bbmonserrat-variablefont_wght|700|||||||\u00bb text_text_color=\u00bb#000000&#8243; text_font_size=\u00bb12px\u00bb header_5_font=\u00bbmonserrat-variablefont_wght|800|||||||\u00bb header_5_text_color=\u00bb#000000&#8243; header_5_font_size=\u00bb20px\u00bb header_5_line_height=\u00bb2.4em\u00bb background_color=\u00bbrgba(255,255,255,0.72)\u00bb position_origin_a=\u00bbbottom_center\u00bb vertical_offset=\u00bb335px\u00bb horizontal_offset=\u00bb0px\u00bb text_orientation=\u00bbjustified\u00bb width=\u00bb100%\u00bb height=\u00bb250px\u00bb custom_margin=\u00bb0px|0px|0px|0px|false|false\u00bb custom_padding=\u00bb20px|20px|20px|20px|false|false\u00bb border_radii=\u00bbon|10px|10px|10px|10px\u00bb box_shadow_style=\u00bbpreset1&#8243; global_colors_info=\u00bb{}\u00bb]<\/p>\n<h5 class=\"modal-title\" id=\"salonLosNogalesLabel\">Foyer SUM<\/h5>\n<p style=\"text-align: justify;\">Conecta el ingreso interior del SUM con el resto de las instalaciones. Es un amplio y luminoso foyer que funciona como galer\u00eda de distribuci\u00f3n, tambi\u00e9n apto para ser utilizado como \u00e1rea para coffe-breaks o exhibiciones.<\/p>\n<p>[\/et_pb_text][\/et_pb_column][et_pb_column type=\u00bb1_2&#8243; _builder_version=\u00bb4.26.1&#8243; _module_preset=\u00bbdefault\u00bb animation_style=\u00bbslide\u00bb animation_direction=\u00bbright\u00bb global_colors_info=\u00bb{}\u00bb][et_pb_gallery gallery_ids=\u00bb2369&#8243; fullwidth=\u00bbon\u00bb _builder_version=\u00bb4.26.1&#8243; _module_preset=\u00bbdefault\u00bb max_width=\u00bb80%\u00bb module_alignment=\u00bbcenter\u00bb hover_enabled=\u00bb0&#8243; global_colors_info=\u00bb{}\u00bb sticky_enabled=\u00bb0&#8243;][\/et_pb_gallery][\/et_pb_column][\/et_pb_row][et_pb_row column_structure=\u00bb1_6,1_6,1_6,1_6,1_6,1_6&#8243; _builder_version=\u00bb4.26.1&#8243; _module_preset=\u00bbdefault\u00bb width=\u00bb95%\u00bb locked=\u00bboff\u00bb global_colors_info=\u00bb{}\u00bb][et_pb_column type=\u00bb1_6&#8243; _builder_version=\u00bb4.24.3&#8243; _module_preset=\u00bbdefault\u00bb global_colors_info=\u00bb{}\u00bb][et_pb_blurb title=\u00bb238 m\u00b2\u00bb image=\u00bbhttps:\/\/centrodeconvenciones.salta.gob.ar\/wp-content\/uploads\/2024\/04\/area-color.png\u00bb image_icon_width=\u00bb50%\u00bb _builder_version=\u00bb4.26.1&#8243; _module_preset=\u00bbdefault\u00bb header_level=\u00bbh5&#8243; header_font=\u00bbmonserrat-regular|800|||||||\u00bb header_text_align=\u00bbcenter\u00bb header_font_size=\u00bb15px\u00bb body_font=\u00bbmonserrat-variablefont_wght|900|||||||\u00bb body_text_align=\u00bbcenter\u00bb body_font_size=\u00bb22px\u00bb image_icon_custom_margin=\u00bb5px||-18px||false|false\u00bb text_orientation=\u00bbcenter\u00bb global_colors_info=\u00bb{}\u00bb]<\/p>\n<p>7 x 34<\/p>\n<p>[\/et_pb_blurb][\/et_pb_column][et_pb_column type=\u00bb1_6&#8243; _builder_version=\u00bb4.24.3&#8243; _module_preset=\u00bbdefault\u00bb global_colors_info=\u00bb{}\u00bb][et_pb_blurb title=\u00bbALTURA\u00bb image=\u00bbhttps:\/\/centrodeconvenciones.salta.gob.ar\/wp-content\/uploads\/2024\/04\/altura-color.png\u00bb image_icon_width=\u00bb50%\u00bb _builder_version=\u00bb4.26.1&#8243; _module_preset=\u00bbdefault\u00bb header_level=\u00bbh5&#8243; header_font=\u00bbmonserrat-regular|800|||||||\u00bb header_text_align=\u00bbcenter\u00bb header_font_size=\u00bb15px\u00bb body_font=\u00bbmonserrat-variablefont_wght|900|||||||\u00bb body_text_align=\u00bbcenter\u00bb body_font_size=\u00bb22px\u00bb image_icon_custom_margin=\u00bb5px||-18px||false|false\u00bb text_orientation=\u00bbcenter\u00bb locked=\u00bboff\u00bb global_colors_info=\u00bb{}\u00bb]<\/p>\n<p>7m<\/p>\n<p>[\/et_pb_blurb][\/et_pb_column][et_pb_column type=\u00bb1_6&#8243; _builder_version=\u00bb4.24.3&#8243; _module_preset=\u00bbdefault\u00bb global_colors_info=\u00bb{}\u00bb][et_pb_blurb title=\u00bbAUDITORIO\u00bb image=\u00bbhttps:\/\/centrodeconvenciones.salta.gob.ar\/wp-content\/uploads\/2024\/04\/escuela-color.png\u00bb image_icon_width=\u00bb50%\u00bb _builder_version=\u00bb4.26.1&#8243; _module_preset=\u00bbdefault\u00bb header_level=\u00bbh5&#8243; header_font=\u00bbmonserrat-regular|800|||||||\u00bb header_text_align=\u00bbcenter\u00bb header_font_size=\u00bb15px\u00bb body_font=\u00bbmonserrat-variablefont_wght|900|||||||\u00bb body_text_align=\u00bbcenter\u00bb body_font_size=\u00bb22px\u00bb image_icon_custom_margin=\u00bb5px||-18px||false|false\u00bb text_orientation=\u00bbcenter\u00bb global_colors_info=\u00bb{}\u00bb]<\/p>\n<p>&#8211;<\/p>\n<p>[\/et_pb_blurb][\/et_pb_column][et_pb_column type=\u00bb1_6&#8243; _builder_version=\u00bb4.24.3&#8243; _module_preset=\u00bbdefault\u00bb global_colors_info=\u00bb{}\u00bb][et_pb_blurb title=\u00bbESCUELA\u00bb image=\u00bbhttps:\/\/centrodeconvenciones.salta.gob.ar\/wp-content\/uploads\/2024\/04\/auditorio-color.png\u00bb image_icon_width=\u00bb50%\u00bb _builder_version=\u00bb4.26.1&#8243; _module_preset=\u00bbdefault\u00bb header_level=\u00bbh5&#8243; header_font=\u00bbmonserrat-regular|800|||||||\u00bb header_text_align=\u00bbcenter\u00bb header_font_size=\u00bb15px\u00bb body_font=\u00bbmonserrat-variablefont_wght|900|||||||\u00bb body_text_align=\u00bbcenter\u00bb body_font_size=\u00bb22px\u00bb image_icon_custom_margin=\u00bb5px||-18px||false|false\u00bb text_orientation=\u00bbcenter\u00bb global_colors_info=\u00bb{}\u00bb]<\/p>\n<p>&#8211;<\/p>\n<p>[\/et_pb_blurb][\/et_pb_column][et_pb_column type=\u00bb1_6&#8243; _builder_version=\u00bb4.24.3&#8243; _module_preset=\u00bbdefault\u00bb global_colors_info=\u00bb{}\u00bb][et_pb_blurb title=\u00bbRECEPCI\u00d3N\u00bb image=\u00bbhttps:\/\/centrodeconvenciones.salta.gob.ar\/wp-content\/uploads\/2024\/04\/recepcion-color.png\u00bb image_icon_width=\u00bb50%\u00bb _builder_version=\u00bb4.26.1&#8243; _module_preset=\u00bbdefault\u00bb header_level=\u00bbh5&#8243; header_font=\u00bbmonserrat-regular|800|||||||\u00bb header_text_align=\u00bbcenter\u00bb header_font_size=\u00bb15px\u00bb body_font=\u00bbmonserrat-variablefont_wght|900|||||||\u00bb body_text_align=\u00bbcenter\u00bb body_font_size=\u00bb22px\u00bb image_icon_custom_margin=\u00bb5px||-18px||false|false\u00bb text_orientation=\u00bbcenter\u00bb locked=\u00bboff\u00bb global_colors_info=\u00bb{}\u00bb]<\/p>\n<p>350<\/p>\n<p>[\/et_pb_blurb][\/et_pb_column][et_pb_column type=\u00bb1_6&#8243; _builder_version=\u00bb4.24.3&#8243; _module_preset=\u00bbdefault\u00bb global_colors_info=\u00bb{}\u00bb][et_pb_blurb title=\u00bbBANQUETES\u00bb image=\u00bbhttps:\/\/centrodeconvenciones.salta.gob.ar\/wp-content\/uploads\/2024\/04\/banquete-color.png\u00bb image_icon_width=\u00bb50%\u00bb _builder_version=\u00bb4.26.1&#8243; _module_preset=\u00bbdefault\u00bb header_level=\u00bbh5&#8243; header_font=\u00bbmonserrat-regular|800|||||||\u00bb header_text_align=\u00bbcenter\u00bb header_font_size=\u00bb15px\u00bb body_font=\u00bbmonserrat-variablefont_wght|900|||||||\u00bb body_text_align=\u00bbcenter\u00bb body_font_size=\u00bb22px\u00bb image_icon_custom_margin=\u00bb5px||-18px||false|false\u00bb text_orientation=\u00bbcenter\u00bb global_colors_info=\u00bb{}\u00bb]<\/p>\n<p>&#8211;<\/p>\n<p>[\/et_pb_blurb][\/et_pb_column][\/et_pb_row][et_pb_row _builder_version=\u00bb4.26.1&#8243; _module_preset=\u00bbdefault\u00bb global_colors_info=\u00bb{}\u00bb][et_pb_column type=\u00bb4_4&#8243; _builder_version=\u00bb4.26.1&#8243; _module_preset=\u00bbdefault\u00bb global_colors_info=\u00bb{}\u00bb][et_pb_divider color=\u00bb#86161a\u00bb divider_position=\u00bbcenter\u00bb _builder_version=\u00bb4.26.1&#8243; _module_preset=\u00bbdefault\u00bb global_colors_info=\u00bb{}\u00bb][\/et_pb_divider][\/et_pb_column][\/et_pb_row][et_pb_row column_structure=\u00bb1_2,1_2&#8243; module_id=\u00bbFoyerCapacitacion\u00bb _builder_version=\u00bb4.26.1&#8243; _module_preset=\u00bbdefault\u00bb global_colors_info=\u00bb{}\u00bb][et_pb_column type=\u00bb1_2&#8243; _builder_version=\u00bb4.26.1&#8243; _module_preset=\u00bbdefault\u00bb animation_style=\u00bbslide\u00bb animation_direction=\u00bbleft\u00bb global_colors_info=\u00bb{}\u00bb][et_pb_gallery gallery_ids=\u00bb2597&#8243; fullwidth=\u00bbon\u00bb _builder_version=\u00bb4.26.1&#8243; _module_preset=\u00bbdefault\u00bb max_width=\u00bb80%\u00bb module_alignment=\u00bbcenter\u00bb hover_enabled=\u00bb0&#8243; global_colors_info=\u00bb{}\u00bb sticky_enabled=\u00bb0&#8243;][\/et_pb_gallery][\/et_pb_column][et_pb_column type=\u00bb1_2&#8243; _builder_version=\u00bb4.26.1&#8243; _module_preset=\u00bbdefault\u00bb custom_padding=\u00bb1%||||false|false\u00bb animation_style=\u00bbslide\u00bb animation_direction=\u00bbright\u00bb global_colors_info=\u00bb{}\u00bb][et_pb_text _builder_version=\u00bb4.26.1&#8243; _module_preset=\u00bbdefault\u00bb text_font=\u00bbmonserrat-variablefont_wght|700|||||||\u00bb text_text_color=\u00bb#000000&#8243; text_font_size=\u00bb12px\u00bb header_5_font=\u00bbmonserrat-variablefont_wght|800|||||||\u00bb header_5_text_color=\u00bb#000000&#8243; header_5_font_size=\u00bb20px\u00bb header_5_line_height=\u00bb2.4em\u00bb background_color=\u00bbrgba(255,255,255,0.72)\u00bb position_origin_a=\u00bbbottom_center\u00bb vertical_offset=\u00bb335px\u00bb horizontal_offset=\u00bb0px\u00bb text_orientation=\u00bbjustified\u00bb width=\u00bb100%\u00bb height=\u00bb250px\u00bb custom_margin=\u00bb0px|0px|0px|0px|false|false\u00bb custom_padding=\u00bb20px|20px|20px|20px|false|false\u00bb border_radii=\u00bbon|10px|10px|10px|10px\u00bb box_shadow_style=\u00bbpreset1&#8243; global_colors_info=\u00bb{}\u00bb]<\/p>\n<h5 class=\"modal-title\" id=\"salonPasilloCapacitacionLabel\">Pasillo Salas de Capacitaci\u00f3n<\/h5>\n<p style=\"text-align: justify;\">Conecta las tres salas de capacitaci\u00f3n ubicadas en ese sector, con el Sal\u00f3n y el Foyer Principal. All\u00ed se pueden desplegar mesas de acreditaciones, banners, gr\u00e1fica para las conferencias, talleres y comisiones que se realicen en las salas; como as\u00ed tambi\u00e9n realizar coffe-breaks.<\/p>\n<p>[\/et_pb_text][\/et_pb_column][\/et_pb_row][et_pb_row column_structure=\u00bb1_6,1_6,1_6,1_6,1_6,1_6&#8243; make_equal=\u00bbon\u00bb _builder_version=\u00bb4.26.1&#8243; _module_preset=\u00bbdefault\u00bb width=\u00bb95%\u00bb locked=\u00bboff\u00bb global_colors_info=\u00bb{}\u00bb][et_pb_column type=\u00bb1_6&#8243; _builder_version=\u00bb4.24.3&#8243; _module_preset=\u00bbdefault\u00bb global_colors_info=\u00bb{}\u00bb][et_pb_blurb title=\u00bb205 m\u00b2\u00bb image=\u00bbhttps:\/\/centrodeconvenciones.salta.gob.ar\/wp-content\/uploads\/2024\/04\/area-color.png\u00bb image_icon_width=\u00bb50%\u00bb _builder_version=\u00bb4.26.1&#8243; _module_preset=\u00bbdefault\u00bb header_level=\u00bbh5&#8243; header_font=\u00bbmonserrat-regular|800|||||||\u00bb header_text_align=\u00bbcenter\u00bb header_font_size=\u00bb15px\u00bb body_font=\u00bbmonserrat-variablefont_wght|900|||||||\u00bb body_text_align=\u00bbcenter\u00bb body_font_size=\u00bb22px\u00bb image_icon_custom_margin=\u00bb5px||-18px||false|false\u00bb text_orientation=\u00bbcenter\u00bb global_colors_info=\u00bb{}\u00bb]<\/p>\n<p>18 x 12<\/p>\n<p>[\/et_pb_blurb][\/et_pb_column][et_pb_column type=\u00bb1_6&#8243; _builder_version=\u00bb4.24.3&#8243; _module_preset=\u00bbdefault\u00bb global_colors_info=\u00bb{}\u00bb][et_pb_blurb title=\u00bbALTURA\u00bb image=\u00bbhttps:\/\/centrodeconvenciones.salta.gob.ar\/wp-content\/uploads\/2024\/04\/altura-color.png\u00bb image_icon_width=\u00bb50%\u00bb _builder_version=\u00bb4.26.1&#8243; _module_preset=\u00bbdefault\u00bb header_level=\u00bbh5&#8243; header_font=\u00bbmonserrat-regular|800|||||||\u00bb header_text_align=\u00bbcenter\u00bb header_font_size=\u00bb15px\u00bb body_font=\u00bbmonserrat-variablefont_wght|900|||||||\u00bb body_text_align=\u00bbcenter\u00bb body_font_size=\u00bb22px\u00bb image_icon_custom_margin=\u00bb5px||-18px||false|false\u00bb text_orientation=\u00bbcenter\u00bb locked=\u00bboff\u00bb global_colors_info=\u00bb{}\u00bb]<\/p>\n<p>6,8m<\/p>\n<p>[\/et_pb_blurb][\/et_pb_column][et_pb_column type=\u00bb1_6&#8243; _builder_version=\u00bb4.24.3&#8243; _module_preset=\u00bbdefault\u00bb global_colors_info=\u00bb{}\u00bb][et_pb_blurb title=\u00bbAUDITORIO\u00bb image=\u00bbhttps:\/\/centrodeconvenciones.salta.gob.ar\/wp-content\/uploads\/2024\/04\/escuela-color.png\u00bb image_icon_width=\u00bb50%\u00bb _builder_version=\u00bb4.26.1&#8243; _module_preset=\u00bbdefault\u00bb header_level=\u00bbh5&#8243; header_font=\u00bbmonserrat-regular|800|||||||\u00bb header_text_align=\u00bbcenter\u00bb header_font_size=\u00bb15px\u00bb body_font=\u00bbmonserrat-variablefont_wght|900|||||||\u00bb body_text_align=\u00bbcenter\u00bb body_font_size=\u00bb22px\u00bb image_icon_custom_margin=\u00bb5px||-18px||false|false\u00bb text_orientation=\u00bbcenter\u00bb global_colors_info=\u00bb{}\u00bb]<\/p>\n<p>&#8211;<\/p>\n<p>[\/et_pb_blurb][\/et_pb_column][et_pb_column type=\u00bb1_6&#8243; _builder_version=\u00bb4.24.3&#8243; _module_preset=\u00bbdefault\u00bb global_colors_info=\u00bb{}\u00bb][et_pb_blurb title=\u00bbESCUELA\u00bb image=\u00bbhttps:\/\/centrodeconvenciones.salta.gob.ar\/wp-content\/uploads\/2024\/04\/auditorio-color.png\u00bb image_icon_width=\u00bb50%\u00bb _builder_version=\u00bb4.26.1&#8243; _module_preset=\u00bbdefault\u00bb header_level=\u00bbh5&#8243; header_font=\u00bbmonserrat-regular|800|||||||\u00bb header_text_align=\u00bbcenter\u00bb header_font_size=\u00bb15px\u00bb body_font=\u00bbmonserrat-variablefont_wght|900|||||||\u00bb body_text_align=\u00bbcenter\u00bb body_font_size=\u00bb22px\u00bb image_icon_custom_margin=\u00bb5px||-18px||false|false\u00bb text_orientation=\u00bbcenter\u00bb global_colors_info=\u00bb{}\u00bb]<\/p>\n<p>&#8211;<\/p>\n<p>[\/et_pb_blurb][\/et_pb_column][et_pb_column type=\u00bb1_6&#8243; _builder_version=\u00bb4.24.3&#8243; _module_preset=\u00bbdefault\u00bb global_colors_info=\u00bb{}\u00bb][et_pb_blurb title=\u00bbRECEPCI\u00d3N\u00bb image=\u00bbhttps:\/\/centrodeconvenciones.salta.gob.ar\/wp-content\/uploads\/2024\/04\/recepcion-color.png\u00bb image_icon_width=\u00bb50%\u00bb _builder_version=\u00bb4.26.1&#8243; _module_preset=\u00bbdefault\u00bb header_level=\u00bbh5&#8243; header_font=\u00bbmonserrat-regular|800|||||||\u00bb header_text_align=\u00bbcenter\u00bb header_font_size=\u00bb15px\u00bb body_font=\u00bbmonserrat-variablefont_wght|900|||||||\u00bb body_text_align=\u00bbcenter\u00bb body_font_size=\u00bb22px\u00bb image_icon_custom_margin=\u00bb5px||-18px||false|false\u00bb text_orientation=\u00bbcenter\u00bb locked=\u00bboff\u00bb global_colors_info=\u00bb{}\u00bb]<\/p>\n<p>400<\/p>\n<p>[\/et_pb_blurb][\/et_pb_column][et_pb_column type=\u00bb1_6&#8243; _builder_version=\u00bb4.24.3&#8243; _module_preset=\u00bbdefault\u00bb global_colors_info=\u00bb{}\u00bb][et_pb_blurb title=\u00bbBANQUETES\u00bb image=\u00bbhttps:\/\/centrodeconvenciones.salta.gob.ar\/wp-content\/uploads\/2024\/04\/banquete-color.png\u00bb image_icon_width=\u00bb50%\u00bb _builder_version=\u00bb4.26.1&#8243; _module_preset=\u00bbdefault\u00bb header_level=\u00bbh5&#8243; header_font=\u00bbmonserrat-regular|800|||||||\u00bb header_text_align=\u00bbcenter\u00bb header_font_size=\u00bb15px\u00bb body_font=\u00bbmonserrat-variablefont_wght|900|||||||\u00bb body_text_align=\u00bbcenter\u00bb body_font_size=\u00bb22px\u00bb image_icon_custom_margin=\u00bb5px||-18px||false|false\u00bb text_orientation=\u00bbcenter\u00bb global_colors_info=\u00bb{}\u00bb]<\/p>\n<p>&#8211;<\/p>\n<p>[\/et_pb_blurb][\/et_pb_column][\/et_pb_row][et_pb_row _builder_version=\u00bb4.26.1&#8243; _module_preset=\u00bbdefault\u00bb global_colors_info=\u00bb{}\u00bb][et_pb_column type=\u00bb4_4&#8243; _builder_version=\u00bb4.26.1&#8243; _module_preset=\u00bbdefault\u00bb global_colors_info=\u00bb{}\u00bb][et_pb_divider color=\u00bb#86161a\u00bb divider_position=\u00bbcenter\u00bb _builder_version=\u00bb4.26.1&#8243; _module_preset=\u00bbdefault\u00bb global_colors_info=\u00bb{}\u00bb][\/et_pb_divider][\/et_pb_column][\/et_pb_row][et_pb_row column_structure=\u00bb1_2,1_2&#8243; module_id=\u00bbTerraza\u00bb _builder_version=\u00bb4.26.1&#8243; _module_preset=\u00bbdefault\u00bb global_colors_info=\u00bb{}\u00bb][et_pb_column type=\u00bb1_2&#8243; _builder_version=\u00bb4.26.1&#8243; _module_preset=\u00bbdefault\u00bb animation_style=\u00bbslide\u00bb animation_direction=\u00bbleft\u00bb global_colors_info=\u00bb{}\u00bb][et_pb_text _builder_version=\u00bb4.26.1&#8243; _module_preset=\u00bbdefault\u00bb text_font=\u00bbmonserrat-variablefont_wght|700|||||||\u00bb text_text_color=\u00bb#000000&#8243; text_font_size=\u00bb12px\u00bb header_5_font=\u00bbmonserrat-variablefont_wght|800|||||||\u00bb header_5_text_color=\u00bb#000000&#8243; header_5_font_size=\u00bb20px\u00bb header_5_line_height=\u00bb2.4em\u00bb background_color=\u00bbrgba(255,255,255,0.72)\u00bb position_origin_a=\u00bbbottom_center\u00bb vertical_offset=\u00bb335px\u00bb horizontal_offset=\u00bb0px\u00bb text_orientation=\u00bbjustified\u00bb width=\u00bb100%\u00bb height=\u00bb250px\u00bb custom_margin=\u00bb0px|0px|0px|0px|false|false\u00bb custom_padding=\u00bb20px|20px|20px|20px|false|false\u00bb border_radii=\u00bbon|10px|10px|10px|10px\u00bb box_shadow_style=\u00bbpreset1&#8243; global_colors_info=\u00bb{}\u00bb]<\/p>\n<h5 class=\"modal-title\" id=\"salonPasilloCapacitacionLabel\">Terraza<\/h5>\n<p style=\"text-align: justify;\">Conectada al Salon 1- Los Nogales y con acceso exterior independiente, es el complemento ideal para realizar pausas al aire libre y generar espacios de networking y gastronom\u00eda.<\/p>\n<p>[\/et_pb_text][\/et_pb_column][et_pb_column type=\u00bb1_2&#8243; _builder_version=\u00bb4.26.1&#8243; _module_preset=\u00bbdefault\u00bb animation_style=\u00bbslide\u00bb animation_direction=\u00bbright\u00bb global_colors_info=\u00bb{}\u00bb][et_pb_gallery gallery_ids=\u00bb2423&#8243; fullwidth=\u00bbon\u00bb _builder_version=\u00bb4.26.1&#8243; _module_preset=\u00bbdefault\u00bb max_width=\u00bb80%\u00bb module_alignment=\u00bbcenter\u00bb hover_enabled=\u00bb0&#8243; global_colors_info=\u00bb{}\u00bb sticky_enabled=\u00bb0&#8243;][\/et_pb_gallery][\/et_pb_column][\/et_pb_row][et_pb_row column_structure=\u00bb1_6,1_6,1_6,1_6,1_6,1_6&#8243; _builder_version=\u00bb4.26.1&#8243; _module_preset=\u00bbdefault\u00bb width=\u00bb95%\u00bb custom_padding=\u00bb||0px||false|false\u00bb locked=\u00bboff\u00bb global_colors_info=\u00bb{}\u00bb][et_pb_column type=\u00bb1_6&#8243; _builder_version=\u00bb4.24.3&#8243; _module_preset=\u00bbdefault\u00bb global_colors_info=\u00bb{}\u00bb][et_pb_blurb title=\u00bb882 m\u00b2\u00bb image=\u00bbhttps:\/\/centrodeconvenciones.salta.gob.ar\/wp-content\/uploads\/2024\/04\/area-color.png\u00bb image_icon_width=\u00bb50%\u00bb _builder_version=\u00bb4.26.1&#8243; _module_preset=\u00bbdefault\u00bb header_level=\u00bbh5&#8243; header_font=\u00bbmonserrat-regular|800|||||||\u00bb header_text_align=\u00bbcenter\u00bb header_font_size=\u00bb15px\u00bb body_font=\u00bbmonserrat-variablefont_wght|900|||||||\u00bb body_text_align=\u00bbcenter\u00bb body_font_size=\u00bb22px\u00bb image_icon_custom_margin=\u00bb5px||-18px||false|false\u00bb text_orientation=\u00bbcenter\u00bb global_colors_info=\u00bb{}\u00bb]<\/p>\n<p>&#8211;<\/p>\n<p>[\/et_pb_blurb][\/et_pb_column][et_pb_column type=\u00bb1_6&#8243; _builder_version=\u00bb4.24.3&#8243; _module_preset=\u00bbdefault\u00bb global_colors_info=\u00bb{}\u00bb][et_pb_blurb title=\u00bbALTURA\u00bb image=\u00bbhttps:\/\/centrodeconvenciones.salta.gob.ar\/wp-content\/uploads\/2024\/04\/altura-color.png\u00bb image_icon_width=\u00bb50%\u00bb _builder_version=\u00bb4.26.1&#8243; _module_preset=\u00bbdefault\u00bb header_level=\u00bbh5&#8243; header_font=\u00bbmonserrat-regular|800|||||||\u00bb header_text_align=\u00bbcenter\u00bb header_font_size=\u00bb15px\u00bb body_font=\u00bbmonserrat-variablefont_wght|900|||||||\u00bb body_text_align=\u00bbcenter\u00bb body_font_size=\u00bb22px\u00bb image_icon_custom_margin=\u00bb5px||-18px||false|false\u00bb text_orientation=\u00bbcenter\u00bb locked=\u00bboff\u00bb global_colors_info=\u00bb{}\u00bb]<\/p>\n<p>&#8211;<\/p>\n<p>[\/et_pb_blurb][\/et_pb_column][et_pb_column type=\u00bb1_6&#8243; _builder_version=\u00bb4.24.3&#8243; _module_preset=\u00bbdefault\u00bb global_colors_info=\u00bb{}\u00bb][et_pb_blurb title=\u00bbAUDITORIO\u00bb image=\u00bbhttps:\/\/centrodeconvenciones.salta.gob.ar\/wp-content\/uploads\/2024\/04\/escuela-color.png\u00bb image_icon_width=\u00bb50%\u00bb _builder_version=\u00bb4.26.1&#8243; _module_preset=\u00bbdefault\u00bb header_level=\u00bbh5&#8243; header_font=\u00bbmonserrat-regular|800|||||||\u00bb header_text_align=\u00bbcenter\u00bb header_font_size=\u00bb15px\u00bb body_font=\u00bbmonserrat-variablefont_wght|900|||||||\u00bb body_text_align=\u00bbcenter\u00bb body_font_size=\u00bb22px\u00bb image_icon_custom_margin=\u00bb5px||-18px||false|false\u00bb text_orientation=\u00bbcenter\u00bb global_colors_info=\u00bb{}\u00bb]<\/p>\n<p>&#8211;<\/p>\n<p>[\/et_pb_blurb][\/et_pb_column][et_pb_column type=\u00bb1_6&#8243; _builder_version=\u00bb4.24.3&#8243; _module_preset=\u00bbdefault\u00bb global_colors_info=\u00bb{}\u00bb][et_pb_blurb title=\u00bbESCUELA\u00bb image=\u00bbhttps:\/\/centrodeconvenciones.salta.gob.ar\/wp-content\/uploads\/2024\/04\/auditorio-color.png\u00bb image_icon_width=\u00bb50%\u00bb _builder_version=\u00bb4.26.1&#8243; _module_preset=\u00bbdefault\u00bb header_level=\u00bbh5&#8243; header_font=\u00bbmonserrat-regular|800|||||||\u00bb header_text_align=\u00bbcenter\u00bb header_font_size=\u00bb15px\u00bb body_font=\u00bbmonserrat-variablefont_wght|900|||||||\u00bb body_text_align=\u00bbcenter\u00bb body_font_size=\u00bb22px\u00bb image_icon_custom_margin=\u00bb5px||-18px||false|false\u00bb text_orientation=\u00bbcenter\u00bb global_colors_info=\u00bb{}\u00bb]<\/p>\n<p>&#8211;<\/p>\n<p>[\/et_pb_blurb][\/et_pb_column][et_pb_column type=\u00bb1_6&#8243; _builder_version=\u00bb4.24.3&#8243; _module_preset=\u00bbdefault\u00bb global_colors_info=\u00bb{}\u00bb][et_pb_blurb title=\u00bbRECEPCI\u00d3N\u00bb image=\u00bbhttps:\/\/centrodeconvenciones.salta.gob.ar\/wp-content\/uploads\/2024\/04\/recepcion-color.png\u00bb image_icon_width=\u00bb50%\u00bb _builder_version=\u00bb4.26.1&#8243; _module_preset=\u00bbdefault\u00bb header_level=\u00bbh5&#8243; header_font=\u00bbmonserrat-regular|800|||||||\u00bb header_text_align=\u00bbcenter\u00bb header_font_size=\u00bb15px\u00bb body_font=\u00bbmonserrat-variablefont_wght|900|||||||\u00bb body_text_align=\u00bbcenter\u00bb body_font_size=\u00bb22px\u00bb image_icon_custom_margin=\u00bb5px||-18px||false|false\u00bb text_orientation=\u00bbcenter\u00bb locked=\u00bboff\u00bb global_colors_info=\u00bb{}\u00bb]<\/p>\n<p>600<\/p>\n<p>[\/et_pb_blurb][\/et_pb_column][et_pb_column type=\u00bb1_6&#8243; _builder_version=\u00bb4.24.3&#8243; _module_preset=\u00bbdefault\u00bb global_colors_info=\u00bb{}\u00bb][et_pb_blurb title=\u00bbBANQUETE\u00bb image=\u00bbhttps:\/\/centrodeconvenciones.salta.gob.ar\/wp-content\/uploads\/2024\/04\/banquete-color.png\u00bb image_icon_width=\u00bb50%\u00bb _builder_version=\u00bb4.26.1&#8243; _module_preset=\u00bbdefault\u00bb header_level=\u00bbh5&#8243; header_font=\u00bbmonserrat-regular|800|||||||\u00bb header_text_align=\u00bbcenter\u00bb header_font_size=\u00bb15px\u00bb body_font=\u00bbmonserrat-variablefont_wght|900|||||||\u00bb body_text_align=\u00bbcenter\u00bb body_font_size=\u00bb22px\u00bb image_icon_custom_margin=\u00bb5px||-18px||false|false\u00bb text_orientation=\u00bbcenter\u00bb global_colors_info=\u00bb{}\u00bb]<\/p>\n<p>&#8211;<\/p>\n<p>[\/et_pb_blurb][\/et_pb_column][\/et_pb_row][\/et_pb_section][et_pb_section fb_built=\u00bb1&#8243; admin_label=\u00bbHeader\u00bb _builder_version=\u00bb4.26.1&#8243; _module_preset=\u00bbdefault\u00bb background_color=\u00bbgcid-67960745-cc0c-4d73-b86b-ef2d6023be78&#8243; background_image=\u00bbhttps:\/\/centrodeconvenciones.salta.gob.ar\/wp-content\/uploads\/2023\/10\/misc-7.png\u00bb background_size=\u00bbcontain\u00bb background_position=\u00bbtop_center\u00bb background_repeat=\u00bbrepeat\u00bb da_disable_devices=\u00bboff|off|off\u00bb collapsed=\u00bboff\u00bb global_colors_info=\u00bb{%22gcid-67960745-cc0c-4d73-b86b-ef2d6023be78%22:%91%22background_color%22%93}\u00bb da_is_popup=\u00bboff\u00bb da_exit_intent=\u00bboff\u00bb da_has_close=\u00bbon\u00bb da_alt_close=\u00bboff\u00bb da_dark_close=\u00bboff\u00bb da_not_modal=\u00bbon\u00bb da_is_singular=\u00bboff\u00bb da_with_loader=\u00bboff\u00bb da_has_shadow=\u00bbon\u00bb][et_pb_row module_id=\u00bbPredioexterior\u00bb _builder_version=\u00bb4.22.1&#8243; background_color=\u00bb#973132&#8243; background_size=\u00bbinitial\u00bb background_position=\u00bbtop_left\u00bb background_repeat=\u00bbrepeat\u00bb max_width=\u00bb960px\u00bb custom_margin=\u00bb-10px||40px|0px|false|false\u00bb custom_padding=\u00bb27px|40px||10%\u00bb animation_style=\u00bbslide\u00bb animation_direction=\u00bbleft\u00bb animation_intensity_slide=\u00bb2%\u00bb border_radii=\u00bb||6px|6px|\u00bb border_width_right=\u00bb30px\u00bb border_color_right=\u00bb#bdada0&#8243; box_shadow_style=\u00bbpreset3&#8243; box_shadow_vertical=\u00bb35px\u00bb box_shadow_blur=\u00bb70px\u00bb box_shadow_spread=\u00bb-35px\u00bb box_shadow_color=\u00bbrgba(0,0,0,0.6)\u00bb use_custom_width=\u00bbon\u00bb custom_width_px=\u00bb960px\u00bb locked=\u00bboff\u00bb global_colors_info=\u00bb{}\u00bb][et_pb_column type=\u00bb4_4&#8243; _builder_version=\u00bb4.16&#8243; custom_padding=\u00bb|||\u00bb custom_padding_tablet=\u00bb|||10%\u00bb custom_padding_last_edited=\u00bboff|desktop\u00bb global_colors_info=\u00bb{}\u00bb padding_tablet=\u00bb|||10%\u00bb padding_last_edited=\u00bboff|desktop\u00bb custom_padding__hover=\u00bb|||\u00bb][et_pb_text admin_label=\u00bbTitle\u00bb _builder_version=\u00bb4.24.2&#8243; text_font=\u00bb||||||||\u00bb header_font=\u00bbModelica-Bold|700|||||||\u00bb header_line_height=\u00bb0.5em\u00bb header_4_font=\u00bb||||||||\u00bb background_layout=\u00bbdark\u00bb custom_margin=\u00bb|||\u00bb custom_padding=\u00bb|||\u00bb header_font_size_tablet=\u00bb25px\u00bb header_font_size_phone=\u00bb18px\u00bb header_font_size_last_edited=\u00bbon|phone\u00bb header_line_height_tablet=\u00bb1em\u00bb header_line_height_phone=\u00bb1em\u00bb header_line_height_last_edited=\u00bbon|tablet\u00bb global_colors_info=\u00bb{}\u00bb]<\/p>\n<h1>Predio Exterior<\/h1>\n<p>[\/et_pb_text][\/et_pb_column][\/et_pb_row][et_pb_row _builder_version=\u00bb4.22.1&#8243; _module_preset=\u00bbdefault\u00bb global_colors_info=\u00bb{}\u00bb][et_pb_column type=\u00bb4_4&#8243; _builder_version=\u00bb4.22.1&#8243; _module_preset=\u00bbdefault\u00bb animation_style=\u00bbslide\u00bb global_colors_info=\u00bb{}\u00bb][et_pb_text _builder_version=\u00bb4.21.0&#8243; _module_preset=\u00bbdefault\u00bb header_3_font=\u00bbmonserrat-variablefont_wght|600|||||||\u00bb global_colors_info=\u00bb{}\u00bb]<\/p>\n<h3 class=\"text-center letra-mediana mb-4\">Realice eventos al aire libre<\/h3>\n<p>[\/et_pb_text][et_pb_text _builder_version=\u00bb4.23.1&#8243; _module_preset=\u00bb78a78e60-8b1a-439e-983c-462f0d6342c2&#8243; global_colors_info=\u00bb{}\u00bb]<\/p>\n<p>El amplio predio que rodea al edificio ofrece dos playones adaptables para realizaci\u00f3n de exposiciones, festivales musicales, eventos deportivos, entre otros; como as\u00ed tambi\u00e9n un sector de islas de diferentes dimensiones.<\/p>\n<p>El predio exterior cuenta con iluminaci\u00f3n mediante torres, tableros el\u00e9ctricos, instalaciones para colocaci\u00f3n de sanitarios.<\/p>\n<p>Adem\u00e1s tiene un \u00e1rea de estacionamiento descubierto con capacidad para 500 veh\u00edculos aproximadamente en una zona de arboleda y torres de iluminaci\u00f3n.<\/p>\n<p>[\/et_pb_text][\/et_pb_column][\/et_pb_row][et_pb_row _builder_version=\u00bb4.21.0&#8243; _module_preset=\u00bbdefault\u00bb global_colors_info=\u00bb{}\u00bb][et_pb_column type=\u00bb4_4&#8243; _builder_version=\u00bb4.21.0&#8243; _module_preset=\u00bbdefault\u00bb global_colors_info=\u00bb{}\u00bb][et_pb_gallery gallery_ids=\u00bb518,2599,2600,2601,2603,2606,2607,2609,2610,2611,2612,2613,2614,2615,2616,2602&#8243; orientation=\u00bbportrait\u00bb show_title_and_caption=\u00bboff\u00bb zoom_icon_color=\u00bb#86161a\u00bb hover_overlay_color=\u00bbrgba(255,255,255,0.55)\u00bb _builder_version=\u00bb4.26.1&#8243; _module_preset=\u00bbdefault\u00bb max_width=\u00bb100%\u00bb hover_enabled=\u00bb0&#8243; global_colors_info=\u00bb{}\u00bb sticky_enabled=\u00bb0&#8243;][\/et_pb_gallery][\/et_pb_column][\/et_pb_row][\/et_pb_section][et_pb_section fb_built=\u00bb1&#8243; admin_label=\u00bbSection\u00bb _builder_version=\u00bb4.22.1&#8243; _module_preset=\u00bbdefault\u00bb background_enable_color=\u00bboff\u00bb background_enable_image=\u00bboff\u00bb background_size=\u00bbcustom\u00bb background_image_width=\u00bb0%\u00bb background_image_height=\u00bb25%\u00bb background_position=\u00bbbottom_right\u00bb background_horizontal_offset=\u00bb10%\u00bb background_vertical_offset=\u00bb100%\u00bb da_disable_devices=\u00bboff|off|off\u00bb locked=\u00bboff\u00bb global_colors_info=\u00bb{}\u00bb da_is_popup=\u00bboff\u00bb da_exit_intent=\u00bboff\u00bb da_has_close=\u00bbon\u00bb da_alt_close=\u00bboff\u00bb da_dark_close=\u00bboff\u00bb da_not_modal=\u00bbon\u00bb da_is_singular=\u00bboff\u00bb da_with_loader=\u00bboff\u00bb da_has_shadow=\u00bbon\u00bb][et_pb_row module_id=\u00bbPlanos\u00bb _builder_version=\u00bb4.22.1&#8243; _module_preset=\u00bbdefault\u00bb width=\u00bb90%\u00bb max_width=\u00bbnone\u00bb custom_padding=\u00bb||0px||false|false\u00bb animation_style=\u00bbslide\u00bb locked=\u00bboff\u00bb global_colors_info=\u00bb{}\u00bb][et_pb_column type=\u00bb4_4&#8243; _builder_version=\u00bb4.20.0&#8243; _module_preset=\u00bbdefault\u00bb global_colors_info=\u00bb{}\u00bb][et_pb_text _builder_version=\u00bb4.24.2&#8243; _module_preset=\u00bb849ba141-265e-4019-a575-b3bade91f830&#8243; header_font=\u00bbModelica-Bold|700|||||||\u00bb header_text_color=\u00bb#86161a\u00bb header_font_size=\u00bb32px\u00bb max_width=\u00bb100%\u00bb global_colors_info=\u00bb{}\u00bb]<\/p>\n<h1>Planos<\/h1>\n<p>[\/et_pb_text][\/et_pb_column][\/et_pb_row][et_pb_row _builder_version=\u00bb4.24.2&#8243; _module_preset=\u00bbdefault\u00bb width=\u00bb100%\u00bb max_width=\u00bb80%\u00bb animation_style=\u00bbslide\u00bb global_colors_info=\u00bb{}\u00bb][et_pb_column type=\u00bb4_4&#8243; _builder_version=\u00bb4.21.0&#8243; _module_preset=\u00bbdefault\u00bb global_colors_info=\u00bb{}\u00bb][et_pb_text _builder_version=\u00bb4.24.2&#8243; _module_preset=\u00bbdefault\u00bb text_font=\u00bb||||||||\u00bb text_font_size=\u00bb16px\u00bb text_letter_spacing=\u00bb1px\u00bb text_orientation=\u00bbcenter\u00bb global_colors_info=\u00bb{}\u00bb]<\/p>\n<p><span>Descargue los planos de todo predio accediendo a toda la informaci\u00f3n necesaria para organizar su evento de una manera eficiente.<\/span><\/p>\n<p>[\/et_pb_text][\/et_pb_column][\/et_pb_row][et_pb_row column_structure=\u00bb1_2,1_2&#8243; _builder_version=\u00bb4.21.0&#8243; _module_preset=\u00bbdefault\u00bb global_colors_info=\u00bb{}\u00bb][et_pb_column type=\u00bb1_2&#8243; _builder_version=\u00bb4.21.0&#8243; _module_preset=\u00bbdefault\u00bb global_colors_info=\u00bb{}\u00bb][et_pb_button button_url=\u00bbhttps:\/\/centrodeconvenciones.salta.gob.ar\/wp-content\/uploads\/2023\/09\/plano-predio-interior-completo.pdf\u00bb url_new_window=\u00bbon\u00bb button_text=\u00bbPlano Interior PDF\u00bb button_alignment=\u00bbright\u00bb button_alignment_tablet=\u00bbcenter\u00bb button_alignment_phone=\u00bbcenter\u00bb button_alignment_last_edited=\u00bbon|phone\u00bb _builder_version=\u00bb4.23&#8243; _module_preset=\u00bbdefault\u00bb custom_button=\u00bbon\u00bb button_text_color=\u00bb#86161a\u00bb global_colors_info=\u00bb{}\u00bb][\/et_pb_button][\/et_pb_column][et_pb_column type=\u00bb1_2&#8243; _builder_version=\u00bb4.21.0&#8243; _module_preset=\u00bbdefault\u00bb global_colors_info=\u00bb{}\u00bb][et_pb_button button_url=\u00bbhttps:\/\/centrodeconvenciones.salta.gob.ar\/wp-content\/uploads\/2023\/09\/plano-predio-exterior-completo.pdf\u00bb url_new_window=\u00bbon\u00bb button_text=\u00bbPlano Exterior PDF\u00bb button_alignment=\u00bbleft\u00bb button_alignment_tablet=\u00bbcenter\u00bb button_alignment_phone=\u00bbcenter\u00bb button_alignment_last_edited=\u00bbon|phone\u00bb _builder_version=\u00bb4.23&#8243; _module_preset=\u00bbdefault\u00bb custom_button=\u00bbon\u00bb button_text_color=\u00bb#86161a\u00bb locked=\u00bboff\u00bb global_colors_info=\u00bb{}\u00bb][\/et_pb_button][\/et_pb_column][\/et_pb_row][\/et_pb_section]<\/p>\n","protected":false},"excerpt":{"rendered":"<p>VenueVenueUna arquitectura moderna con espacios amplios, c\u00e1lidos y vers\u00e1tiles que se adaptan a todo tipo de actividades.Predio InteriorEspacios adaptables con m\u00faltiples finesCon una superficie de 10.685 m2 , las opciones de espacios contrastan, y a la vez se complementan para lograr la mayor\u00a0versatilidad\u00a0en los salones que se adaptan arm\u00f3nicamente al desarrollo de distintos tipo de [&hellip;]<\/p>\n","protected":false},"author":1,"featured_media":0,"parent":0,"menu_order":0,"comment_status":"closed","ping_status":"closed","template":"","meta":{"_et_pb_use_builder":"on","_et_pb_old_content":"<!-- wp:divi\/placeholder \/-->","_et_gb_content_width":"","footnotes":""},"class_list":["post-319","page","type-page","status-publish","hentry"],"_links":{"self":[{"href":"https:\/\/centrodeconvenciones.salta.gob.ar\/index.php?rest_route=\/wp\/v2\/pages\/319","targetHints":{"allow":["GET"]}}],"collection":[{"href":"https:\/\/centrodeconvenciones.salta.gob.ar\/index.php?rest_route=\/wp\/v2\/pages"}],"about":[{"href":"https:\/\/centrodeconvenciones.salta.gob.ar\/index.php?rest_route=\/wp\/v2\/types\/page"}],"author":[{"embeddable":true,"href":"https:\/\/centrodeconvenciones.salta.gob.ar\/index.php?rest_route=\/wp\/v2\/users\/1"}],"replies":[{"embeddable":true,"href":"https:\/\/centrodeconvenciones.salta.gob.ar\/index.php?rest_route=%2Fwp%2Fv2%2Fcomments&post=319"}],"version-history":[{"count":329,"href":"https:\/\/centrodeconvenciones.salta.gob.ar\/index.php?rest_route=\/wp\/v2\/pages\/319\/revisions"}],"predecessor-version":[{"id":2629,"href":"https:\/\/centrodeconvenciones.salta.gob.ar\/index.php?rest_route=\/wp\/v2\/pages\/319\/revisions\/2629"}],"wp:attachment":[{"href":"https:\/\/centrodeconvenciones.salta.gob.ar\/index.php?rest_route=%2Fwp%2Fv2%2Fmedia&parent=319"}],"curies":[{"name":"wp","href":"https:\/\/api.w.org\/{rel}","templated":true}]}}